 



{"id":14662,"date":"2017-02-17T08:43:29","date_gmt":"2017-02-17T08:43:29","guid":{"rendered":"https:\/\/www.consorciresidus.org\/carricola-model-de-sostenibilitat\/"},"modified":"2018-01-08T10:48:49","modified_gmt":"2018-01-08T10:48:49","slug":"carricola-modelo-de-sostenibilidad","status":"publish","type":"page","link":"https:\/\/www.consorciresidus.org\/es\/carricola-modelo-de-sostenibilidad\/","title":{"rendered":"Carr\u00edcola, modelo de sostenibilidad"},"content":{"rendered":"[mk_page_section bg_image=\u00bbhttp:\/\/www.consorciresidus.org\/wp-content\/uploads\/2017\/02\/portada-carricola.jpg\u00bb bg_position=\u00bbcenter center\u00bb bg_repeat=\u00bbno-repeat\u00bb bg_stretch=\u00bbtrue\u00bb enable_3d=\u00bbtrue\u00bb min_height=\u00bb0&#8243; full_width=\u00bbtrue\u00bb full_height=\u00bbtrue\u00bb padding_top=\u00bb0&#8243; padding_bottom=\u00bb0&#8243; skip_arrow=\u00bbtrue\u00bb visibility=\u00bbhidden-sm\u00bb sidebar=\u00bbsidebar-1&#8243;][vc_column blend_mode=\u00bbdarken\u00bb][vc_row_inner is_fullwidth_content=\u00bbfalse\u00bb css=\u00bb.vc_custom_1488183455158{padding-right: 10% !important;padding-left: 10% !important;background-color: rgba(0,0,0,0.24) !important;*background-color: rgb(0,0,0) !important;}\u00bb][vc_column_inner][vc_custom_heading text=\u00bbCarr\u00edcola\u00bb font_container=\u00bbtag:h2|font_size:6em|text_align:left|color:%23ffffff|line_height:1em\u00bb google_fonts=\u00bbfont_family:Raleway%3A100%2C200%2C300%2Cregular%2C500%2C600%2C700%2C800%2C900|font_style:700%20bold%20regular%3A700%3Anormal\u00bb css=\u00bb.vc_custom_1487333607665{padding-top: 20px !important;padding-right: 20px !important;padding-bottom: 20px !important;padding-left: 20px !important;}\u00bb el_class=\u00bbsombra-title\u00bb][vc_custom_heading text=\u00bbmodelo de sostenibilidad\u00bb font_container=\u00bbtag:h2|font_size:4em|text_align:left|color:%23fed500|line_height:1em\u00bb google_fonts=\u00bbfont_family:Raleway%3A100%2C200%2C300%2Cregular%2C500%2C600%2C700%2C800%2C900|font_style:400%20regular%3A400%3Anormal\u00bb css=\u00bb.vc_custom_1493891144233{margin-top: -60px !important;padding-top: 20px !important;padding-right: 20px !important;padding-bottom: 20px !important;padding-left: 20px !important;}\u00bb el_class=\u00bbsombra-title\u00bb][\/vc_column_inner][\/vc_row_inner][vc_row_inner css=\u00bb.vc_custom_1488183366950{padding-right: 10% !important;padding-left: 10% !important;background-color: rgba(0,0,0,0.24) !important;*background-color: rgb(0,0,0) !important;}\u00bb][vc_column_inner width=\u00bb1\/2&#8243;][vc_custom_heading text=\u00bbRespeto por el entorno\u00bb font_container=\u00bbtag:h3|text_align:left|color:%23ffffff\u00bb google_fonts=\u00bbfont_family:Raleway%3A100%2C200%2C300%2Cregular%2C500%2C600%2C700%2C800%2C900|font_style:400%20regular%3A400%3Anormal\u00bb css=\u00bb.vc_custom_1493891169386{padding-left: 20px !important;}\u00bb link=\u00bburl:%23primer|||\u00bb el_class=\u00bbsombra-subtitle\u00bb][vc_column_text el_class=\u00bbsombra-subtitle\u00bb]\n<p class=\"subtitle\">Si no es sostenible, no lo hacemos.<\/p>\n[\/vc_column_text][vc_custom_heading text=\u00bbDe materia org\u00e1nica a compost\u00bb font_container=\u00bbtag:h3|text_align:left|color:%23ffffff\u00bb google_fonts=\u00bbfont_family:Raleway%3A100%2C200%2C300%2Cregular%2C500%2C600%2C700%2C800%2C900|font_style:400%20regular%3A400%3Anormal\u00bb css=\u00bb.vc_custom_1493891280235{padding-left: 20px !important;}\u00bb link=\u00bburl:%23segon|||\u00bb el_class=\u00bbsombra-subtitle\u00bb][vc_column_text el_class=\u00bbsombra-subtitle\u00bb]\n<p class=\"subtitle\">Cerrando el ciclo.<\/p>\n[\/vc_column_text][vc_custom_heading text=\u00bbUna depuradora natural\u00bb font_container=\u00bbtag:h3|text_align:left|color:%23ffffff\u00bb google_fonts=\u00bbfont_family:Raleway%3A100%2C200%2C300%2Cregular%2C500%2C600%2C700%2C800%2C900|font_style:400%20regular%3A400%3Anormal\u00bb css=\u00bb.vc_custom_1487615651345{padding-left: 20px !important;}\u00bb link=\u00bburl:%23tercer|||\u00bb el_class=\u00bbsombra-subtitle\u00bb][vc_column_text el_class=\u00bbsombra-subtitle\u00bb]\n<p class=\"subtitle\">Integraci\u00f3n en el paisaje.<\/p>\n[\/vc_column_text][\/vc_column_inner][vc_column_inner width=\u00bb1\/2&#8243;][vc_custom_heading text=\u00bbLos porqu\u00e9s\u00bb font_container=\u00bbtag:h3|text_align:left|color:%23ffffff\u00bb google_fonts=\u00bbfont_family:Raleway%3A100%2C200%2C300%2Cregular%2C500%2C600%2C700%2C800%2C900|font_style:400%20regular%3A400%3Anormal\u00bb css=\u00bb.vc_custom_1493891363451{padding-left: 20px !important;}\u00bb link=\u00bburl:%23quart|||\u00bb el_class=\u00bbsombra-subtitle\u00bb][vc_column_text el_class=\u00bbsombra-subtitle\u00bb]\n<p class=\"subtitle\">El virus de la ecolog\u00eda.<\/p>\n[\/vc_column_text][vc_custom_heading text=\u00bbBiodivers\u00bb font_container=\u00bbtag:h3|text_align:left|color:%23ffffff\u00bb google_fonts=\u00bbfont_family:Raleway%3A100%2C200%2C300%2Cregular%2C500%2C600%2C700%2C800%2C900|font_style:400%20regular%3A400%3Anormal\u00bb css=\u00bb.vc_custom_1487847150878{padding-left: 20px !important;}\u00bb link=\u00bburl:%23quint|||\u00bb el_class=\u00bbsombra-subtitle\u00bb][vc_column_text el_class=\u00bbsombra-subtitle\u00bb]\n<p class=\"subtitle\">El arte dialoga con la naturaleza.<\/p>\n[\/vc_column_text][vc_custom_heading text=\u00bbOtros proyectos\u00bb font_container=\u00bbtag:h3|text_align:left|color:%23ffffff\u00bb google_fonts=\u00bbfont_family:Raleway%3A100%2C200%2C300%2Cregular%2C500%2C600%2C700%2C800%2C900|font_style:400%20regular%3A400%3Anormal\u00bb css=\u00bb.vc_custom_1493891409412{padding-left: 20px !important;}\u00bb link=\u00bburl:%23sext|||\u00bb el_class=\u00bbsombra-subtitle\u00bb][vc_column_text el_class=\u00bbsombra-subtitle\u00bb]\n<p class=\"subtitle\">Una apuesta constante.<\/p>\n[\/vc_column_text][\/vc_column_inner][\/vc_row_inner][\/vc_column][\/mk_page_section][mk_page_section bg_image=\u00bbhttps:\/\/www.consorciresidus.org\/wp-content\/uploads\/2017\/02\/portada-carricola.jpg\u00bb bg_position=\u00bbcenter center\u00bb bg_repeat=\u00bbno-repeat\u00bb bg_stretch=\u00bbtrue\u00bb enable_3d=\u00bbtrue\u00bb min_height=\u00bb210&#8243; full_width=\u00bbtrue\u00bb js_vertical_centered=\u00bbtrue\u00bb padding_top=\u00bb0&#8243; padding_bottom=\u00bb0&#8243; visibility=\u00bbvisible-sm\u00bb sidebar=\u00bbsidebar-1&#8243;][vc_column blend_mode=\u00bbdarken\u00bb][vc_row_inner is_fullwidth_content=\u00bbfalse\u00bb css=\u00bb.vc_custom_1494861412141{padding-right: 2% !important;padding-left: 2% !important;background-color: rgba(0,0,0,0.24) !important;*background-color: rgb(0,0,0) !important;}\u00bb][vc_column_inner][vc_custom_heading text=\u00bbCarr\u00edcola\u00bb font_container=\u00bbtag:h2|font_size:2.7em|text_align:left|color:%23ffffff|line_height:1em\u00bb google_fonts=\u00bbfont_family:Raleway%3A100%2C200%2C300%2Cregular%2C500%2C600%2C700%2C800%2C900|font_style:500%20bold%20regular%3A500%3Anormal\u00bb css=\u00bb.vc_custom_1494869027237{margin-bottom: 0px !important;padding-top: 15px !important;}\u00bb el_class=\u00bbsombra-title\u00bb][vc_custom_heading text=\u00bbmodelo de sostenibilidad\u00bb font_container=\u00bbtag:h2|font_size:1.6em|text_align:left|color:%23fed500|line_height:1.3em\u00bb google_fonts=\u00bbfont_family:Raleway%3A100%2C200%2C300%2Cregular%2C500%2C600%2C700%2C800%2C900|font_style:400%20regular%3A400%3Anormal\u00bb el_class=\u00bbsombra-title\u00bb][\/vc_column_inner][\/vc_row_inner][\/vc_column][\/mk_page_section][vc_row css=\u00bb.vc_custom_1487607476970{margin-top: 30px !important;background-color: #f2f2f2 !important;}\u00bb][vc_column][vc_row_inner css=\u00bb.vc_custom_1487607433646{padding-top: 30px !important;padding-bottom: 40px !important;}\u00bb][vc_column_inner][mk_dropcaps style=\u00bbfancy-style\u00bb]P[\/mk_dropcaps][vc_column_text]rincipios del siglo XXI. Alrededor de una mesa se sientan ayuntamiento, promotor, constructor y comprador, para acordar un precio justo por la vivienda. Sin documentos, con la fuerza de la palabra dada. Esta fotograf\u00eda ins\u00f3lita, en plena vor\u00e1gine especuladora, ilustra la construcci\u00f3n de ocho nuevas viviendas que servir\u00e1n para unir las dos partes del pueblo. Es el \u00fanico plan de expansi\u00f3n de un pueblo que ha decidido escoger un camino propio, dejando de lado promesas de crecimiento a costa del paisaje. Bienvenidos a Carr\u00edcola. Bienvenidos a otro ritmo.[\/vc_column_text][\/vc_column_inner][\/vc_row_inner][\/vc_column][\/vc_row][vc_row][vc_column][vc_row_inner css=\u00bb.vc_custom_1487606058823{padding-top: 100px !important;}\u00bb el_class=\u00bbprimer-title\u00bb el_id=\u00bbprimer\u00bb][vc_column_inner][mk_ornamental_title font_family=\u00bbnone\u00bb font_size=\u00bb38&#8243; font_weight=\u00bb300&#8243; ornament_style=\u00bbnorman-single\u00bb ornament_color=\u00bb#bfbfbf\u00bb margin_top=\u00bb-20&#8243;]\n<p style=\"text-align: left;\">Respeto por el entorno<\/p>\n[\/mk_ornamental_title][\/vc_column_inner][\/vc_row_inner][\/vc_column][\/vc_row][mk_page_section layout_structure=\u00bbhalf_right\u00bb bg_image=\u00bbhttp:\/\/www.consorciresidus.org\/wp-content\/uploads\/2017\/02\/model-propi.jpg\u00bb min_height=\u00bb0&#8243; js_vertical_centered=\u00bbtrue\u00bb padding_top=\u00bb0&#8243; padding_bottom=\u00bb0&#8243; el_class=\u00bbdiv-total\u00bb][vc_column][mk_dropcaps style=\u00bbfancy-style\u00bb]S[\/mk_dropcaps][vc_column_text]i pase\u00e1is por Carr\u00edcola a la b\u00fasqueda de un pol\u00edgono industrial, de aquellos que, a menudo vac\u00edos, tienen la mayor\u00eda de pueblos valencianos, no hace falta que insist\u00e1is. No lo vais a encontrar. Como tampoco ninguna \u00e1rea nueva urbanizada nacida en la \u00e9poca en que se promet\u00edan nuevos para\u00edsos en los territorios del interior. Este municipio de la Vall d\u2019Albaida, situado en la Umbr\u00eda del Benicadell, ha escogido desde hace a\u00f1os un camino propio: la supervivencia de un peque\u00f1o municipio rural en armon\u00eda con el entorno. Carr\u00edcola apuesta ahora mismo por un modelo de sostenibilidad.<\/p>\n<p align=\"left\">Pionero en la implantaci\u00f3n de la agricultura ecol\u00f3gica, en la d\u00e9cada de los a\u00f1os ochenta, Carr\u00edcola ha realizado una apuesta integral por proyectos sostenibles; con una implicaci\u00f3n del vecindario mod\u00e9lica, labrada diacr\u00f3nicamente con iniciativas mesuradas, trabajadas sin prisas y a pie de calle. Una de las cuestiones que m\u00e1s llama la atenci\u00f3n es encontrar materializadas, sobre el terreno, las solemnes declaraciones que solemos escuchar en los grandes foros mundiales sobre medio ambiente y cambio clim\u00e1tico. Importantes retos globales, como el aprovechamiento de las aguas residuales y de los residuos org\u00e1nicos, son aqu\u00ed realidad. De hecho en Carr\u00edcola se tiene la impresi\u00f3n que, a pesar de ir a poco a poco y con mucho esfuerzo, se va un paso por delante.<\/p>\n<p align=\"left\">Un pueblo, sin duda, con una singular determinaci\u00f3n: <em>si no es sostenible, no lo hacemos<\/em>.<\/p>\n[\/vc_column_text][\/vc_column][\/mk_page_section][mk_page_section min_height=\u00bb62&#8243; sidebar=\u00bbsidebar-1&#8243;][vc_column][\/vc_column][\/mk_page_section][vc_row css=\u00bb.vc_custom_1487618662848{padding-top: 60px !important;padding-bottom: 40px !important;background-color: #f2f2f2 !important;}\u00bb id=\u00bbsegon\u00bb][vc_column][mk_ornamental_title font_family=\u00bbnone\u00bb font_size=\u00bb38&#8243; font_weight=\u00bb300&#8243; ornament_style=\u00bbnorman-single\u00bb ornament_color=\u00bb#bfbfbf\u00bb margin_top=\u00bb-20&#8243;]\n<p class=\"vc_custom_heading sombra-subtitle vc_custom_1487331673580\">De materia org\u00e1nica a compost<\/p>\n[\/mk_ornamental_title][vc_single_image image=\u00bb12084&#8243; img_size=\u00bbfull\u00bb alignment=\u00bbcenter\u00bb][vc_row_inner][vc_column_inner width=\u00bb1\/2&#8243;][mk_dropcaps style=\u00bbfancy-style\u00bb]U[\/mk_dropcaps][vc_column_text]\n<p align=\"left\">no de les objetivos que se repite en todas las normativas en materia de residuos es el de la recogida selectiva de la fracci\u00f3n org\u00e1nica generada en los hogares. Pues bien, Carr\u00edcola es el \u00fanico municipio de las cinco comarcas del COR que ya la tiene implantada. En el pueblo hay dos contenedores de madeera, integrados en el medio y realizados por artesanos locales, donde los ciudadanos depositan su materia org\u00e1nica.<\/p>\n<p align=\"left\">Despu\u00e9s se lleva a los compostadores, donde se convertir\u00e1n en abono para los huertos locales. El ayuntamiento acaba de adquirir unos terrenos para emplazar una sencilla instalaci\u00f3n que permita mejorar el compostaje y cerrar el ciclo. Los residuos entendidos como valor, la materia org\u00e1nica que se reintegra en la naturaleza.<\/p>\n[\/vc_column_text][vc_column_text][\/vc_column_text][\/vc_column_inner][vc_column_inner width=\u00bb1\/2&#8243;][mk_blockquote font_family=\u00bbnone\u00bb]\n<p align=\"left\">Carr\u00edcola es la poblaci\u00f3n que menos paga en la factura al Consorcio de Residuos, gracias a la bonificaci\u00f3n que recibe por recoger selectivamente la fracci\u00f3n org\u00e1nica. Han reducido notablemente los kilos que se lleva la empresa de recogida, de manera que trabajan para que tambi\u00e9n les rebaje la factura municipal. El premio a una buena gesti\u00f3n.<\/p>\n[\/mk_blockquote][vc_column_text]\n<p align=\"left\">Se calcula que, en el territorio valenciano, m\u00e1s del 40% del contenido de la bolsa de basura es materia org\u00e1nica. Seg\u00fan la normativa europea, el a\u00f1o 2020 la mitad de los residuos dom\u00e9sticos se tendr\u00e1n que destinar a la reutilizaci\u00f3n y el reciclaje. En Carr\u00edcola, sin duda, est\u00e1n preparados para asumir el reto.<\/p>\n[\/vc_column_text][\/vc_column_inner][\/vc_row_inner][\/vc_column][\/vc_row][vc_row id=\u00bbtercer\u00bb css=\u00bb.vc_custom_1487634818613{padding-top: 100px !important;}\u00bb][vc_column][vc_row_inner][vc_column_inner width=\u00bb1\/3&#8243;][mk_ornamental_title font_family=\u00bbnone\u00bb font_size=\u00bb38&#8243; font_weight=\u00bb300&#8243; ornament_style=\u00bbnorman-single\u00bb ornament_color=\u00bb#bfbfbf\u00bb margin_top=\u00bb-20&#8243; margin_bottom=\u00bb29&#8243;]\n<p class=\"vc_custom_heading sombra-subtitle vc_custom_1487331700642\">Una depuradora natural<\/p>\n[\/mk_ornamental_title][mk_blockquote font_family=\u00bbnone\u00bb]\n<p align=\"left\">El Foro Mundial de la Alimentaci\u00f3n y la Agricultura concluy\u00f3, en un mundo cada vez m\u00e1s poblado, que las aguas residuales se han de gestionar como un recurso y no como un residuo. Los usos para el riego agr\u00edcola son un desaf\u00edo global, que Carr\u00edcola ya ha asumido como propio.<\/p>\n[\/mk_blockquote][\/vc_column_inner][vc_column_inner width=\u00bb1\/3&#8243;][mk_dropcaps style=\u00bbfancy-style\u00bb]I[\/mk_dropcaps][vc_column_text]\n<p align=\"left\">maginemos una depuradora de aguas residuales. Imaginemos, bien cerca, una zona verde con parque infantil. Lo primero que nos viene a la cabeza es que es imposible, sobretodo por los malos olores y el ruido. Pues bien, en Carr\u00edcola es una realidad. El municipio descart\u00f3 desde un principio la idea de instalar una depuradora convencional, que necesita una gran inversi\u00f3n econ\u00f3mica y consume mucha energ\u00eda. En colaboraci\u00f3n con la Universitat Polit\u00e8cnica de Val\u00e8ncia se dise\u00f1\u00f3 un sistema de depuraci\u00f3n completamente natural, basado en la fitodepuraci\u00f3n. La acci\u00f3n de plantas y piedras en marismas y balsas a diferentes niveles. Ni olores, ni ruidos, completamente integrada en el paisaje y con una parque infantil al lado mismo.<\/p>\n[\/vc_column_text][\/vc_column_inner][vc_column_inner width=\u00bb1\/3&#8243;][vc_column_text]\n<p align=\"left\">Los resultados de los filtros verdes son excelentes, comprobados mediante an\u00e1lisis peri\u00f3dicos. Ahora falta el \u00faltimo paso para cerrar el ciclo. Utilizar las aguas depuradas del pueblo, que ahora acaban en el lecho del barranco, para regar los huertos. El cierre del ciclo. El Ayuntamiento espera conseguir para ello la financiaci\u00f3n necesaria, que no es mucha.<\/p>\n[\/vc_column_text][vc_single_image image=\u00bb12094&#8243; img_size=\u00bbfull\u00bb onclick=\u00bblink_image\u00bb][\/vc_column_inner][\/vc_row_inner][\/vc_column][\/vc_row][vc_row css=\u00bb.vc_custom_1487615155556{padding-top: 100px !important;padding-bottom: 15px !important;background-color: #ededed !important;}\u00bb id=\u00bbquart\u00bb][vc_column][mk_ornamental_title font_family=\u00bbnone\u00bb font_size=\u00bb38&#8243; font_weight=\u00bb300&#8243; ornament_style=\u00bbnorman-single\u00bb ornament_color=\u00bb#bfbfbf\u00bb margin_top=\u00bb-20&#8243;]Los porqu\u00e9s[\/mk_ornamental_title][vc_row_inner css=\u00bb.vc_custom_1487611970270{padding-bottom: 15px !important;}\u00bb][vc_column_inner width=\u00bb1\/2&#8243;][mk_dropcaps style=\u00bbfancy-style\u00bb]C[\/mk_dropcaps][vc_column_text]\n<p align=\"left\"><em>recer sin competir, gesti\u00f3n sostenible de los recursos, integraci\u00f3n en el entorno, refuerzo de los sectores productivos que representan el medio de vida de sus habitantes<\/em>&#8230;son conceptos que en Carr\u00edcola se utilizan con una sorprendente naturalidad. La apuesta de esta poblaci\u00f3n es muy clara y ha acabado convirti\u00e9ndose en la principal se\u00f1a de identidad. Pero, \u00bfpor qu\u00e9 en Carr\u00edcola? \u00bfQu\u00e9 tiene este pueblo que no tenga el resto, para haberse definido a s\u00ed mismo a trav\u00e9s de una di\u00e1logo respetuoso con el entorno?<\/p>\n[\/vc_column_text][\/vc_column_inner][vc_column_inner width=\u00bb1\/2&#8243;][vc_column_text]\n<p align=\"left\">Para comprenderlo hemos de volver unos a\u00f1os atr\u00e1s, en la d\u00e9cada de los a\u00f1os 80. En un contexto de fuerte sentimiento comunitario, enraizado hist\u00f3ricamente, des de Francia llega la propuesta de convertir los huertos de Carr\u00edcola a producci\u00f3n ecol\u00f3gica. Los agricultores se inscriben en el proyecto, mayoritariamente. A partir de este momento queda inoculado el virus de la ecolog\u00eda. Todas las iniciativas se basar\u00e1n, hasta la actualidad, en criterios de sostenibilidad ambiental y humana. Porque todo, todo, en Carr\u00edcola se ha hecho para mantener el estilo de vida de su gente.<\/p>\n[\/vc_column_text][\/vc_column_inner][\/vc_row_inner][mk_gallery images=\u00bb12087,12088,12090,12089,12092,12104&#8243; column=\u00bb6&#8243; height=\u00bb100&#8243; hover_scenarios=\u00bbgrayscale\u00bb item_spacing=\u00bb0&#8243; margin_bottom=\u00bb0&#8243;][\/vc_column][\/vc_row][vc_row css=\u00bb.vc_custom_1487615172440{padding-top: 100px !important;padding-bottom: 40px !important;}\u00bb id=\u00bbquint\u00bb][vc_column][mk_ornamental_title font_family=\u00bbnone\u00bb font_size=\u00bb38&#8243; font_weight=\u00bb300&#8243; ornament_style=\u00bbnorman-single\u00bb ornament_color=\u00bb#bfbfbf\u00bb margin_top=\u00bb-20&#8243;]Arte y naturaleza[\/mk_ornamental_title][vc_single_image image=\u00bb12083&#8243; img_size=\u00bbfull\u00bb alignment=\u00bbcenter\u00bb][vc_row_inner][vc_column_inner width=\u00bb1\/3&#8243;][mk_dropcaps style=\u00bbfancy-style\u00bb]B[\/mk_dropcaps][vc_column_text]\n<p align=\"left\">iodivers es uno de los proyectos emblem\u00e1ticos de Carr\u00edcola, posiblemente el m\u00e1s conocido por su enorme atractivo visual. Desde el compromiso y el v\u00ednculo con el entorno ambiental, surgi\u00f3 la idea de generar itinerarios art\u00edsticos con obras integradas en el paisaje. Como todo lo que se hace en Carr\u00edcola, Biodivers cont\u00f3 con la colaboraci\u00f3n de muchos actores: en este caso, principalmente, de los artistas y de personas como Rom\u00e0 de la Calle, en aquel momento presidente de la Real Academia de Bellas Artes de San Carlos, y Joan Peir\u00f3, vicerector de Cultura de la UPV.<\/p>\n[\/vc_column_text][\/vc_column_inner][vc_column_inner width=\u00bb1\/3&#8243;][vc_column_text]\n<p align=\"left\">Sin el impulso c\u00e1lido y sincero de hombres y mujeres comprometidos, el proyecto no hubiera sido posible. Biodivers ha tenido dos ediciones, en los a\u00f1os 2010 y 2015, y ya espera la tercera. Los frutos se pueden visitar en tres itinerarios art\u00edsticos que nacen en el n\u00facleo urbano: paseando por Carr\u00edcola, barranco y senda del Castell y los caminos del agua. Obras de cerca de setenta creadores dialogan con la naturaleza, con especial sensibilidad en la recuperaci\u00f3n de espacios degradados y utilizando exclusivamente materiales de origen vegetal o mineral.<\/p>\n[\/vc_column_text][\/vc_column_inner][vc_column_inner width=\u00bb1\/3&#8243;][mk_blockquote font_family=\u00bbnone\u00bb]\n<p align=\"left\"><em>Xino-xano, homenaje al campesino, la madriguera del ojo, abierto a los sue\u00f1os, la ara\u00f1a barrendera, babel, el drag\u00f3n<\/em>&#8230;una ideal genial y arriesgada que ha acabado convirtiendo los alrededores de Carr\u00edcola en un espacio de arte medioambiental con evocadoras propuestas.<\/p>\n[\/mk_blockquote][\/vc_column_inner][\/vc_row_inner][\/vc_column][\/vc_row][vc_row id=\u00bbsext\u00bb css=\u00bb.vc_custom_1487615991211{padding-top: 100px !important;padding-bottom: 60px !important;}\u00bb][vc_column][mk_ornamental_title font_family=\u00bbnone\u00bb font_size=\u00bb38&#8243; font_weight=\u00bb300&#8243; ornament_style=\u00bbnorman-single\u00bb ornament_color=\u00bb#bfbfbf\u00bb margin_top=\u00bb-20&#8243;]Una apuesta de futuro[\/mk_ornamental_title][vc_row_inner][vc_column_inner width=\u00bb1\/2&#8243;][mk_dropcaps style=\u00bbfancy-style\u00bb]P[\/mk_dropcaps][vc_column_text]\n<p align=\"left\">oner de relieve el Patrimonio local ha sido tambi\u00e9n una de las principales lineas de trabajo en un municipio que sorprende, dadas sus dimensiones, por la cantidad y variedad de iniciativas. En este sentido destaca la recuperaci\u00f3n y acondicionamiento del Paraje Natural Municipal de les Arcades. 25.000 m\u00b2 de patrimonio hidr\u00e1ulico, con acueductos de la \u00e9poca isl\u00e1mico y aprovechamientos para el riego. Tambi\u00e9n se ha restaurado el Castillo de Carr\u00edcola, declarado Bien de Inter\u00e9s Cultural y ubicado en la Umbr\u00eda del Benicadell, y el lavadero municipal.<\/p>\n<p>Y si hablamos de patrimonio, no debemos olvidar la vertiente natural. El paisaje forma parte de la identidad de Carr\u00edcola; se ha realizado catalogaci\u00f3n de los olivos milenarios, la flora y los \u00e1rboles singulares. A escasa distancia del n\u00facleo urbano, en unos terrenos municipales, la Coordinadora Ecologista de la Vall d\u2019Albaida elev\u00f3 con t\u00e9cnicas de bioconstrucci\u00f3n la conocida Ametla de Palla. Inaugurada en 2008 y sede habitual de actividades relacionadas con el medio ambiente, cuenta con un jard\u00edn de flora dedicado al etnobot\u00e1nico Joan Pellicer.[\/vc_column_text][\/vc_column_inner][vc_column_inner width=\u00bb1\/2&#8243;][mk_blockquote font_family=\u00bbnone\u00bb]\n<p align=\"left\">Las carreras de monta\u00f1a han sabido hacerse un espacio en Carr\u00edcola. La Media Marat\u00f3n y el Marat\u00f3n son especialmente apreciados por el colectivo de corredores de monta\u00f1a, porque discurren por el entorno natural del municipio y tienen una buena organizaci\u00f3n. Ahora bien, como toda actividad que se pone en marcha, se pone un cuidado especial en la sostenibilidad. Hay un l\u00edmite de inscripciones estricto, para que el n\u00famero de participantes no represente una alteraci\u00f3n del equilibrio existente.<\/p>\n[\/mk_blockquote][vc_column_text]\n<p align=\"left\">Pasear por Carr\u00edcola lleva inevitablemente a descubrir alg\u00fan proyecto en marcha, impulsado siempre con mucho esfuerzo y entusiasmo. Teniendo en cuenta el d\u00e9ficit estructural de viviendas, ahora se ha comenzado a habilitar una zona de camping con casitas de bioconstrucci\u00f3n, dedicado especialmente a las estancias cortas. Muy cerca del pueblo y de la Umbr\u00eda del Benicadell, y con vistas a la Vall, resulta m\u00e1s que tentador.<\/p>\n[\/vc_column_text][\/vc_column_inner][\/vc_row_inner][mk_gallery images=\u00bb12099,12098,12100,12102,12106,12103,12105,12097&#8243; column=\u00bb4&#8243; height=\u00bb152&#8243; item_spacing=\u00bb10&#8243;][vc_empty_space height=\u00bb60px\u00bb][\/vc_column][\/vc_row]\n<div style=\"clear:both;\"><\/div>","protected":false},"excerpt":{"rendered":"<p>Carr\u00edcola, modelo de sostenibilidad en la Vall d\u2019Albaida. Un pueblo que realiza recogida selectiva del 100% de los residuos de materia org\u00e1nica para producir compost. Un sistema que funciona.<\/p>\n","protected":false},"author":1,"featured_media":13246,"parent":0,"menu_order":0,"comment_status":"closed","ping_status":"closed","template":"","meta":{"footnotes":""},"class_list":["post-14662","page","type-page","status-publish","has-post-thumbnail","hentry"],"yoast_head":"<!-- This site is optimized with the Yoast SEO plugin v26.0 - https:\/\/yoast.com\/wordpress\/plugins\/seo\/ -->\n<title>Carr\u00edcola, modelo de sostenibilidad - Consorcio de Residuos V5 - COR<\/title>\n<meta name=\"description\" content=\"Carr\u00edcola, modelo de sostenibilidad en la Vall d\u2019Albaida. Realiza recogida selectiva del 100% de los residuos de materia org\u00e1nica para producir compost.\" \/>\n<meta name=\"robots\" content=\"index, follow, max-snippet:-1, max-image-preview:large, max-video-preview:-1\" \/>\n<link rel=\"canonical\" href=\"https:\/\/www.consorciresidus.org\/es\/carricola-modelo-de-sostenibilidad\/\" \/>\n<meta property=\"og:locale\" content=\"es_ES\" \/>\n<meta property=\"og:type\" content=\"article\" \/>\n<meta property=\"og:title\" content=\"Carr\u00edcola, modelo de sostenibilidad\" \/>\n<meta property=\"og:description\" content=\"Carr\u00edcola, modelo de sostenibilidad en la Vall d\u2019Albaida. Realiza recogida selectiva del 100% de los residuos de materia org\u00e1nica para producir compost.\" \/>\n<meta property=\"og:url\" content=\"https:\/\/www.consorciresidus.org\/es\/carricola-modelo-de-sostenibilidad\/\" \/>\n<meta property=\"og:site_name\" content=\"Consorcio de Residuos V5 - COR\" \/>\n<meta property=\"article:modified_time\" content=\"2018-01-08T10:48:49+00:00\" \/>\n<meta property=\"og:image\" content=\"https:\/\/www.consorciresidus.org\/wp-content\/uploads\/2017\/02\/portada-carricola.jpg\" \/>\n\t<meta property=\"og:image:width\" content=\"1598\" \/>\n\t<meta property=\"og:image:height\" content=\"906\" \/>\n\t<meta property=\"og:image:type\" content=\"image\/jpeg\" \/>\n<meta name=\"twitter:card\" content=\"summary_large_image\" \/>\n<meta name=\"twitter:title\" content=\"Carr\u00edcola, modelo de sostenibilidad\" \/>\n<meta name=\"twitter:description\" content=\"Carr\u00edcola, modelo de sostenibilidad en la Vall d\u2019Albaida. Realiza recogida selectiva del 100% de los residuos de materia org\u00e1nica para producir compost.\" \/>\n<meta name=\"twitter:image\" content=\"https:\/\/www.consorciresidus.org\/wp-content\/uploads\/2017\/02\/portada-carricola.jpg\" \/>\n<meta name=\"twitter:label1\" content=\"Tiempo de lectura\" \/>\n\t<meta name=\"twitter:data1\" content=\"16 minutos\" \/>\n<script type=\"application\/ld+json\" class=\"yoast-schema-graph\">{\"@context\":\"https:\/\/schema.org\",\"@graph\":[{\"@type\":\"WebPage\",\"@id\":\"https:\/\/www.consorciresidus.org\/es\/carricola-modelo-de-sostenibilidad\/\",\"url\":\"https:\/\/www.consorciresidus.org\/es\/carricola-modelo-de-sostenibilidad\/\",\"name\":\"Carr\u00edcola, modelo de sostenibilidad - Consorcio de Residuos V5 - COR\",\"isPartOf\":{\"@id\":\"https:\/\/www.consorciresidus.org\/#website\"},\"primaryImageOfPage\":{\"@id\":\"https:\/\/www.consorciresidus.org\/es\/carricola-modelo-de-sostenibilidad\/#primaryimage\"},\"image\":{\"@id\":\"https:\/\/www.consorciresidus.org\/es\/carricola-modelo-de-sostenibilidad\/#primaryimage\"},\"thumbnailUrl\":\"https:\/\/www.consorciresidus.org\/wp-content\/uploads\/2017\/02\/portada-carricola.jpg\",\"datePublished\":\"2017-02-17T08:43:29+00:00\",\"dateModified\":\"2018-01-08T10:48:49+00:00\",\"description\":\"Carr\u00edcola, modelo de sostenibilidad en la Vall d\u2019Albaida. Realiza recogida selectiva del 100% de los residuos de materia org\u00e1nica para producir compost.\",\"inLanguage\":\"es\",\"potentialAction\":[{\"@type\":\"ReadAction\",\"target\":[\"https:\/\/www.consorciresidus.org\/es\/carricola-modelo-de-sostenibilidad\/\"]}]},{\"@type\":\"ImageObject\",\"inLanguage\":\"es\",\"@id\":\"https:\/\/www.consorciresidus.org\/es\/carricola-modelo-de-sostenibilidad\/#primaryimage\",\"url\":\"https:\/\/www.consorciresidus.org\/wp-content\/uploads\/2017\/02\/portada-carricola.jpg\",\"contentUrl\":\"https:\/\/www.consorciresidus.org\/wp-content\/uploads\/2017\/02\/portada-carricola.jpg\",\"width\":1598,\"height\":906,\"caption\":\"Carr\u00edcola, modelo de sostenibilidad\"},{\"@type\":\"WebSite\",\"@id\":\"https:\/\/www.consorciresidus.org\/#website\",\"url\":\"https:\/\/www.consorciresidus.org\/\",\"name\":\"Consorcio de Residuos V5 - COR\",\"description\":\"Consorcio para la gesti\u00f3n de residuos\",\"potentialAction\":[{\"@type\":\"SearchAction\",\"target\":{\"@type\":\"EntryPoint\",\"urlTemplate\":\"https:\/\/www.consorciresidus.org\/?s={search_term_string}\"},\"query-input\":{\"@type\":\"PropertyValueSpecification\",\"valueRequired\":true,\"valueName\":\"search_term_string\"}}],\"inLanguage\":\"es\"}]}<\/script>\n<!-- \/ Yoast SEO plugin. -->","yoast_head_json":{"title":"Carr\u00edcola, modelo de sostenibilidad - Consorcio de Residuos V5 - COR","description":"Carr\u00edcola, modelo de sostenibilidad en la Vall d\u2019Albaida. Realiza recogida selectiva del 100% de los residuos de materia org\u00e1nica para producir compost.","robots":{"index":"index","follow":"follow","max-snippet":"max-snippet:-1","max-image-preview":"max-image-preview:large","max-video-preview":"max-video-preview:-1"},"canonical":"https:\/\/www.consorciresidus.org\/es\/carricola-modelo-de-sostenibilidad\/","og_locale":"es_ES","og_type":"article","og_title":"Carr\u00edcola, modelo de sostenibilidad","og_description":"Carr\u00edcola, modelo de sostenibilidad en la Vall d\u2019Albaida. Realiza recogida selectiva del 100% de los residuos de materia org\u00e1nica para producir compost.","og_url":"https:\/\/www.consorciresidus.org\/es\/carricola-modelo-de-sostenibilidad\/","og_site_name":"Consorcio de Residuos V5 - COR","article_modified_time":"2018-01-08T10:48:49+00:00","og_image":[{"width":1598,"height":906,"url":"https:\/\/www.consorciresidus.org\/wp-content\/uploads\/2017\/02\/portada-carricola.jpg","type":"image\/jpeg"}],"twitter_card":"summary_large_image","twitter_title":"Carr\u00edcola, modelo de sostenibilidad","twitter_description":"Carr\u00edcola, modelo de sostenibilidad en la Vall d\u2019Albaida. Realiza recogida selectiva del 100% de los residuos de materia org\u00e1nica para producir compost.","twitter_image":"https:\/\/www.consorciresidus.org\/wp-content\/uploads\/2017\/02\/portada-carricola.jpg","twitter_misc":{"Tiempo de lectura":"16 minutos"},"schema":{"@context":"https:\/\/schema.org","@graph":[{"@type":"WebPage","@id":"https:\/\/www.consorciresidus.org\/es\/carricola-modelo-de-sostenibilidad\/","url":"https:\/\/www.consorciresidus.org\/es\/carricola-modelo-de-sostenibilidad\/","name":"Carr\u00edcola, modelo de sostenibilidad - Consorcio de Residuos V5 - COR","isPartOf":{"@id":"https:\/\/www.consorciresidus.org\/#website"},"primaryImageOfPage":{"@id":"https:\/\/www.consorciresidus.org\/es\/carricola-modelo-de-sostenibilidad\/#primaryimage"},"image":{"@id":"https:\/\/www.consorciresidus.org\/es\/carricola-modelo-de-sostenibilidad\/#primaryimage"},"thumbnailUrl":"https:\/\/www.consorciresidus.org\/wp-content\/uploads\/2017\/02\/portada-carricola.jpg","datePublished":"2017-02-17T08:43:29+00:00","dateModified":"2018-01-08T10:48:49+00:00","description":"Carr\u00edcola, modelo de sostenibilidad en la Vall d\u2019Albaida. Realiza recogida selectiva del 100% de los residuos de materia org\u00e1nica para producir compost.","inLanguage":"es","potentialAction":[{"@type":"ReadAction","target":["https:\/\/www.consorciresidus.org\/es\/carricola-modelo-de-sostenibilidad\/"]}]},{"@type":"ImageObject","inLanguage":"es","@id":"https:\/\/www.consorciresidus.org\/es\/carricola-modelo-de-sostenibilidad\/#primaryimage","url":"https:\/\/www.consorciresidus.org\/wp-content\/uploads\/2017\/02\/portada-carricola.jpg","contentUrl":"https:\/\/www.consorciresidus.org\/wp-content\/uploads\/2017\/02\/portada-carricola.jpg","width":1598,"height":906,"caption":"Carr\u00edcola, modelo de sostenibilidad"},{"@type":"WebSite","@id":"https:\/\/www.consorciresidus.org\/#website","url":"https:\/\/www.consorciresidus.org\/","name":"Consorcio de Residuos V5 - COR","description":"Consorcio para la gesti\u00f3n de residuos","potentialAction":[{"@type":"SearchAction","target":{"@type":"EntryPoint","urlTemplate":"https:\/\/www.consorciresidus.org\/?s={search_term_string}"},"query-input":{"@type":"PropertyValueSpecification","valueRequired":true,"valueName":"search_term_string"}}],"inLanguage":"es"}]}},"_links":{"self":[{"href":"https:\/\/www.consorciresidus.org\/es\/wp-json\/wp\/v2\/pages\/14662","targetHints":{"allow":["GET"]}}],"collection":[{"href":"https:\/\/www.consorciresidus.org\/es\/wp-json\/wp\/v2\/pages"}],"about":[{"href":"https:\/\/www.consorciresidus.org\/es\/wp-json\/wp\/v2\/types\/page"}],"author":[{"embeddable":true,"href":"https:\/\/www.consorciresidus.org\/es\/wp-json\/wp\/v2\/users\/1"}],"replies":[{"embeddable":true,"href":"https:\/\/www.consorciresidus.org\/es\/wp-json\/wp\/v2\/comments?post=14662"}],"version-history":[{"count":11,"href":"https:\/\/www.consorciresidus.org\/es\/wp-json\/wp\/v2\/pages\/14662\/revisions"}],"predecessor-version":[{"id":16924,"href":"https:\/\/www.consorciresidus.org\/es\/wp-json\/wp\/v2\/pages\/14662\/revisions\/16924"}],"wp:featuredmedia":[{"embeddable":true,"href":"https:\/\/www.consorciresidus.org\/es\/wp-json\/wp\/v2\/media\/13246"}],"wp:attachment":[{"href":"https:\/\/www.consorciresidus.org\/es\/wp-json\/wp\/v2\/media?parent=14662"}],"curies":[{"name":"wp","href":"https:\/\/api.w.org\/{rel}","templated":true}]}}