 



{"id":14785,"date":"2016-11-30T00:48:36","date_gmt":"2016-11-30T00:48:36","guid":{"rendered":"https:\/\/www.consorciresidus.org\/sala-de-premsa\/"},"modified":"2018-12-27T10:38:15","modified_gmt":"2018-12-27T10:38:15","slug":"sala-de-prensa","status":"publish","type":"page","link":"https:\/\/www.consorciresidus.org\/es\/sala-de-prensa\/","title":{"rendered":"Sala de prensa"},"content":{"rendered":"[mk_page_section bg_color=\u00bb#f2f2f2&#8243; border_color=\u00bb#e5e5e5&#8243; min_height=\u00bb65&#8243; padding_top=\u00bb15&#8243; sidebar=\u00bbsidebar-1&#8243;][vc_column][mk_custom_sidebar el_class=\u00bbcercar\u00bb sidebar=\u00bbsidebar-13&#8243;][\/vc_column][\/mk_page_section][vc_row][vc_column width=\u00bb1\/6&#8243; css=\u00bb.vc_custom_1482138493235{padding-top: 50px !important;padding-bottom: 50px !important;}\u00bb][\/vc_column][vc_column width=\u00bb2\/3&#8243; css=\u00bb.vc_custom_1484556361887{padding-top: 30px !important;}\u00bb][vc_single_image image=\u00bb12176&#8243; img_size=\u00bbfull\u00bb alignment=\u00bbcenter\u00bb][mk_ornamental_title tag_name=\u00bbh3&#8243; font_family=\u00bbRaleway\u00bb font_type=\u00bbgoogle\u00bb font_size=\u00bb35&#8243; font_weight=\u00bb400&#8243; txt_transform=\u00bbnone\u00bb ornament_style=\u00bbnorman-single\u00bb ornament_color=\u00bb#c4c4c4&#8243; margin_top=\u00bb30&#8243;]Sala de prensa[\/mk_ornamental_title][vc_column_text css=\u00bb.vc_custom_1545907090792{margin-bottom: 0px !important;}\u00bb]Espacio reservado para los medios de comunicaci\u00f3n. Si no encuentras lo que necesitas, envia un correo electr\u00f3nico a <a href=\"mailto:comunicacio@consorciresidus.org\">comunicacio@consorciresidus.org<\/a>. Si quieres descargarte el logotipo del COR pincha este <a href=\"https:\/\/www.consorciresidus.org\/wp-content\/uploads\/2018\/12\/logotips.zip\" target=\"_blank\" rel=\"noopener\">enlace<\/a>.[\/vc_column_text][vc_empty_space][vc_column_text]<div class=\"dataset-content\">   \r\n             \r\n       <h3 class=\"dataset-heading\">\r\n               <a href=\"https:\/\/www.consorciresidus.org\/es\/download\/notas_de_prensa\/20181119_NdP_Barxeta-gestion-residuos.zip\" target=\"_blank\" title=\"Download Barxeta acoge este s\u00e1bado la Jornada \u2018Construint el futur de la Gesti\u00f3 de Residus&#039;\"><img decoding=\"async\" align=\"middle\" src=\"https:\/\/www.consorciresidus.org\/wp-content\/images\/fileicons\/zip.png\" alt=\"Barxeta acoge este s\u00e1bado la Jornada \u2018Construint el futur de la Gesti\u00f3 de Residus&#039;\" \/><\/a>\r\n               <a class=\"titulo\" href=\"https:\/\/www.consorciresidus.org\/es\/download\/notas_de_prensa\/20181119_NdP_Barxeta-gestion-residuos.zip\" title=\"Download Barxeta acoge este s\u00e1bado la Jornada \u2018Construint el futur de la Gesti\u00f3 de Residus&#039;\" target=\"_blank\" >Barxeta acoge este s\u00e1bado la Jornada \u2018Construint el futur de la Gesti\u00f3 de Residus&#039;<\/a>\r\n                <span class=\"recent-views\">19 noviembre, 2018<\/span>\r\n             \r\n       <\/h3>\r\n\r\n       <div class=\"notes\">        \r\n                     <p class=\"dataset-organization\">Organizada por el COR-V5 y la Plataforma contra l\u2019abocador de esta poblaci\u00f3n, pondr\u00e1 el foco en el papel cada vez m\u00e1s activo de la Sociedad civil en el \u00e1mbito de la economia circular.<br \/>\r\nEstar\u00e1 enmarcada en la Semana Europea de la Prevenci\u00f3n de Residuos. <span style=\"text-decoration: underline;\">Nota de prensa con imagen<\/span>.<br \/>\r\n<\/p>  \r\n                     <span class=\"peso\">1.1 MiB<\/span>\r\n       <\/div>\r\n      \r\n     \r\n<\/div>\r\n\r\n<div class=\"dataset-content\">   \r\n             \r\n       <h3 class=\"dataset-heading\">\r\n               <a href=\"https:\/\/www.consorciresidus.org\/es\/download\/notas_de_prensa\/20181114_NdP_Cor-presenta-histories-vall-verda.pdf.pdf\" target=\"_blank\" title=\"Download El COR-V5 pone el foco en La Vall d\u2019Albaida con el estreno de las \u2018Hist\u00f2ries de la Vall Verda\u2019\"><img decoding=\"async\" align=\"middle\" src=\"https:\/\/www.consorciresidus.org\/wp-content\/images\/fileicons\/pdf.png\" alt=\"El COR-V5 pone el foco en La Vall d\u2019Albaida con el estreno de las \u2018Hist\u00f2ries de la Vall Verda\u2019\" \/><\/a>\r\n               <a class=\"titulo\" href=\"https:\/\/www.consorciresidus.org\/es\/download\/notas_de_prensa\/20181114_NdP_Cor-presenta-histories-vall-verda.pdf.pdf\" title=\"Download El COR-V5 pone el foco en La Vall d\u2019Albaida con el estreno de las \u2018Hist\u00f2ries de la Vall Verda\u2019\" target=\"_blank\" >El COR-V5 pone el foco en La Vall d\u2019Albaida con el estreno de las \u2018Hist\u00f2ries de la Vall Verda\u2019<\/a>\r\n                <span class=\"recent-views\">14 noviembre, 2018<\/span>\r\n             \r\n       <\/h3>\r\n\r\n       <div class=\"notes\">        \r\n                     <p class=\"dataset-organization\">De contenido audiovisual, estar\u00e1n integradas por los cap\u00edtulos de \u2018El Capit\u00e0 Vall Verda\u2019 y las \u2018Docuhist\u00f2ries\u2019 y se destinar\u00e1n a todos los p\u00fablicos, aunque muy especialmente a las y los vecinos de La Vall d\u2019Albaida, por ofrecer contenido enfocado en esta regi\u00f3n. Cada lunes y jueves, el canal de Youtube del Consorci de Residus, ofrecer\u00e1 nuevas entregas.<\/p>  \r\n                     <span class=\"peso\">0.1 MiB<\/span>\r\n       <\/div>\r\n      \r\n     \r\n<\/div>\r\n\r\n<div class=\"dataset-content\">   \r\n             \r\n       <h3 class=\"dataset-heading\">\r\n               <a href=\"https:\/\/www.consorciresidus.org\/es\/download\/notas_de_prensa\/20181031_NdP_Recibo-se-contiene-2019.pdf\" target=\"_blank\" title=\"Download El recibo del COR se contiene en 2019\"><img decoding=\"async\" align=\"middle\" src=\"https:\/\/www.consorciresidus.org\/wp-content\/images\/fileicons\/pdf.png\" alt=\"El recibo del COR se contiene en 2019\" \/><\/a>\r\n               <a class=\"titulo\" href=\"https:\/\/www.consorciresidus.org\/es\/download\/notas_de_prensa\/20181031_NdP_Recibo-se-contiene-2019.pdf\" title=\"Download El recibo del COR se contiene en 2019\" target=\"_blank\" >El recibo del COR se contiene en 2019<\/a>\r\n                <span class=\"recent-views\">31 octubre, 2018<\/span>\r\n             \r\n       <\/h3>\r\n\r\n       <div class=\"notes\">        \r\n                     <p class=\"dataset-organization\">La bajada prevista para el pr\u00f3ximo a\u00f1o deja el recibo del Consorci de Residus en un precio medio de 69,74 euros, frente a los 70,07 euros del recibo anterior. 106.138 personas ya han utilizado las instalaciones del Consorci de Residus a la hora de reciclar, algo que denota el inter\u00e9s de la ciudadan\u00eda en el reciclaje y el \u00e9xito de las campa\u00f1as de concienciaci\u00f3n realizadas desde el COR. Las bonificaciones aumentar\u00e1n en un 24%, hasta situarse en los 284.000 euros. <br \/>\r\n <\/p>  \r\n                     <span class=\"peso\">0.1 MiB<\/span>\r\n       <\/div>\r\n      \r\n     \r\n<\/div>\r\n\r\n<div class=\"dataset-content\">   \r\n             \r\n       <h3 class=\"dataset-heading\">\r\n               <a href=\"https:\/\/www.consorciresidus.org\/es\/download\/notas_de_prensa\/20181030_NdP_Cor-trabajo-calidad.pdf\" target=\"_blank\" title=\"Download El COR ofrece trabajo de calidad\"><img decoding=\"async\" align=\"middle\" src=\"https:\/\/www.consorciresidus.org\/wp-content\/images\/fileicons\/pdf.png\" alt=\"El COR ofrece trabajo de calidad\" \/><\/a>\r\n               <a class=\"titulo\" href=\"https:\/\/www.consorciresidus.org\/es\/download\/notas_de_prensa\/20181030_NdP_Cor-trabajo-calidad.pdf\" title=\"Download El COR ofrece trabajo de calidad\" target=\"_blank\" >El COR ofrece trabajo de calidad<\/a>\r\n                <span class=\"recent-views\">30 octubre, 2018<\/span>\r\n             \r\n       <\/h3>\r\n\r\n       <div class=\"notes\">        \r\n                     <p class=\"dataset-organization\">Hace unos d\u00edas abr\u00eda el plazo para presentarse a las dos bolsas de empleo de t\u00e9cnicos y administrativos, cuyo plazo de recepci\u00f3n de solicitudes expira el mi\u00e9rcoles 7 de noviembre. Por otra parte, y enfocado a la realizaci\u00f3n de talleres de reciclaje destinados especialmente al p\u00fablico infantil, precisa de monitores.  <br \/>\r\n <\/p>  \r\n                     <span class=\"peso\">0.1 MiB<\/span>\r\n       <\/div>\r\n      \r\n     \r\n<\/div>\r\n\r\n<div class=\"dataset-content\">   \r\n             \r\n       <h3 class=\"dataset-heading\">\r\n               <a href=\"https:\/\/www.consorciresidus.org\/es\/download\/notas_de_prensa\/20180907_NdP_Cor-rechazo-vertedero.pdf\" target=\"_blank\" title=\"Download El COR se une al rechazo al vertedero de Barxeta\"><img decoding=\"async\" align=\"middle\" src=\"https:\/\/www.consorciresidus.org\/wp-content\/images\/fileicons\/pdf.png\" alt=\"El COR se une al rechazo al vertedero de Barxeta\" \/><\/a>\r\n               <a class=\"titulo\" href=\"https:\/\/www.consorciresidus.org\/es\/download\/notas_de_prensa\/20180907_NdP_Cor-rechazo-vertedero.pdf\" title=\"Download El COR se une al rechazo al vertedero de Barxeta\" target=\"_blank\" >El COR se une al rechazo al vertedero de Barxeta<\/a>\r\n                <span class=\"recent-views\">7 septiembre, 2018<\/span>\r\n             \r\n       <\/h3>\r\n\r\n       <div class=\"notes\">        \r\n                     <p class=\"dataset-organization\">El Consorci destaca la invasi\u00f3n de competencias (muchas de ellas ya asumidas por el COR) por parte de la empresa privada que lo quiere ubicar. El COR se encuentra en la actualidad inmerso en la planificaci\u00f3n y dise\u00f1o de plantas de escala media y avanza en el objetivo de modificar su proyecto de gesti\u00f3n adaptable a la nueva normativa.<\/p>  \r\n                     <span class=\"peso\">0.1 MiB<\/span>\r\n       <\/div>\r\n      \r\n     \r\n<\/div>\r\n\r\n<div class=\"dataset-content\">   \r\n             \r\n       <h3 class=\"dataset-heading\">\r\n               <a href=\"https:\/\/www.consorciresidus.org\/es\/download\/notas_de_prensa\/20180727_ndp_PIMA-illes-compostatge_es.zip\" target=\"_blank\" title=\"Download El Plan PIMA permitir\u00e1 poner en marcha 25 islas de compostaje en municipios del COR.\"><img decoding=\"async\" align=\"middle\" src=\"https:\/\/www.consorciresidus.org\/wp-content\/images\/fileicons\/zip.png\" alt=\"El Plan PIMA permitir\u00e1 poner en marcha 25 islas de compostaje en municipios del COR.\" \/><\/a>\r\n               <a class=\"titulo\" href=\"https:\/\/www.consorciresidus.org\/es\/download\/notas_de_prensa\/20180727_ndp_PIMA-illes-compostatge_es.zip\" title=\"Download El Plan PIMA permitir\u00e1 poner en marcha 25 islas de compostaje en municipios del COR.\" target=\"_blank\" >El Plan PIMA permitir\u00e1 poner en marcha 25 islas de compostaje en municipios del COR.<\/a>\r\n                <span class=\"recent-views\">27 agosto, 2018<\/span>\r\n             \r\n       <\/h3>\r\n\r\n       <div class=\"notes\">        \r\n                     <p class=\"dataset-organization\">Una ayuda del Plan de Impulso al Medio Ambiente (PIMA), de m\u00e1s de 540.000 euros, servir\u00e1 para poner en marcha el proyecto de instalaci\u00f3n de 25 islas de compostaje en municipios del COR y un programa de recogida de aceite usado en 67 localidades. <span style=\"text-decoration: underline;\">Nota de prensa con fotograf\u00edas<\/span>.<\/p>  \r\n                     <span class=\"peso\">5.8 MiB<\/span>\r\n       <\/div>\r\n      \r\n     \r\n<\/div>\r\n\r\n<span aria-label=\"P\u00e1gina 1\" aria-current=\"page\" class=\"page-numbers current\">1<\/span>\n<a aria-label=\"P\u00e1gina 2\" class=\"page-numbers\" href=\"\/es\/wp-json\/wp\/v2\/pages\/14785?wpfb_list_page=2\">2<\/a>\n<a aria-label=\"P\u00e1gina 3\" class=\"page-numbers\" href=\"\/es\/wp-json\/wp\/v2\/pages\/14785?wpfb_list_page=3\">3<\/a>\n<span class=\"page-numbers dots\">&hellip;<\/span>\n<a aria-label=\"P\u00e1gina 6\" class=\"page-numbers\" href=\"\/es\/wp-json\/wp\/v2\/pages\/14785?wpfb_list_page=6\">6<\/a>\n<a class=\"next page-numbers\" href=\"\/es\/wp-json\/wp\/v2\/pages\/14785?wpfb_list_page=2\">Siguiente &raquo;<\/a>\n[\/vc_column_text][\/vc_column][vc_column width=\u00bb1\/6&#8243;][\/vc_column][\/vc_row][vc_row css=\u00bb.vc_custom_1484556384523{padding-top: 30px !important;}\u00bb][vc_column width=\u00bb1\/6&#8243;][\/vc_column][vc_column width=\u00bb2\/3&#8243;][\/vc_column][vc_column width=\u00bb1\/6&#8243;][\/vc_column][\/vc_row]\n<div style=\"clear:both;\"><\/div>","protected":false},"excerpt":{"rendered":"<p>Sala de prensa del COR. Espacio reservado para los medios de comunicaci\u00f3n, con notas de prensa, comunicados y cualquier otra informaci\u00f3n del Consorcio.<\/p>\n","protected":false},"author":1,"featured_media":0,"parent":0,"menu_order":0,"comment_status":"closed","ping_status":"open","template":"","meta":{"footnotes":""},"class_list":["post-14785","page","type-page","status-publish","hentry"],"yoast_head":"<!-- This site is optimized with the Yoast SEO plugin v26.0 - https:\/\/yoast.com\/wordpress\/plugins\/seo\/ -->\n<title>Sala de prensa - Consorcio de Residuos V5 - COR<\/title>\n<meta name=\"description\" content=\"Sala de prensa del COR. Espacio reservado para los medios de comunicaci\u00f3n, con notas de prensa, comunicados y cualquier otra informaci\u00f3n del Consorcio.\" \/>\n<meta name=\"robots\" content=\"index, follow, max-snippet:-1, max-image-preview:large, max-video-preview:-1\" \/>\n<link rel=\"canonical\" href=\"https:\/\/www.consorciresidus.org\/es\/sala-de-prensa\/\" \/>\n<meta property=\"og:locale\" content=\"es_ES\" \/>\n<meta property=\"og:type\" content=\"article\" \/>\n<meta property=\"og:title\" content=\"Sala de prensa del COR\" \/>\n<meta property=\"og:description\" content=\"Sala de prensa del COR. Espacio reservado para los medios de comunicaci\u00f3n, con notas de prensa, comunicados y cualquier otra informaci\u00f3n del Consorcio.\" \/>\n<meta property=\"og:url\" content=\"https:\/\/www.consorciresidus.org\/es\/sala-de-prensa\/\" \/>\n<meta property=\"og:site_name\" content=\"Consorcio de Residuos V5 - COR\" \/>\n<meta property=\"article:modified_time\" content=\"2018-12-27T10:38:15+00:00\" \/>\n<meta property=\"og:image\" content=\"https:\/\/www.consorciresidus.org\/wp-content\/uploads\/2016\/12\/logo-2.jpg\" \/>\n\t<meta property=\"og:image:width\" content=\"390\" \/>\n\t<meta property=\"og:image:height\" content=\"191\" \/>\n\t<meta property=\"og:image:type\" content=\"image\/jpeg\" \/>\n<meta name=\"twitter:card\" content=\"summary_large_image\" \/>\n<meta name=\"twitter:title\" content=\"Sala de prensa del COR\" \/>\n<meta name=\"twitter:description\" content=\"Sala de prensa del COR. Espacio reservado para los medios de comunicaci\u00f3n, con notas de prensa, comunicados y cualquier otra informaci\u00f3n del Consorcio.\" \/>\n<meta name=\"twitter:image\" content=\"https:\/\/www.consorciresidus.org\/wp-content\/uploads\/2016\/12\/logo-2.jpg\" \/>\n<meta name=\"twitter:label1\" content=\"Tiempo de lectura\" \/>\n\t<meta name=\"twitter:data1\" content=\"1 minuto\" \/>\n<script type=\"application\/ld+json\" class=\"yoast-schema-graph\">{\"@context\":\"https:\/\/schema.org\",\"@graph\":[{\"@type\":\"WebPage\",\"@id\":\"https:\/\/www.consorciresidus.org\/es\/sala-de-prensa\/\",\"url\":\"https:\/\/www.consorciresidus.org\/es\/sala-de-prensa\/\",\"name\":\"Sala de prensa - Consorcio de Residuos V5 - COR\",\"isPartOf\":{\"@id\":\"https:\/\/www.consorciresidus.org\/#website\"},\"datePublished\":\"2016-11-30T00:48:36+00:00\",\"dateModified\":\"2018-12-27T10:38:15+00:00\",\"description\":\"Sala de prensa del COR. Espacio reservado para los medios de comunicaci\u00f3n, con notas de prensa, comunicados y cualquier otra informaci\u00f3n del Consorcio.\",\"inLanguage\":\"es\",\"potentialAction\":[{\"@type\":\"ReadAction\",\"target\":[\"https:\/\/www.consorciresidus.org\/es\/sala-de-prensa\/\"]}]},{\"@type\":\"WebSite\",\"@id\":\"https:\/\/www.consorciresidus.org\/#website\",\"url\":\"https:\/\/www.consorciresidus.org\/\",\"name\":\"Consorcio de Residuos V5 - COR\",\"description\":\"Consorcio para la gesti\u00f3n de residuos\",\"potentialAction\":[{\"@type\":\"SearchAction\",\"target\":{\"@type\":\"EntryPoint\",\"urlTemplate\":\"https:\/\/www.consorciresidus.org\/?s={search_term_string}\"},\"query-input\":{\"@type\":\"PropertyValueSpecification\",\"valueRequired\":true,\"valueName\":\"search_term_string\"}}],\"inLanguage\":\"es\"}]}<\/script>\n<!-- \/ Yoast SEO plugin. -->","yoast_head_json":{"title":"Sala de prensa - Consorcio de Residuos V5 - COR","description":"Sala de prensa del COR. Espacio reservado para los medios de comunicaci\u00f3n, con notas de prensa, comunicados y cualquier otra informaci\u00f3n del Consorcio.","robots":{"index":"index","follow":"follow","max-snippet":"max-snippet:-1","max-image-preview":"max-image-preview:large","max-video-preview":"max-video-preview:-1"},"canonical":"https:\/\/www.consorciresidus.org\/es\/sala-de-prensa\/","og_locale":"es_ES","og_type":"article","og_title":"Sala de prensa del COR","og_description":"Sala de prensa del COR. Espacio reservado para los medios de comunicaci\u00f3n, con notas de prensa, comunicados y cualquier otra informaci\u00f3n del Consorcio.","og_url":"https:\/\/www.consorciresidus.org\/es\/sala-de-prensa\/","og_site_name":"Consorcio de Residuos V5 - COR","article_modified_time":"2018-12-27T10:38:15+00:00","og_image":[{"width":390,"height":191,"url":"https:\/\/www.consorciresidus.org\/wp-content\/uploads\/2016\/12\/logo-2.jpg","type":"image\/jpeg"}],"twitter_card":"summary_large_image","twitter_title":"Sala de prensa del COR","twitter_description":"Sala de prensa del COR. Espacio reservado para los medios de comunicaci\u00f3n, con notas de prensa, comunicados y cualquier otra informaci\u00f3n del Consorcio.","twitter_image":"https:\/\/www.consorciresidus.org\/wp-content\/uploads\/2016\/12\/logo-2.jpg","twitter_misc":{"Tiempo de lectura":"1 minuto"},"schema":{"@context":"https:\/\/schema.org","@graph":[{"@type":"WebPage","@id":"https:\/\/www.consorciresidus.org\/es\/sala-de-prensa\/","url":"https:\/\/www.consorciresidus.org\/es\/sala-de-prensa\/","name":"Sala de prensa - Consorcio de Residuos V5 - COR","isPartOf":{"@id":"https:\/\/www.consorciresidus.org\/#website"},"datePublished":"2016-11-30T00:48:36+00:00","dateModified":"2018-12-27T10:38:15+00:00","description":"Sala de prensa del COR. Espacio reservado para los medios de comunicaci\u00f3n, con notas de prensa, comunicados y cualquier otra informaci\u00f3n del Consorcio.","inLanguage":"es","potentialAction":[{"@type":"ReadAction","target":["https:\/\/www.consorciresidus.org\/es\/sala-de-prensa\/"]}]},{"@type":"WebSite","@id":"https:\/\/www.consorciresidus.org\/#website","url":"https:\/\/www.consorciresidus.org\/","name":"Consorcio de Residuos V5 - COR","description":"Consorcio para la gesti\u00f3n de residuos","potentialAction":[{"@type":"SearchAction","target":{"@type":"EntryPoint","urlTemplate":"https:\/\/www.consorciresidus.org\/?s={search_term_string}"},"query-input":{"@type":"PropertyValueSpecification","valueRequired":true,"valueName":"search_term_string"}}],"inLanguage":"es"}]}},"_links":{"self":[{"href":"https:\/\/www.consorciresidus.org\/es\/wp-json\/wp\/v2\/pages\/14785","targetHints":{"allow":["GET"]}}],"collection":[{"href":"https:\/\/www.consorciresidus.org\/es\/wp-json\/wp\/v2\/pages"}],"about":[{"href":"https:\/\/www.consorciresidus.org\/es\/wp-json\/wp\/v2\/types\/page"}],"author":[{"embeddable":true,"href":"https:\/\/www.consorciresidus.org\/es\/wp-json\/wp\/v2\/users\/1"}],"replies":[{"embeddable":true,"href":"https:\/\/www.consorciresidus.org\/es\/wp-json\/wp\/v2\/comments?post=14785"}],"version-history":[{"count":12,"href":"https:\/\/www.consorciresidus.org\/es\/wp-json\/wp\/v2\/pages\/14785\/revisions"}],"predecessor-version":[{"id":20869,"href":"https:\/\/www.consorciresidus.org\/es\/wp-json\/wp\/v2\/pages\/14785\/revisions\/20869"}],"wp:attachment":[{"href":"https:\/\/www.consorciresidus.org\/es\/wp-json\/wp\/v2\/media?parent=14785"}],"curies":[{"name":"wp","href":"https:\/\/api.w.org\/{rel}","templated":true}]}}