 



{"id":16941,"date":"2017-05-10T00:47:54","date_gmt":"2017-05-10T00:47:54","guid":{"rendered":"https:\/\/www.consorciresidus.org\/compostatge-domestic-aiora\/"},"modified":"2018-01-08T10:37:12","modified_gmt":"2018-01-08T10:37:12","slug":"compostaje-domestico-ayora","status":"publish","type":"page","link":"https:\/\/www.consorciresidus.org\/es\/compostaje-domestico-ayora\/","title":{"rendered":"Compostaje dom\u00e9stico en Ayora"},"content":{"rendered":"[mk_page_section bg_image=\u00bbhttps:\/\/www.consorciresidus.org\/wp-content\/uploads\/2017\/05\/ayora-compost-10.jpg\u00bb bg_position=\u00bbcenter center\u00bb bg_repeat=\u00bbno-repeat\u00bb bg_stretch=\u00bbtrue\u00bb enable_3d=\u00bbtrue\u00bb min_height=\u00bb0&#8243; full_width=\u00bbtrue\u00bb full_height=\u00bbtrue\u00bb padding_top=\u00bb0&#8243; padding_bottom=\u00bb0&#8243; skip_arrow=\u00bbtrue\u00bb visibility=\u00bbhidden-sm\u00bb sidebar=\u00bbsidebar-1&#8243;][vc_column blend_mode=\u00bbdarken\u00bb][vc_row_inner is_fullwidth_content=\u00bbfalse\u00bb css=\u00bb.vc_custom_1495046139295{padding-right: 10% !important;padding-left: 10% !important;background-color: rgba(0,0,0,0.34) !important;*background-color: rgb(0,0,0) !important;}\u00bb][vc_column_inner][vc_custom_heading text=\u00bbLos residuos como recurso\u00bb font_container=\u00bbtag:h2|font_size:6em|text_align:left|color:%23ffffff|line_height:1em\u00bb google_fonts=\u00bbfont_family:Raleway%3A100%2C200%2C300%2Cregular%2C500%2C600%2C700%2C800%2C900|font_style:700%20bold%20regular%3A700%3Anormal\u00bb css=\u00bb.vc_custom_1495096378387{padding-top: 20px !important;padding-right: 20px !important;padding-bottom: 20px !important;padding-left: 20px !important;}\u00bb el_class=\u00bbsombra-title\u00bb][vc_custom_heading text=\u00bbCompostaje dom\u00e9stico en Ayora\u00bb font_container=\u00bbtag:h2|font_size:4em|text_align:left|color:%23fed500|line_height:1em\u00bb google_fonts=\u00bbfont_family:Raleway%3A100%2C200%2C300%2Cregular%2C500%2C600%2C700%2C800%2C900|font_style:400%20regular%3A400%3Anormal\u00bb css=\u00bb.vc_custom_1495096394042{margin-top: -60px !important;padding-top: 20px !important;padding-right: 20px !important;padding-bottom: 20px !important;padding-left: 20px !important;}\u00bb el_class=\u00bbsombra-title\u00bb][\/vc_column_inner][\/vc_row_inner][vc_row_inner css=\u00bb.vc_custom_1494950252377{padding-right: 10% !important;padding-left: 10% !important;background-color: rgba(0,0,0,0.34) !important;*background-color: rgb(0,0,0) !important;}\u00bb][vc_column_inner width=\u00bb1\/2&#8243;][vc_custom_heading text=\u00bbCompostar en casa\u00bb font_container=\u00bbtag:h3|text_align:left|color:%23ffffff\u00bb google_fonts=\u00bbfont_family:Raleway%3A100%2C200%2C300%2Cregular%2C500%2C600%2C700%2C800%2C900|font_style:400%20regular%3A400%3Anormal\u00bb css=\u00bb.vc_custom_1495096558715{padding-left: 20px !important;}\u00bb link=\u00bburl:%23primer|||\u00bb el_class=\u00bbsombra-subtitle\u00bb][vc_column_text el_class=\u00bbsombra-subtitle\u00bb]\n<p class=\"subtitle\">Olvidarse de la bolsa gris<\/p>\n[\/vc_column_text][vc_custom_heading text=\u00bbFormar y acompa\u00f1ar\u00bb font_container=\u00bbtag:h3|text_align:left|color:%23ffffff\u00bb google_fonts=\u00bbfont_family:Raleway%3A100%2C200%2C300%2Cregular%2C500%2C600%2C700%2C800%2C900|font_style:400%20regular%3A400%3Anormal\u00bb css=\u00bb.vc_custom_1495096642954{padding-left: 20px !important;}\u00bb link=\u00bburl:%23segon|||\u00bb el_class=\u00bbsombra-subtitle\u00bb][vc_column_text el_class=\u00bbsombra-subtitle\u00bb]\n<p class=\"subtitle\">Gestionando los propios residuos<\/p>\n[\/vc_column_text][\/vc_column_inner][vc_column_inner width=\u00bb1\/2&#8243;][vc_custom_heading text=\u00bbCompostaje comunitario\u00bb font_container=\u00bbtag:h3|text_align:left|color:%23ffffff\u00bb google_fonts=\u00bbfont_family:Raleway%3A100%2C200%2C300%2Cregular%2C500%2C600%2C700%2C800%2C900|font_style:400%20regular%3A400%3Anormal\u00bb css=\u00bb.vc_custom_1495096677055{padding-left: 20px !important;}\u00bb link=\u00bburl:%23quint|||\u00bb el_class=\u00bbsombra-subtitle\u00bb][vc_column_text el_class=\u00bbsombra-subtitle\u00bb]\n<p class=\"subtitle\">Responsabilizaci\u00f3n colectiva<\/p>\n[\/vc_column_text][vc_custom_heading text=\u00bbEl ideal del puerta a puerta<br \/>\n\u00bb font_container=\u00bbtag:h3|text_align:left|color:%23ffffff\u00bb google_fonts=\u00bbfont_family:Raleway%3A100%2C200%2C300%2Cregular%2C500%2C600%2C700%2C800%2C900|font_style:400%20regular%3A400%3Anormal\u00bb css=\u00bb.vc_custom_1495096712223{padding-left: 20px !important;}\u00bb link=\u00bburl:%23quart|||\u00bb el_class=\u00bbsombra-subtitle\u00bb][vc_column_text el_class=\u00bbsombra-subtitle\u00bb]\n<p class=\"subtitle\">Cerrando el c\u00edrculo de los residuos<\/p>\n[\/vc_column_text][\/vc_column_inner][\/vc_row_inner][\/vc_column][\/mk_page_section][mk_page_section bg_image=\u00bbhttps:\/\/www.consorciresidus.org\/wp-content\/uploads\/2017\/05\/ayora-2.jpg\u00bb bg_position=\u00bbcenter center\u00bb bg_repeat=\u00bbno-repeat\u00bb bg_stretch=\u00bbtrue\u00bb enable_3d=\u00bbtrue\u00bb min_height=\u00bb211&#8243; full_width=\u00bbtrue\u00bb js_vertical_centered=\u00bbtrue\u00bb padding_top=\u00bb0&#8243; padding_bottom=\u00bb0&#8243; visibility=\u00bbvisible-sm\u00bb sidebar=\u00bbsidebar-1&#8243;][vc_column blend_mode=\u00bbdarken\u00bb][vc_row_inner is_fullwidth_content=\u00bbfalse\u00bb css=\u00bb.vc_custom_1488183455158{padding-right: 10% !important;padding-left: 10% !important;background-color: rgba(0,0,0,0.24) !important;*background-color: rgb(0,0,0) !important;}\u00bb][vc_column_inner][vc_custom_heading text=\u00bbLos residuos como recurso\u00bb font_container=\u00bbtag:h2|font_size:2.7em|text_align:left|color:%23ffffff|line_height:1em\u00bb google_fonts=\u00bbfont_family:Raleway%3A100%2C200%2C300%2Cregular%2C500%2C600%2C700%2C800%2C900|font_style:500%20bold%20regular%3A500%3Anormal\u00bb css=\u00bb.vc_custom_1495096778835{margin-bottom: 0px !important;padding-top: 15px !important;}\u00bb el_class=\u00bbsombra-title\u00bb][vc_custom_heading text=\u00bbCompostaje dom\u00e9stico en Ayora\u00bb font_container=\u00bbtag:h2|font_size:1.6em|text_align:left|color:%23fed500|line_height:1.3em\u00bb google_fonts=\u00bbfont_family:Raleway%3A100%2C200%2C300%2Cregular%2C500%2C600%2C700%2C800%2C900|font_style:400%20regular%3A400%3Anormal\u00bb el_class=\u00bbsombra-title\u00bb][\/vc_column_inner][\/vc_row_inner][\/vc_column][\/mk_page_section][vc_row css=\u00bb.vc_custom_1487607476970{margin-top: 30px !important;background-color: #f2f2f2 !important;}\u00bb][vc_column][vc_row_inner css=\u00bb.vc_custom_1487607433646{padding-top: 30px !important;padding-bottom: 40px !important;}\u00bb][vc_column_inner][mk_dropcaps style=\u00bbfancy-style\u00bb]D[\/mk_dropcaps][vc_column_text]e los diferentes sistemas de recogida selectiva de residuos, el puerta a puerta es el que ofrece mejores resultados. El municipio de Ayora, en el Valle de Ayora-Cofrentes, ha puesto en marcha un proyecto con el objetivo final de implantarlo para la materia org\u00e1nica y la fracci\u00f3n resto. De esta manera se aspira a mejorar el porcentaje de recogida selectiva y cumplir con los objetivos de reciclaje marcados para el a\u00f1o 2020. Para comenzar un verdadero cambio en la gesti\u00f3n de los residuos, por iniciativa municipal un buen grupo de ciudadanos ha empezado a compostar su propia materia org\u00e1nica en casa. Un plan que se aplicar\u00e1 de manera escalonada y que en \u00faltima instancia pretende gestionar localmente todos los residuos org\u00e1nicos del municipio.[\/vc_column_text][\/vc_column_inner][\/vc_row_inner][\/vc_column][\/vc_row][vc_row][vc_column][vc_row_inner css=\u00bb.vc_custom_1487606058823{padding-top: 100px !important;}\u00bb el_class=\u00bbprimer-title\u00bb el_id=\u00bbprimer\u00bb][vc_column_inner][mk_ornamental_title font_family=\u00bbnone\u00bb font_size=\u00bb38&#8243; font_weight=\u00bb300&#8243; ornament_style=\u00bbnorman-single\u00bb ornament_color=\u00bb#bfbfbf\u00bb margin_top=\u00bb-20&#8243;]\n<p style=\"text-align: left;\">Compostar en casa<\/p>\n[\/mk_ornamental_title][\/vc_column_inner][\/vc_row_inner][\/vc_column][\/vc_row][mk_page_section layout_structure=\u00bbhalf_right\u00bb bg_image=\u00bbhttps:\/\/www.consorciresidus.org\/wp-content\/uploads\/2017\/05\/ayora-3.jpg\u00bb min_height=\u00bb0&#8243; js_vertical_centered=\u00bbtrue\u00bb padding_top=\u00bb0&#8243; padding_bottom=\u00bb0&#8243; el_class=\u00bbdiv-total\u00bb][vc_column][mk_dropcaps style=\u00bbfancy-style\u00bb]M[\/mk_dropcaps][vc_column_text]anuel C\u00e1mara ya no deposita la materia org\u00e1nica dentro de la bolsa gris. Desde hace unos meses dispone de un compostador dom\u00e9stico, proporcionado por el Ayuntamiento. Peri\u00f3dicamente, coloca la materia org\u00e1nica que desecha la familia en el compostador, que despu\u00e9s de unos meses ya ha empezado a dar los primeros resultados. Produce un compost de primera calidad, \u00f3ptimo para abonar las plantas plantadas en macetas y las del jard\u00edn de la vivienda.<\/p>\n<p>La experiencia ha representado muchos cambios en la gesti\u00f3n de los residuos dom\u00e9sticos. Este vecino de Ayora explica que \u00abpr\u00e1cticamente no ponemos nada en la bolsa gris, y cuando la sacamos pesa muy poco. A veces nos olvidamos de ella durante muchos d\u00edas, porque ni se llena ni emite malos olores. Sobre la rutina de gestionar el compostador, asegura que \u00ablo prefiero a tener que sacar la basura cada noche, una cosa que ya no tengo que hacer\u00bb.[\/vc_column_text][\/vc_column][\/mk_page_section][mk_page_section min_height=\u00bb62&#8243; sidebar=\u00bbsidebar-1&#8243;][vc_column][\/vc_column][\/mk_page_section][vc_row css=\u00bb.vc_custom_1487618662848{padding-top: 60px !important;padding-bottom: 40px !important;background-color: #f2f2f2 !important;}\u00bb id=\u00bbsegon\u00bb][vc_column][mk_ornamental_title font_family=\u00bbnone\u00bb font_size=\u00bb38&#8243; font_weight=\u00bb300&#8243; ornament_style=\u00bbnorman-single\u00bb ornament_color=\u00bb#bfbfbf\u00bb margin_top=\u00bb-20&#8243;]\n<p class=\"vc_custom_heading sombra-subtitle vc_custom_1487331673580\">Formar y acompa\u00f1ar<\/p>\n[\/mk_ornamental_title][vc_single_image image=\u00bb16913&#8243; img_size=\u00bbfull\u00bb alignment=\u00bbcenter\u00bb][vc_row_inner][vc_column_inner width=\u00bb1\/2&#8243;][mk_dropcaps style=\u00bbfancy-style\u00bb]C[\/mk_dropcaps][vc_column_text]\u00e1mara es uno de los participantes en un proyecto innovador liderado por el Ayuntamiento de Ayora, que quiere extender el compostaje dom\u00e9stico entre los ciudadanos. La iniciativa empieza con talleres de formaci\u00f3n, por los que han pasado m\u00e1s de 110 personas. Los participantes tienen despu\u00e9s la posibilidad de quedarse con un compostador dom\u00e9stico, proporcionado por el Ayuntamiento, adem\u00e1s de un manual de uso, material estructurante y un pu\u00f1ado de compost con lombrices, que incorporadas al compostador hacen de factor acelerador de la descomposici\u00f3n de la materia org\u00e1nica.[\/vc_column_text][vc_column_text][\/vc_column_text][\/vc_column_inner][vc_column_inner width=\u00bb1\/2&#8243;][vc_column_text]\n<p align=\"left\">Los ciudadanos se convierten, as\u00ed, en gestores de sus propios residuos. Adem\u00e1s de la formaci\u00f3n inicial, tienen la posibilidad de resolver todas las dudas que se les puedan plantear en persona, por tel\u00e9fono o correo electr\u00f3nico. La gesti\u00f3n del compostador, que hay que mantener al nivel de humedad y porosidad adecuados para que funcione correctamente, es lo que suscita m\u00e1s consultas. En este aspecto, los alumnos han de ser aplicados. El Ayuntamiento, por su parte, realiza un seguimiento de todos los participantes en el programa. Se calcula que unas 25 toneladas anuales de residuos ya son gestionadas por los propios ciudadanos.<\/p>\n[\/vc_column_text][\/vc_column_inner][\/vc_row_inner][\/vc_column][\/vc_row][vc_row css=\u00bb.vc_custom_1487615172440{padding-top: 100px !important;padding-bottom: 40px !important;}\u00bb id=\u00bbquint\u00bb][vc_column][mk_ornamental_title font_family=\u00bbnone\u00bb font_size=\u00bb38&#8243; font_weight=\u00bb300&#8243; ornament_style=\u00bbnorman-single\u00bb ornament_color=\u00bb#bfbfbf\u00bb margin_top=\u00bb-20&#8243;]Compostaje comunitario[\/mk_ornamental_title][vc_single_image image=\u00bb16911&#8243; img_size=\u00bbfull\u00bb alignment=\u00bbcenter\u00bb][vc_row_inner][vc_column_inner width=\u00bb1\/3&#8243;][mk_dropcaps style=\u00bbfancy-style\u00bb]P[\/mk_dropcaps][vc_column_text]or las caracter\u00edsticas de la urbanizaci\u00f3n de Ayora, el compostaje dom\u00e9stico es una acci\u00f3n con mucho recorrido. Pero tambi\u00e9n existen viviendas sin suficiente espacio para instalar un compostador. Por eso tambi\u00e9n se pondr\u00e1 en pr\u00e1ctica un sistema de compostaje comunitario. Se dirige a colectivos que quieren participar directamente en la gesti\u00f3n de los residuos org\u00e1nicos, con un fuerte componente educativo y de sensibilizaci\u00f3n.[\/vc_column_text][\/vc_column_inner][vc_column_inner width=\u00bb1\/3&#8243;][vc_column_text]\n<p align=\"left\">As\u00ed que el Ayuntamiento colocar\u00e1 unas cuantas zonas colectivas de compostaje, en espacios p\u00fablicos como parques y jardines. A estas \u00e1reas podr\u00e1n acceder los vecinos inscritos en el programa. Habr\u00e1 compostadores de 800 litros de capacidad, a raz\u00f3n de dos por cada siete familias. A parte de una fuerte concienciaci\u00f3n vecinal en relaci\u00f3n al tratamiento de los residuos, la iniciativa del compostaje comunitario tambi\u00e9n implica fortalecer el tejido de relaciones en la comunidad.<\/p>\n[\/vc_column_text][\/vc_column_inner][vc_column_inner width=\u00bb1\/3&#8243;][mk_blockquote font_family=\u00bbnone\u00bb]\n<p align=\"left\">Las zonas de compostaje comunitario ser\u00e1n gestionadas por los propios participantes, con turnos de tres meses por cada responsable.<\/p>\n[\/mk_blockquote][vc_column_text]Se empezar\u00e1 en la escuela Isidro Girant, donde los alumnos depositar\u00e1n los biorresiduos generados en el comedor en las zonas de compostaje comunitario.[\/vc_column_text][\/vc_column_inner][\/vc_row_inner][\/vc_column][\/vc_row][vc_row css=\u00bb.vc_custom_1487615155556{padding-top: 100px !important;padding-bottom: 15px !important;background-color: #ededed !important;}\u00bb id=\u00bbquart\u00bb][vc_column][mk_ornamental_title font_family=\u00bbnone\u00bb font_size=\u00bb38&#8243; font_weight=\u00bb300&#8243; ornament_style=\u00bbnorman-single\u00bb ornament_color=\u00bb#bfbfbf\u00bb margin_top=\u00bb-20&#8243;]El ideal del puerta a puerta[\/mk_ornamental_title][vc_row_inner][vc_column_inner width=\u00bb1\/2&#8243;][mk_dropcaps style=\u00bbfancy-style\u00bb]C[\/mk_dropcaps][vc_column_text]ompostaje dom\u00e9stico, compostaje comunitario, puerta a puerta. La tercera parte del proyecto pretende implantar el sistema que ofrece mejores resultados en la recogida selectiva. De hecho, seg\u00fan los datos de algunas experiencias municipales, con el puerta a puerta se consigue entre el 60-80% de residuos recogidos selectivamente, frente al 20-50% del sistema de contenedores. El puerta a puerta de Ayora, de fracci\u00f3n org\u00e1nica y fracci\u00f3n resto, empezar\u00e1 con un proyecto piloto en el barrio de Chichiles. 344 habitantes, repartidos en 144 unidades familiares, de las que se calcula que se recoger\u00e1n cerca de 50 toneladas de materia org\u00e1nica anual. Una propuesta que necesitar\u00e1 de un cambio en la manera de hacer de los ciudadanos, que obtendr\u00e1n nuevos materiales ofrecidos por el ayuntamiento, y tambi\u00e9n en los medios de recogida municipales.<\/p>\n<p lang=\"es-ES\">Pero antes de la implantaci\u00f3n del puerta a puerta ser\u00e1 necesaria la instalaci\u00f3n de una microplanta de compostaje comunitario que sea capaz de gestionar las 50 toneladas de materia org\u00e1nica anual. Sin la planta, no se puede cerrar el c\u00edrculo y completar la gesti\u00f3n local de los residuos org\u00e1nicos.<\/p>\n[\/vc_column_text][\/vc_column_inner][vc_column_inner width=\u00bb1\/2&#8243;][mk_blockquote font_family=\u00bbnone\u00bb]\n<p align=\"left\">La implantaci\u00f3n de un cambio como el puerta a puerta necesitar\u00e1 de una fuerte campa\u00f1a de divulgaci\u00f3n entre los vecinos, que tendr\u00e1n que cambiar buena parte de sus h\u00e1bitos de gesti\u00f3n de residuos. As\u00ed que previamente se realizar\u00e1n coloquios informativos, mesas de debate e informaci\u00f3n a trav\u00e9s de los canales de comunicaci\u00f3n municipales. Tambi\u00e9n se tendr\u00e1n que suministrar nuevos materiales para utilizar en el \u00e1mbito dom\u00e9stico y comercial, como cubos adecuados y bolsas compostables. Por su parte, el Ayuntamiento tendr\u00e1 que adaptar sus veh\u00edculos y medios de recogida al nuevo sistema.<\/p>\n[\/mk_blockquote][vc_column_text]La instalaci\u00f3n se ubicar\u00e1 donde estar\u00e1 la futura planta de compostaje, al lado del ecoparque municipal. El compost obtenido podr\u00e1 ser utilizado por los vecinos de Ayora. Eso servir\u00e1 como importante elemento de sensibilizaci\u00f3n de los ciudadanos, que podr\u00e1n comprobar en la pr\u00e1ctica que los residuos se pueden tratar como un recurso aprovechable.[\/vc_column_text][\/vc_column_inner][\/vc_row_inner][mk_gallery images=\u00bb16726,16737,16749,16735,16741,16729,16731,16759,16753,16747,16743,16751&#8243; column=\u00bb4&#8243; height=\u00bb152&#8243; item_spacing=\u00bb10&#8243;][vc_empty_space height=\u00bb60px\u00bb][\/vc_column][\/vc_row]\n<div style=\"clear:both;\"><\/div>","protected":false},"excerpt":{"rendered":"<p>Un grupo de ciudadanos de Ayora, por iniciativa municipal, han comenzado a compostar los residuos org\u00e1nicos del hogar. Es el primer paso de un plan que tiene el objetivo de gestionar localmente toda la materia org\u00e1nica del municipio.<\/p>\n","protected":false},"author":1,"featured_media":16715,"parent":0,"menu_order":0,"comment_status":"closed","ping_status":"closed","template":"","meta":{"footnotes":""},"class_list":["post-16941","page","type-page","status-publish","has-post-thumbnail","hentry"],"yoast_head":"<!-- This site is optimized with the Yoast SEO plugin v26.0 - https:\/\/yoast.com\/wordpress\/plugins\/seo\/ -->\n<title>Compostaje dom\u00e9stico en Ayora - Consorcio de Residuos V5 - COR<\/title>\n<meta name=\"description\" content=\"Compostaje dom\u00e9stico en Ayora. El primer paso de un plan que tiene el objetivo de gestionar localmente toda la materia org\u00e1nica del municipio.\" \/>\n<meta name=\"robots\" content=\"index, follow, max-snippet:-1, max-image-preview:large, max-video-preview:-1\" \/>\n<link rel=\"canonical\" href=\"https:\/\/www.consorciresidus.org\/es\/compostaje-domestico-ayora\/\" \/>\n<meta property=\"og:locale\" content=\"es_ES\" \/>\n<meta property=\"og:type\" content=\"article\" \/>\n<meta property=\"og:title\" content=\"Compostaje dom\u00e9stico en Ayora\" \/>\n<meta property=\"og:description\" content=\"Compostaje dom\u00e9stico en Ayora. El primer paso de un plan que tiene el objetivo de gestionar localmente toda la materia org\u00e1nica del municipio.\" \/>\n<meta property=\"og:url\" content=\"https:\/\/www.consorciresidus.org\/es\/compostaje-domestico-ayora\/\" \/>\n<meta property=\"og:site_name\" content=\"Consorcio de Residuos V5 - COR\" \/>\n<meta property=\"article:modified_time\" content=\"2018-01-08T10:37:12+00:00\" \/>\n<meta property=\"og:image\" content=\"https:\/\/www.consorciresidus.org\/wp-content\/uploads\/2017\/05\/ayora-2.jpg\" \/>\n\t<meta property=\"og:image:width\" content=\"1920\" \/>\n\t<meta property=\"og:image:height\" content=\"1275\" \/>\n\t<meta property=\"og:image:type\" content=\"image\/jpeg\" \/>\n<meta name=\"twitter:card\" content=\"summary_large_image\" \/>\n<meta name=\"twitter:title\" content=\"Compostaje dom\u00e9stico en Ayora\" \/>\n<meta name=\"twitter:description\" content=\"Compostaje dom\u00e9stico en Ayora. El primer paso de un plan que tiene el objetivo de gestionar localmente toda la materia org\u00e1nica del municipio.\" \/>\n<meta name=\"twitter:image\" content=\"https:\/\/www.consorciresidus.org\/wp-content\/uploads\/2017\/05\/ayora-2.jpg\" \/>\n<meta name=\"twitter:label1\" content=\"Tiempo de lectura\" \/>\n\t<meta name=\"twitter:data1\" content=\"11 minutos\" \/>\n<script type=\"application\/ld+json\" class=\"yoast-schema-graph\">{\"@context\":\"https:\/\/schema.org\",\"@graph\":[{\"@type\":\"WebPage\",\"@id\":\"https:\/\/www.consorciresidus.org\/es\/compostaje-domestico-ayora\/\",\"url\":\"https:\/\/www.consorciresidus.org\/es\/compostaje-domestico-ayora\/\",\"name\":\"Compostaje dom\u00e9stico en Ayora - Consorcio de Residuos V5 - COR\",\"isPartOf\":{\"@id\":\"https:\/\/www.consorciresidus.org\/#website\"},\"primaryImageOfPage\":{\"@id\":\"https:\/\/www.consorciresidus.org\/es\/compostaje-domestico-ayora\/#primaryimage\"},\"image\":{\"@id\":\"https:\/\/www.consorciresidus.org\/es\/compostaje-domestico-ayora\/#primaryimage\"},\"thumbnailUrl\":\"https:\/\/www.consorciresidus.org\/wp-content\/uploads\/2017\/05\/ayora-2.jpg\",\"datePublished\":\"2017-05-10T00:47:54+00:00\",\"dateModified\":\"2018-01-08T10:37:12+00:00\",\"description\":\"Compostaje dom\u00e9stico en Ayora. El primer paso de un plan que tiene el objetivo de gestionar localmente toda la materia org\u00e1nica del municipio.\",\"inLanguage\":\"es\",\"potentialAction\":[{\"@type\":\"ReadAction\",\"target\":[\"https:\/\/www.consorciresidus.org\/es\/compostaje-domestico-ayora\/\"]}]},{\"@type\":\"ImageObject\",\"inLanguage\":\"es\",\"@id\":\"https:\/\/www.consorciresidus.org\/es\/compostaje-domestico-ayora\/#primaryimage\",\"url\":\"https:\/\/www.consorciresidus.org\/wp-content\/uploads\/2017\/05\/ayora-2.jpg\",\"contentUrl\":\"https:\/\/www.consorciresidus.org\/wp-content\/uploads\/2017\/05\/ayora-2.jpg\",\"width\":1920,\"height\":1275,\"caption\":\"Compostaje dom\u00e9stico en Ayora\"},{\"@type\":\"WebSite\",\"@id\":\"https:\/\/www.consorciresidus.org\/#website\",\"url\":\"https:\/\/www.consorciresidus.org\/\",\"name\":\"Consorcio de Residuos V5 - COR\",\"description\":\"Consorcio para la gesti\u00f3n de residuos\",\"potentialAction\":[{\"@type\":\"SearchAction\",\"target\":{\"@type\":\"EntryPoint\",\"urlTemplate\":\"https:\/\/www.consorciresidus.org\/?s={search_term_string}\"},\"query-input\":{\"@type\":\"PropertyValueSpecification\",\"valueRequired\":true,\"valueName\":\"search_term_string\"}}],\"inLanguage\":\"es\"}]}<\/script>\n<!-- \/ Yoast SEO plugin. -->","yoast_head_json":{"title":"Compostaje dom\u00e9stico en Ayora - Consorcio de Residuos V5 - COR","description":"Compostaje dom\u00e9stico en Ayora. El primer paso de un plan que tiene el objetivo de gestionar localmente toda la materia org\u00e1nica del municipio.","robots":{"index":"index","follow":"follow","max-snippet":"max-snippet:-1","max-image-preview":"max-image-preview:large","max-video-preview":"max-video-preview:-1"},"canonical":"https:\/\/www.consorciresidus.org\/es\/compostaje-domestico-ayora\/","og_locale":"es_ES","og_type":"article","og_title":"Compostaje dom\u00e9stico en Ayora","og_description":"Compostaje dom\u00e9stico en Ayora. El primer paso de un plan que tiene el objetivo de gestionar localmente toda la materia org\u00e1nica del municipio.","og_url":"https:\/\/www.consorciresidus.org\/es\/compostaje-domestico-ayora\/","og_site_name":"Consorcio de Residuos V5 - COR","article_modified_time":"2018-01-08T10:37:12+00:00","og_image":[{"width":1920,"height":1275,"url":"https:\/\/www.consorciresidus.org\/wp-content\/uploads\/2017\/05\/ayora-2.jpg","type":"image\/jpeg"}],"twitter_card":"summary_large_image","twitter_title":"Compostaje dom\u00e9stico en Ayora","twitter_description":"Compostaje dom\u00e9stico en Ayora. El primer paso de un plan que tiene el objetivo de gestionar localmente toda la materia org\u00e1nica del municipio.","twitter_image":"https:\/\/www.consorciresidus.org\/wp-content\/uploads\/2017\/05\/ayora-2.jpg","twitter_misc":{"Tiempo de lectura":"11 minutos"},"schema":{"@context":"https:\/\/schema.org","@graph":[{"@type":"WebPage","@id":"https:\/\/www.consorciresidus.org\/es\/compostaje-domestico-ayora\/","url":"https:\/\/www.consorciresidus.org\/es\/compostaje-domestico-ayora\/","name":"Compostaje dom\u00e9stico en Ayora - Consorcio de Residuos V5 - COR","isPartOf":{"@id":"https:\/\/www.consorciresidus.org\/#website"},"primaryImageOfPage":{"@id":"https:\/\/www.consorciresidus.org\/es\/compostaje-domestico-ayora\/#primaryimage"},"image":{"@id":"https:\/\/www.consorciresidus.org\/es\/compostaje-domestico-ayora\/#primaryimage"},"thumbnailUrl":"https:\/\/www.consorciresidus.org\/wp-content\/uploads\/2017\/05\/ayora-2.jpg","datePublished":"2017-05-10T00:47:54+00:00","dateModified":"2018-01-08T10:37:12+00:00","description":"Compostaje dom\u00e9stico en Ayora. El primer paso de un plan que tiene el objetivo de gestionar localmente toda la materia org\u00e1nica del municipio.","inLanguage":"es","potentialAction":[{"@type":"ReadAction","target":["https:\/\/www.consorciresidus.org\/es\/compostaje-domestico-ayora\/"]}]},{"@type":"ImageObject","inLanguage":"es","@id":"https:\/\/www.consorciresidus.org\/es\/compostaje-domestico-ayora\/#primaryimage","url":"https:\/\/www.consorciresidus.org\/wp-content\/uploads\/2017\/05\/ayora-2.jpg","contentUrl":"https:\/\/www.consorciresidus.org\/wp-content\/uploads\/2017\/05\/ayora-2.jpg","width":1920,"height":1275,"caption":"Compostaje dom\u00e9stico en Ayora"},{"@type":"WebSite","@id":"https:\/\/www.consorciresidus.org\/#website","url":"https:\/\/www.consorciresidus.org\/","name":"Consorcio de Residuos V5 - COR","description":"Consorcio para la gesti\u00f3n de residuos","potentialAction":[{"@type":"SearchAction","target":{"@type":"EntryPoint","urlTemplate":"https:\/\/www.consorciresidus.org\/?s={search_term_string}"},"query-input":{"@type":"PropertyValueSpecification","valueRequired":true,"valueName":"search_term_string"}}],"inLanguage":"es"}]}},"_links":{"self":[{"href":"https:\/\/www.consorciresidus.org\/es\/wp-json\/wp\/v2\/pages\/16941","targetHints":{"allow":["GET"]}}],"collection":[{"href":"https:\/\/www.consorciresidus.org\/es\/wp-json\/wp\/v2\/pages"}],"about":[{"href":"https:\/\/www.consorciresidus.org\/es\/wp-json\/wp\/v2\/types\/page"}],"author":[{"embeddable":true,"href":"https:\/\/www.consorciresidus.org\/es\/wp-json\/wp\/v2\/users\/1"}],"replies":[{"embeddable":true,"href":"https:\/\/www.consorciresidus.org\/es\/wp-json\/wp\/v2\/comments?post=16941"}],"version-history":[{"count":9,"href":"https:\/\/www.consorciresidus.org\/es\/wp-json\/wp\/v2\/pages\/16941\/revisions"}],"predecessor-version":[{"id":17930,"href":"https:\/\/www.consorciresidus.org\/es\/wp-json\/wp\/v2\/pages\/16941\/revisions\/17930"}],"wp:featuredmedia":[{"embeddable":true,"href":"https:\/\/www.consorciresidus.org\/es\/wp-json\/wp\/v2\/media\/16715"}],"wp:attachment":[{"href":"https:\/\/www.consorciresidus.org\/es\/wp-json\/wp\/v2\/media?parent=16941"}],"curies":[{"name":"wp","href":"https:\/\/api.w.org\/{rel}","templated":true}]}}