 



{"id":16995,"date":"2017-05-23T15:15:44","date_gmt":"2017-05-23T15:15:44","guid":{"rendered":"https:\/\/www.consorciresidus.org\/?page_id=16995\/"},"modified":"2017-06-22T09:21:02","modified_gmt":"2017-06-22T09:21:02","slug":"el-cor-en-los-medios","status":"publish","type":"page","link":"https:\/\/www.consorciresidus.org\/es\/el-cor-en-los-medios\/","title":{"rendered":"El COR en los medios"},"content":{"rendered":"[mk_page_section bg_color=\u00bb#f2f2f2&#8243; border_color=\u00bb#e5e5e5&#8243; min_height=\u00bb65&#8243; padding_top=\u00bb15&#8243; sidebar=\u00bbsidebar-1&#8243;][vc_column][mk_custom_sidebar el_class=\u00bbcercar\u00bb sidebar=\u00bbsidebar-13&#8243;][\/vc_column][\/mk_page_section][vc_row][vc_column width=\u00bb1\/6&#8243; css=\u00bb.vc_custom_1482138493235{padding-top: 50px !important;padding-bottom: 50px !important;}\u00bb][\/vc_column][vc_column width=\u00bb2\/3&#8243; css=\u00bb.vc_custom_1484556361887{padding-top: 30px !important;}\u00bb][vc_single_image image=\u00bb13277&#8243; img_size=\u00bbfull\u00bb alignment=\u00bbcenter\u00bb][mk_ornamental_title tag_name=\u00bbh3&#8243; font_family=\u00bbRaleway\u00bb font_type=\u00bbgoogle\u00bb font_size=\u00bb35&#8243; font_weight=\u00bb400&#8243; txt_transform=\u00bbnone\u00bb ornament_style=\u00bbnorman-single\u00bb ornament_color=\u00bb#c4c4c4&#8243; margin_top=\u00bb30&#8243;]El COR en los medios[\/mk_ornamental_title][vc_column_text]\n<p style=\"text-align: center;\">Noticias de los medios de comunicaci\u00f3n que hacen referencia al Consorcio de Residuos.<\/p>\n[\/vc_column_text][vc_empty_space][vc_column_text]<div class=\"dataset-content\">   \r\n             \r\n       <h3 class=\"dataset-heading\">\r\n               <a href=\"https:\/\/www.consorciresidus.org\/es\/download\/el_cor_en_los_medios\/Levante_20180724.pdf\" target=\"_blank\" title=\"Download Los ecoparques del COR superan el medio millar de dep\u00f3sitos diarios\"><img decoding=\"async\" align=\"middle\" src=\"https:\/\/www.consorciresidus.org\/wp-content\/images\/fileicons\/pdf.png\" alt=\"Los ecoparques del COR superan el medio millar de dep\u00f3sitos diarios\" \/><\/a>\r\n               <a class=\"titulo\" href=\"https:\/\/www.consorciresidus.org\/es\/download\/el_cor_en_los_medios\/Levante_20180724.pdf\" title=\"Download Los ecoparques del COR superan el medio millar de dep\u00f3sitos diarios\" target=\"_blank\" >Los ecoparques del COR superan el medio millar de dep\u00f3sitos diarios<\/a>\r\n                \r\n             \r\n       <\/h3>\r\n\r\n       <div class=\"notes\">        \r\n                     <p class=\"dataset-organization\">Levante-EMV (21\/07\/2018).- La red de ecoparques fijos y m\u00f3viles gestionada por el COR registra m\u00e1s de 85.000 dep\u00f3sitos en los seis primeros meses del a\u00f1o.<\/p>  \r\n                     <span class=\"peso\">0.5 MiB<\/span>\r\n       <\/div>\r\n      \r\n     \r\n<\/div>\r\n\r\n<div class=\"dataset-content\">   \r\n             \r\n       <h3 class=\"dataset-heading\">\r\n               <a href=\"https:\/\/www.consorciresidus.org\/es\/download\/el_cor_en_los_medios\/Levante_20170916_2.pdf\" target=\"_blank\" title=\"Download El COR da luz verde a la isla de compostaje que se implantar\u00e1 en 15 municipios.\"><img decoding=\"async\" align=\"middle\" src=\"https:\/\/www.consorciresidus.org\/wp-content\/images\/fileicons\/pdf.png\" alt=\"El COR da luz verde a la isla de compostaje que se implantar\u00e1 en 15 municipios.\" \/><\/a>\r\n               <a class=\"titulo\" href=\"https:\/\/www.consorciresidus.org\/es\/download\/el_cor_en_los_medios\/Levante_20170916_2.pdf\" title=\"Download El COR da luz verde a la isla de compostaje que se implantar\u00e1 en 15 municipios.\" target=\"_blank\" >El COR da luz verde a la isla de compostaje que se implantar\u00e1 en 15 municipios.<\/a>\r\n                \r\n             \r\n       <\/h3>\r\n\r\n       <div class=\"notes\">        \r\n                     <p class=\"dataset-organization\">Levante-EMV (16\/09\/2017).- La subcomisi\u00f3n de biorresiduos ha presentado el proyecto de isla que se implantar\u00e1 en los municipios interesados.<\/p>  \r\n                     <span class=\"peso\">0.6 MiB<\/span>\r\n       <\/div>\r\n      \r\n     \r\n<\/div>\r\n\r\n<div class=\"dataset-content\">   \r\n             \r\n       <h3 class=\"dataset-heading\">\r\n               <a href=\"https:\/\/www.consorciresidus.org\/es\/download\/el_cor_en_los_medios\/20170626_Llanera-Ranes_LP.pdf\" target=\"_blank\" title=\"Download El presidente del Consorcio pide la paralizaci\u00f3n de la planta de Llanera\"><img decoding=\"async\" align=\"middle\" src=\"https:\/\/www.consorciresidus.org\/wp-content\/images\/fileicons\/pdf.png\" alt=\"El presidente del Consorcio pide la paralizaci\u00f3n de la planta de Llanera\" \/><\/a>\r\n               <a class=\"titulo\" href=\"https:\/\/www.consorciresidus.org\/es\/download\/el_cor_en_los_medios\/20170626_Llanera-Ranes_LP.pdf\" title=\"Download El presidente del Consorcio pide la paralizaci\u00f3n de la planta de Llanera\" target=\"_blank\" >El presidente del Consorcio pide la paralizaci\u00f3n de la planta de Llanera<\/a>\r\n                \r\n             \r\n       <\/h3>\r\n\r\n       <div class=\"notes\">        \r\n                     <p class=\"dataset-organization\">Las Provincias (23\/06\/2017). El presidente del Consorcio se re\u00fane con la Generalitat y pide la paralizaci\u00f3n del proyecto de la planta de Llanera de Ranes, y apuesta por un modelo multi-planta. <\/p>  \r\n                     <span class=\"peso\">78 KiB<\/span>\r\n       <\/div>\r\n      \r\n     \r\n<\/div>\r\n\r\n<div class=\"dataset-content\">   \r\n             \r\n       <h3 class=\"dataset-heading\">\r\n               <a href=\"https:\/\/www.consorciresidus.org\/es\/download\/el_cor_en_los_medios\/20170626_Llanera-Ranes_DD.pdf\" target=\"_blank\" title=\"Download El Consorcio de Residuos aborda con la Conselleria la paralizaci\u00f3n defiinitiva del macrovertedero de Llanera\"><img decoding=\"async\" align=\"middle\" src=\"https:\/\/www.consorciresidus.org\/wp-content\/images\/fileicons\/pdf.png\" alt=\"El Consorcio de Residuos aborda con la Conselleria la paralizaci\u00f3n defiinitiva del macrovertedero de Llanera\" \/><\/a>\r\n               <a class=\"titulo\" href=\"https:\/\/www.consorciresidus.org\/es\/download\/el_cor_en_los_medios\/20170626_Llanera-Ranes_DD.pdf\" title=\"Download El Consorcio de Residuos aborda con la Conselleria la paralizaci\u00f3n defiinitiva del macrovertedero de Llanera\" target=\"_blank\" >El Consorcio de Residuos aborda con la Conselleria la paralizaci\u00f3n defiinitiva del macrovertedero de Llanera<\/a>\r\n                \r\n             \r\n       <\/h3>\r\n\r\n       <div class=\"notes\">        \r\n                     <p class=\"dataset-organization\">Diari Digital (23\/06\/2017). El presidente del Consorcio se re\u00fane con la Generalitat y pide la paralizaci\u00f3n del proyecto de la planta de Llanera de Ranes, y apuesta por un modelo multi-planta. <\/p>  \r\n                     <span class=\"peso\">0.5 MiB<\/span>\r\n       <\/div>\r\n      \r\n     \r\n<\/div>\r\n\r\n<div class=\"dataset-content\">   \r\n             \r\n       <h3 class=\"dataset-heading\">\r\n               <a href=\"https:\/\/www.consorciresidus.org\/es\/download\/el_cor_en_los_medios\/20170614023.pdf\" target=\"_blank\" title=\"Download La incorporaci\u00f3n de 22.000 unidades fiscales corrige a la baja el recibo del COR.\"><img decoding=\"async\" align=\"middle\" src=\"https:\/\/www.consorciresidus.org\/wp-content\/images\/fileicons\/pdf.png\" alt=\"La incorporaci\u00f3n de 22.000 unidades fiscales corrige a la baja el recibo del COR.\" \/><\/a>\r\n               <a class=\"titulo\" href=\"https:\/\/www.consorciresidus.org\/es\/download\/el_cor_en_los_medios\/20170614023.pdf\" title=\"Download La incorporaci\u00f3n de 22.000 unidades fiscales corrige a la baja el recibo del COR.\" target=\"_blank\" >La incorporaci\u00f3n de 22.000 unidades fiscales corrige a la baja el recibo del COR.<\/a>\r\n                \r\n             \r\n       <\/h3>\r\n\r\n       <div class=\"notes\">        \r\n                     <p class=\"dataset-organization\">Levante-EMV (14\/06\/2017). La actualizaci\u00f3n de los padrones de la Diputaci\u00f3n hace aflorar un 8% de inmuebles que no tributaban y suaviza la subida prevista en 2017.<\/p>  \r\n                     <span class=\"peso\">67 KiB<\/span>\r\n       <\/div>\r\n      \r\n     \r\n<\/div>\r\n\r\n<div class=\"dataset-content\">   \r\n             \r\n       <h3 class=\"dataset-heading\">\r\n               <a href=\"https:\/\/www.consorciresidus.org\/es\/download\/el_cor_en_los_medios\/Informador_25052017.zip\" target=\"_blank\" title=\"Download El COR despega\"><img decoding=\"async\" align=\"middle\" src=\"https:\/\/www.consorciresidus.org\/wp-content\/images\/fileicons\/zip.png\" alt=\"El COR despega\" \/><\/a>\r\n               <a class=\"titulo\" href=\"https:\/\/www.consorciresidus.org\/es\/download\/el_cor_en_los_medios\/Informador_25052017.zip\" title=\"Download El COR despega\" target=\"_blank\" >El COR despega<\/a>\r\n                \r\n             \r\n       <\/h3>\r\n\r\n       <div class=\"notes\">        \r\n                     <p class=\"dataset-organization\">L'Informador (25\/05\/2017). La asamblea aprueba la modificaci\u00f3n del proyecto de gesti\u00f3n que dar\u00e1 lugar a una red de m\u00e1s de 30 ecoparques en cinco comarcas, con una inversi\u00f3n de 8,2 millones de euros.<\/p>  \r\n                     <span class=\"peso\">6.3 MiB<\/span>\r\n       <\/div>\r\n      \r\n     \r\n<\/div>\r\n\r\n<span aria-label=\"P\u00e1gina 1\" aria-current=\"page\" class=\"page-numbers current\">1<\/span>\n<a aria-label=\"P\u00e1gina 2\" class=\"page-numbers\" href=\"\/es\/wp-json\/wp\/v2\/pages\/16995?wpfb_list_page=2\">2<\/a>\n<a class=\"next page-numbers\" href=\"\/es\/wp-json\/wp\/v2\/pages\/16995?wpfb_list_page=2\">Siguiente &raquo;<\/a>[\/vc_column_text][\/vc_column][vc_column width=\u00bb1\/6&#8243;][\/vc_column][\/vc_row][vc_row css=\u00bb.vc_custom_1484556384523{padding-top: 30px !important;}\u00bb][vc_column width=\u00bb1\/6&#8243;][\/vc_column][vc_column width=\u00bb2\/3&#8243;][\/vc_column][vc_column width=\u00bb1\/6&#8243;][\/vc_column][\/vc_row]\n<div style=\"clear:both;\"><\/div>","protected":false},"excerpt":{"rendered":"<p>El COR en los medios. Noticias aparecidas en los medios de comunicaci\u00f3n que hacen referencia a la actividad del Consorcio de Residuos.<\/p>\n","protected":false},"author":1,"featured_media":0,"parent":0,"menu_order":180,"comment_status":"closed","ping_status":"closed","template":"","meta":{"footnotes":""},"class_list":["post-16995","page","type-page","status-publish","hentry"],"yoast_head":"<!-- This site is optimized with the Yoast SEO plugin v26.0 - https:\/\/yoast.com\/wordpress\/plugins\/seo\/ -->\n<title>El COR en los medios - Consorcio de Residuos V5 - COR<\/title>\n<meta name=\"description\" content=\"El COR en los medios. Noticias aparecidas en los medios de comunicaci\u00f3n que hacen referencia a la actividad del Consorcio de Residuos.\" \/>\n<meta name=\"robots\" content=\"index, follow, max-snippet:-1, max-image-preview:large, max-video-preview:-1\" \/>\n<link rel=\"canonical\" href=\"https:\/\/www.consorciresidus.org\/es\/el-cor-en-los-medios\/\" \/>\n<meta property=\"og:locale\" content=\"es_ES\" \/>\n<meta property=\"og:type\" content=\"article\" \/>\n<meta property=\"og:title\" content=\"El COR en los medios\" \/>\n<meta property=\"og:description\" content=\"El COR en los medios. Noticias aparecidas en los medios de comunicaci\u00f3n que hacen referencia a la actividad del Consorcio de Residuos.\" \/>\n<meta property=\"og:url\" content=\"https:\/\/www.consorciresidus.org\/es\/el-cor-en-los-medios\/\" \/>\n<meta property=\"og:site_name\" content=\"Consorcio de Residuos V5 - COR\" \/>\n<meta property=\"article:modified_time\" content=\"2017-06-22T09:21:02+00:00\" \/>\n<meta name=\"twitter:card\" content=\"summary_large_image\" \/>\n<meta name=\"twitter:title\" content=\"El COR en los medios\" \/>\n<meta name=\"twitter:description\" content=\"El COR en los medios. Noticias aparecidas en los medios de comunicaci\u00f3n que hacen referencia a la actividad del Consorcio de Residuos.\" \/>\n<meta name=\"twitter:label1\" content=\"Tiempo de lectura\" \/>\n\t<meta name=\"twitter:data1\" content=\"1 minuto\" \/>\n<script type=\"application\/ld+json\" class=\"yoast-schema-graph\">{\"@context\":\"https:\/\/schema.org\",\"@graph\":[{\"@type\":\"WebPage\",\"@id\":\"https:\/\/www.consorciresidus.org\/es\/el-cor-en-los-medios\/\",\"url\":\"https:\/\/www.consorciresidus.org\/es\/el-cor-en-los-medios\/\",\"name\":\"El COR en los medios - Consorcio de Residuos V5 - COR\",\"isPartOf\":{\"@id\":\"https:\/\/www.consorciresidus.org\/#website\"},\"datePublished\":\"2017-05-23T15:15:44+00:00\",\"dateModified\":\"2017-06-22T09:21:02+00:00\",\"description\":\"El COR en los medios. Noticias aparecidas en los medios de comunicaci\u00f3n que hacen referencia a la actividad del Consorcio de Residuos.\",\"inLanguage\":\"es\",\"potentialAction\":[{\"@type\":\"ReadAction\",\"target\":[\"https:\/\/www.consorciresidus.org\/es\/el-cor-en-los-medios\/\"]}]},{\"@type\":\"WebSite\",\"@id\":\"https:\/\/www.consorciresidus.org\/#website\",\"url\":\"https:\/\/www.consorciresidus.org\/\",\"name\":\"Consorcio de Residuos V5 - COR\",\"description\":\"Consorcio para la gesti\u00f3n de residuos\",\"potentialAction\":[{\"@type\":\"SearchAction\",\"target\":{\"@type\":\"EntryPoint\",\"urlTemplate\":\"https:\/\/www.consorciresidus.org\/?s={search_term_string}\"},\"query-input\":{\"@type\":\"PropertyValueSpecification\",\"valueRequired\":true,\"valueName\":\"search_term_string\"}}],\"inLanguage\":\"es\"}]}<\/script>\n<!-- \/ Yoast SEO plugin. -->","yoast_head_json":{"title":"El COR en los medios - Consorcio de Residuos V5 - COR","description":"El COR en los medios. Noticias aparecidas en los medios de comunicaci\u00f3n que hacen referencia a la actividad del Consorcio de Residuos.","robots":{"index":"index","follow":"follow","max-snippet":"max-snippet:-1","max-image-preview":"max-image-preview:large","max-video-preview":"max-video-preview:-1"},"canonical":"https:\/\/www.consorciresidus.org\/es\/el-cor-en-los-medios\/","og_locale":"es_ES","og_type":"article","og_title":"El COR en los medios","og_description":"El COR en los medios. Noticias aparecidas en los medios de comunicaci\u00f3n que hacen referencia a la actividad del Consorcio de Residuos.","og_url":"https:\/\/www.consorciresidus.org\/es\/el-cor-en-los-medios\/","og_site_name":"Consorcio de Residuos V5 - COR","article_modified_time":"2017-06-22T09:21:02+00:00","twitter_card":"summary_large_image","twitter_title":"El COR en los medios","twitter_description":"El COR en los medios. Noticias aparecidas en los medios de comunicaci\u00f3n que hacen referencia a la actividad del Consorcio de Residuos.","twitter_misc":{"Tiempo de lectura":"1 minuto"},"schema":{"@context":"https:\/\/schema.org","@graph":[{"@type":"WebPage","@id":"https:\/\/www.consorciresidus.org\/es\/el-cor-en-los-medios\/","url":"https:\/\/www.consorciresidus.org\/es\/el-cor-en-los-medios\/","name":"El COR en los medios - Consorcio de Residuos V5 - COR","isPartOf":{"@id":"https:\/\/www.consorciresidus.org\/#website"},"datePublished":"2017-05-23T15:15:44+00:00","dateModified":"2017-06-22T09:21:02+00:00","description":"El COR en los medios. Noticias aparecidas en los medios de comunicaci\u00f3n que hacen referencia a la actividad del Consorcio de Residuos.","inLanguage":"es","potentialAction":[{"@type":"ReadAction","target":["https:\/\/www.consorciresidus.org\/es\/el-cor-en-los-medios\/"]}]},{"@type":"WebSite","@id":"https:\/\/www.consorciresidus.org\/#website","url":"https:\/\/www.consorciresidus.org\/","name":"Consorcio de Residuos V5 - COR","description":"Consorcio para la gesti\u00f3n de residuos","potentialAction":[{"@type":"SearchAction","target":{"@type":"EntryPoint","urlTemplate":"https:\/\/www.consorciresidus.org\/?s={search_term_string}"},"query-input":{"@type":"PropertyValueSpecification","valueRequired":true,"valueName":"search_term_string"}}],"inLanguage":"es"}]}},"_links":{"self":[{"href":"https:\/\/www.consorciresidus.org\/es\/wp-json\/wp\/v2\/pages\/16995","targetHints":{"allow":["GET"]}}],"collection":[{"href":"https:\/\/www.consorciresidus.org\/es\/wp-json\/wp\/v2\/pages"}],"about":[{"href":"https:\/\/www.consorciresidus.org\/es\/wp-json\/wp\/v2\/types\/page"}],"author":[{"embeddable":true,"href":"https:\/\/www.consorciresidus.org\/es\/wp-json\/wp\/v2\/users\/1"}],"replies":[{"embeddable":true,"href":"https:\/\/www.consorciresidus.org\/es\/wp-json\/wp\/v2\/comments?post=16995"}],"version-history":[{"count":5,"href":"https:\/\/www.consorciresidus.org\/es\/wp-json\/wp\/v2\/pages\/16995\/revisions"}],"predecessor-version":[{"id":18240,"href":"https:\/\/www.consorciresidus.org\/es\/wp-json\/wp\/v2\/pages\/16995\/revisions\/18240"}],"wp:attachment":[{"href":"https:\/\/www.consorciresidus.org\/es\/wp-json\/wp\/v2\/media?parent=16995"}],"curies":[{"name":"wp","href":"https:\/\/api.w.org\/{rel}","templated":true}]}}