 



{"id":17286,"date":"2017-05-26T14:25:32","date_gmt":"2017-05-26T14:25:32","guid":{"rendered":"https:\/\/www.consorciresidus.org\/gerencia-del-cor\/"},"modified":"2020-09-10T09:21:21","modified_gmt":"2020-09-10T09:21:21","slug":"gerente-del-cor","status":"publish","type":"page","link":"https:\/\/www.consorciresidus.org\/es\/gerente-del-cor\/","title":{"rendered":"Gerente del COR"},"content":{"rendered":"[mk_page_section bg_image_portrait=\u00bbhttps:\/\/www.consorciresidus.org\/wp-content\/uploads\/2017\/03\/16.png\u00bb min_height=\u00bb0&#8243; js_vertical_centered=\u00bbtrue\u00bb padding_top=\u00bb50&#8243; padding_bottom=\u00bb60&#8243; el_class=\u00bbintro\u00bb sidebar=\u00bbsidebar-1&#8243;][vc_column][vc_single_image image=\u00bb17276&#8243; img_size=\u00bbfull\u00bb alignment=\u00bbcenter\u00bb][mk_ornamental_title tag_name=\u00bbh3&#8243; font_family=\u00bbRaleway\u00bb font_type=\u00bbgoogle\u00bb font_size=\u00bb35&#8243; font_weight=\u00bb400&#8243; txt_transform=\u00bbnone\u00bb ornament_style=\u00bbnorman-single\u00bb ornament_color=\u00bb#c4c4c4&#8243; margin_top=\u00bb30&#8243;]Gerente del COR[\/mk_ornamental_title][vc_column_text][\/vc_column_text][vc_empty_space height=\u00bb50px\u00bb][vc_tabs][vc_tab icon=\u00bbmk-moon-user-6&#8243; title=\u00bbGERENTE\u00bb tab_id=\u00bb1495808409-1-1&#8243;][vc_row_inner][vc_column_inner][mk_ornamental_title font_family=\u00bbRaleway\u00bb font_type=\u00bbgoogle\u00bb font_size=\u00bb24&#8243; font_weight=\u00bb500&#8243; ornament_style=\u00bbnorman-short-single\u00bb nss_align=\u00bbcenter\u00bb margin_bottom=\u00bb7&#8243;]Elba Montes Vadillo[\/mk_ornamental_title][vc_column_text css=\u00bb.vc_custom_1599729617883{margin-bottom: 0px !important;}\u00bb]<img loading=\"lazy\" decoding=\"async\" class=\"size-large wp-image-23013 aligncenter\" src=\"https:\/\/www.consorciresidus.org\/wp-content\/uploads\/2020\/09\/gerente-web-cor-scaled.jpg\" alt=\"\" width=\"1024\" height=\"576\" srcset=\"https:\/\/www.consorciresidus.org\/wp-content\/uploads\/2020\/09\/gerente-web-cor-scaled.jpg 2560w, https:\/\/www.consorciresidus.org\/wp-content\/uploads\/2020\/09\/gerente-web-cor-300x169.jpg 300w, https:\/\/www.consorciresidus.org\/wp-content\/uploads\/2020\/09\/gerente-web-cor-1024x576.jpg 1024w, https:\/\/www.consorciresidus.org\/wp-content\/uploads\/2020\/09\/gerente-web-cor-768x432.jpg 768w, https:\/\/www.consorciresidus.org\/wp-content\/uploads\/2020\/09\/gerente-web-cor-1536x864.jpg 1536w, https:\/\/www.consorciresidus.org\/wp-content\/uploads\/2020\/09\/gerente-web-cor-2048x1152.jpg 2048w, https:\/\/www.consorciresidus.org\/wp-content\/uploads\/2020\/09\/gerente-web-cor-500x281.jpg 500w\" sizes=\"auto, (max-width: 1024px) 100vw, 1024px\" \/>[\/vc_column_text][vc_column_text css=\u00bb.vc_custom_1599729602215{margin-bottom: 0px !important;}\u00bb]\n<p style=\"text-align: left;\">Elba Montes es <strong>Licenciada en Ciencias Ambientales<\/strong> por la Universidad de Valencia, y actualmente est\u00e1 finalizando el <strong>doctorado en Biodiversidad y Biolog\u00eda Evolutiva<\/strong>. Durante su Doctorado, ha realizado una estancia internacional en una agencia cient\u00edfica del gobierno de los Estados Unidos.<\/p>\n<p style=\"text-align: left;\">En el \u00e1mbito laboral, Elba Montes tiene una amplia experiencia en el \u00e1mbito de la gesti\u00f3n de residuos. Ha trabajado en el <strong>\u00c1rea de Impacto Ambiental de la Conselleria de Medi Ambient de la Generalitat Valenciana<\/strong>, y, durante los \u00faltimos once a\u00f1os (2009 a 2020) ha trabajado como <strong>T\u00e9cnica Superior de Residuos en el Consell Insular de Ibiza<\/strong>, donde ha adquirido experiencia en la gesti\u00f3n de los residuos dom\u00e9sticos de toda la isla.<\/p>\n<p style=\"text-align: left;\">En este per\u00edodo, la nueva gerente del COR pudo gestionar las concesiones de la Planta de Transferencia Insular, y del Vertedero de la Isla, liderando y dirigiendo la puesta en marcha de las obras para construir las nuevas plantas de triaje y tratamiento de la materia org\u00e1nica de Ibiza, unas instalaciones en la l\u00ednea de los objetivos Europeos 2030.<br \/>\nDel mismo modo, Elba Montes ha impulsado para el Consell Insular numerosas campa\u00f1as de sensibilizaci\u00f3n y concienciaci\u00f3n ciudadana, a las que presta mucha atenci\u00f3n.<\/p>\n<p style=\"text-align: left;\">Con la toma de posesi\u00f3n de la nueva gerente, el COR inicia una nueva etapa en su gesti\u00f3n, que<strong> incidir\u00e1 en la prevenci\u00f3n<\/strong> y reciclaje de residuos, especialmente de la fracci\u00f3n org\u00e1nica, sobre la que el Consorci ya inici\u00f3 un modelo pionero basado en <strong>el compostaje<\/strong> individual y comunitario <strong>de proximidad<\/strong>. Se pretende as\u00ed tratar correctamente los residuos en el lugar m\u00e1s pr\u00f3ximo al que se producen, evitando as\u00ed traslados innecesarios y <strong>reduciendo de forma considerable la huella de carbono en la gesti\u00f3n<\/strong> de residuos dom\u00e9sticos.<\/p>\n[\/vc_column_text][\/vc_column_inner][\/vc_row_inner][\/vc_tab][vc_tab icon=\u00bbmk-moon-coins\u00bb title=\u00bbGASTOS y JUSTIFICANTES\u00bb tab_id=\u00bb1495808409-2-45&#8243;][vc_column_text]<div class=\"dataset-content\">   \r\n             \r\n       <h3 class=\"dataset-heading\">\r\n               <a href=\"https:\/\/www.consorciresidus.org\/es\/download\/economica_y_presupuestaria\/gastos_de_gerencia\/Despeses-de-la-gerencia-octubre-i-novemre-de-2025.pdf\" target=\"_blank\" title=\"Download Gastos de la Gerencia Octubre y Noviembre de 2025\"><img decoding=\"async\" align=\"middle\" src=\"https:\/\/www.consorciresidus.org\/wp-content\/images\/fileicons\/pdf.png\" alt=\"Gastos de la Gerencia Octubre y Noviembre de 2025\" \/><\/a>\r\n               <a class=\"titulo\" href=\"https:\/\/www.consorciresidus.org\/es\/download\/economica_y_presupuestaria\/gastos_de_gerencia\/Despeses-de-la-gerencia-octubre-i-novemre-de-2025.pdf\" title=\"Download Gastos de la Gerencia Octubre y Noviembre de 2025\" target=\"_blank\" >Gastos de la Gerencia Octubre y Noviembre de 2025<\/a>\r\n                <span class=\"recent-views\">24 noviembre, 2025<\/span>\r\n             \r\n       <\/h3>\r\n\r\n       <div class=\"notes\">        \r\n                     <p class=\"dataset-organization\"><\/p>  \r\n                     <span class=\"peso\">38 KiB<\/span>\r\n       <\/div>\r\n      \r\n     \r\n<\/div>\r\n\r\n<div class=\"dataset-content\">   \r\n             \r\n       <h3 class=\"dataset-heading\">\r\n               <a href=\"https:\/\/www.consorciresidus.org\/es\/download\/Despeses-Gerencia-maig-2021_2.pdf\" target=\"_blank\" title=\"Download Gastos Gerencia mayo 2020\"><img decoding=\"async\" align=\"middle\" src=\"https:\/\/www.consorciresidus.org\/wp-content\/images\/fileicons\/pdf.png\" alt=\"Gastos Gerencia mayo 2020\" \/><\/a>\r\n               <a class=\"titulo\" href=\"https:\/\/www.consorciresidus.org\/es\/download\/Despeses-Gerencia-maig-2021_2.pdf\" title=\"Download Gastos Gerencia mayo 2020\" target=\"_blank\" >Gastos Gerencia mayo 2020<\/a>\r\n                <span class=\"recent-views\">3 junio, 2021<\/span>\r\n             \r\n       <\/h3>\r\n\r\n       <div class=\"notes\">        \r\n                     <p class=\"dataset-organization\"><\/p>  \r\n                     <span class=\"peso\">0.1 MiB<\/span>\r\n       <\/div>\r\n      \r\n     \r\n<\/div>\r\n\r\n<div class=\"dataset-content\">   \r\n             \r\n       <h3 class=\"dataset-heading\">\r\n               <a href=\"https:\/\/www.consorciresidus.org\/es\/download\/economica_y_presupuestaria\/gastos_de_gerencia\/Despesres-Gerencia-abril-2021_2.pdf\" target=\"_blank\" title=\"Download Gastos Gerencia abril 2020\"><img decoding=\"async\" align=\"middle\" src=\"https:\/\/www.consorciresidus.org\/wp-content\/images\/fileicons\/pdf.png\" alt=\"Gastos Gerencia abril 2020\" \/><\/a>\r\n               <a class=\"titulo\" href=\"https:\/\/www.consorciresidus.org\/es\/download\/economica_y_presupuestaria\/gastos_de_gerencia\/Despesres-Gerencia-abril-2021_2.pdf\" title=\"Download Gastos Gerencia abril 2020\" target=\"_blank\" >Gastos Gerencia abril 2020<\/a>\r\n                <span class=\"recent-views\">31 mayo, 2021<\/span>\r\n             \r\n       <\/h3>\r\n\r\n       <div class=\"notes\">        \r\n                     <p class=\"dataset-organization\"><\/p>  \r\n                     <span class=\"peso\">0.1 MiB<\/span>\r\n       <\/div>\r\n      \r\n     \r\n<\/div>\r\n\r\n<div class=\"dataset-content\">   \r\n             \r\n       <h3 class=\"dataset-heading\">\r\n               <a href=\"https:\/\/www.consorciresidus.org\/es\/download\/economica_y_presupuestaria\/gastos_de_gerencia\/Despesres-Gerencia-marc-2021_2.pdf\" target=\"_blank\" title=\"Download Gastos Gerencia marzo 2020\"><img decoding=\"async\" align=\"middle\" src=\"https:\/\/www.consorciresidus.org\/wp-content\/images\/fileicons\/pdf.png\" alt=\"Gastos Gerencia marzo 2020\" \/><\/a>\r\n               <a class=\"titulo\" href=\"https:\/\/www.consorciresidus.org\/es\/download\/economica_y_presupuestaria\/gastos_de_gerencia\/Despesres-Gerencia-marc-2021_2.pdf\" title=\"Download Gastos Gerencia marzo 2020\" target=\"_blank\" >Gastos Gerencia marzo 2020<\/a>\r\n                <span class=\"recent-views\">31 mayo, 2021<\/span>\r\n             \r\n       <\/h3>\r\n\r\n       <div class=\"notes\">        \r\n                     <p class=\"dataset-organization\"><\/p>  \r\n                     <span class=\"peso\">0.1 MiB<\/span>\r\n       <\/div>\r\n      \r\n     \r\n<\/div>\r\n\r\n<div class=\"dataset-content\">   \r\n             \r\n       <h3 class=\"dataset-heading\">\r\n               <a href=\"https:\/\/www.consorciresidus.org\/es\/download\/economica_y_presupuestaria\/gastos_de_gerencia\/Despesres-Gerencia-febrer-2021_2.pdf\" target=\"_blank\" title=\"Download Gastos Gerencia febrero 2020\"><img decoding=\"async\" align=\"middle\" src=\"https:\/\/www.consorciresidus.org\/wp-content\/images\/fileicons\/pdf.png\" alt=\"Gastos Gerencia febrero 2020\" \/><\/a>\r\n               <a class=\"titulo\" href=\"https:\/\/www.consorciresidus.org\/es\/download\/economica_y_presupuestaria\/gastos_de_gerencia\/Despesres-Gerencia-febrer-2021_2.pdf\" title=\"Download Gastos Gerencia febrero 2020\" target=\"_blank\" >Gastos Gerencia febrero 2020<\/a>\r\n                <span class=\"recent-views\">31 mayo, 2021<\/span>\r\n             \r\n       <\/h3>\r\n\r\n       <div class=\"notes\">        \r\n                     <p class=\"dataset-organization\"><\/p>  \r\n                     <span class=\"peso\">0.1 MiB<\/span>\r\n       <\/div>\r\n      \r\n     \r\n<\/div>\r\n\r\n<div class=\"dataset-content\">   \r\n             \r\n       <h3 class=\"dataset-heading\">\r\n               <a href=\"https:\/\/www.consorciresidus.org\/es\/download\/economica_y_presupuestaria\/gastos_de_gerencia\/Despesres-Gerencia-gener-2021_2.pdf\" target=\"_blank\" title=\"Download Gastos Gerencia enero 2020\"><img decoding=\"async\" align=\"middle\" src=\"https:\/\/www.consorciresidus.org\/wp-content\/images\/fileicons\/pdf.png\" alt=\"Gastos Gerencia enero 2020\" \/><\/a>\r\n               <a class=\"titulo\" href=\"https:\/\/www.consorciresidus.org\/es\/download\/economica_y_presupuestaria\/gastos_de_gerencia\/Despesres-Gerencia-gener-2021_2.pdf\" title=\"Download Gastos Gerencia enero 2020\" target=\"_blank\" >Gastos Gerencia enero 2020<\/a>\r\n                <span class=\"recent-views\">31 mayo, 2021<\/span>\r\n             \r\n       <\/h3>\r\n\r\n       <div class=\"notes\">        \r\n                     <p class=\"dataset-organization\"><\/p>  \r\n                     <span class=\"peso\">0.1 MiB<\/span>\r\n       <\/div>\r\n      \r\n     \r\n<\/div>\r\n\r\n<span aria-label=\"P\u00e1gina 1\" aria-current=\"page\" class=\"page-numbers current\">1<\/span>\n<a aria-label=\"P\u00e1gina 2\" class=\"page-numbers\" href=\"\/es\/wp-json\/wp\/v2\/pages\/17286?wpfb_list_page=2\">2<\/a>\n<a aria-label=\"P\u00e1gina 3\" class=\"page-numbers\" href=\"\/es\/wp-json\/wp\/v2\/pages\/17286?wpfb_list_page=3\">3<\/a>\n<span class=\"page-numbers dots\">&hellip;<\/span>\n<a aria-label=\"P\u00e1gina 6\" class=\"page-numbers\" href=\"\/es\/wp-json\/wp\/v2\/pages\/17286?wpfb_list_page=6\">6<\/a>\n<a class=\"next page-numbers\" href=\"\/es\/wp-json\/wp\/v2\/pages\/17286?wpfb_list_page=2\">Siguiente &raquo;<\/a>[\/vc_column_text][\/vc_tab][\/vc_tabs][\/vc_column][\/mk_page_section]\n<div style=\"clear:both;\"><\/div>","protected":false},"excerpt":{"rendered":"<p>Gerente del COR, Sergi P\u00e9rez Serrano. \u00d3rgano potestativo del Consorcio, nombrado por la Asamblea General, ejerce las funciones de direcci\u00f3n.<\/p>\n","protected":false},"author":1,"featured_media":0,"parent":0,"menu_order":0,"comment_status":"closed","ping_status":"closed","template":"","meta":{"footnotes":""},"class_list":["post-17286","page","type-page","status-publish","hentry"],"yoast_head":"<!-- This site is optimized with the Yoast SEO plugin v26.0 - https:\/\/yoast.com\/wordpress\/plugins\/seo\/ -->\n<title>Gerente del COR - Consorcio de Residuos V5 - COR<\/title>\n<meta name=\"description\" content=\"Gerente del COR, Sergi P\u00e9rez Serrano. \u00d3rgano potestativo del Consorcio, nombrado por la Asamblea General, ejerce las funciones de direcci\u00f3n.\" \/>\n<meta name=\"robots\" content=\"index, follow, max-snippet:-1, max-image-preview:large, max-video-preview:-1\" \/>\n<link rel=\"canonical\" href=\"https:\/\/www.consorciresidus.org\/es\/gerente-del-cor\/\" \/>\n<meta property=\"og:locale\" content=\"es_ES\" \/>\n<meta property=\"og:type\" content=\"article\" \/>\n<meta property=\"og:title\" content=\"Gerente del COR\" \/>\n<meta property=\"og:description\" content=\"Gerente del COR, Sergi P\u00e9rez Serrano. \u00d3rgano potestativo del Consorcio, nombrado por la Asamblea General, ejerce las funciones de direcci\u00f3n.\" \/>\n<meta property=\"og:url\" content=\"https:\/\/www.consorciresidus.org\/es\/gerente-del-cor\/\" \/>\n<meta property=\"og:site_name\" content=\"Consorcio de Residuos V5 - COR\" \/>\n<meta property=\"article:modified_time\" content=\"2020-09-10T09:21:21+00:00\" \/>\n<meta property=\"og:image\" content=\"https:\/\/www.consorciresidus.org\/wp-content\/uploads\/2017\/05\/sergi-perez-gerencia.jpg\" \/>\n\t<meta property=\"og:image:width\" content=\"400\" \/>\n\t<meta property=\"og:image:height\" content=\"400\" \/>\n\t<meta property=\"og:image:type\" content=\"image\/jpeg\" \/>\n<meta name=\"twitter:card\" content=\"summary_large_image\" \/>\n<meta name=\"twitter:title\" content=\"Gerente del COR\" \/>\n<meta name=\"twitter:description\" content=\"Gerente del COR, Sergi P\u00e9rez Serrano. \u00d3rgano potestativo del Consorcio, nombrado por la Asamblea General, ejerce las funciones de direcci\u00f3n.\" \/>\n<meta name=\"twitter:image\" content=\"https:\/\/www.consorciresidus.org\/wp-content\/uploads\/2017\/05\/sergi-perez-gerencia.jpg\" \/>\n<meta name=\"twitter:label1\" content=\"Tiempo de lectura\" \/>\n\t<meta name=\"twitter:data1\" content=\"3 minutos\" \/>\n<script type=\"application\/ld+json\" class=\"yoast-schema-graph\">{\"@context\":\"https:\/\/schema.org\",\"@graph\":[{\"@type\":\"WebPage\",\"@id\":\"https:\/\/www.consorciresidus.org\/es\/gerente-del-cor\/\",\"url\":\"https:\/\/www.consorciresidus.org\/es\/gerente-del-cor\/\",\"name\":\"Gerente del COR - Consorcio de Residuos V5 - COR\",\"isPartOf\":{\"@id\":\"https:\/\/www.consorciresidus.org\/#website\"},\"primaryImageOfPage\":{\"@id\":\"https:\/\/www.consorciresidus.org\/es\/gerente-del-cor\/#primaryimage\"},\"image\":{\"@id\":\"https:\/\/www.consorciresidus.org\/es\/gerente-del-cor\/#primaryimage\"},\"thumbnailUrl\":\"https:\/\/www.consorciresidus.org\/wp-content\/uploads\/2020\/09\/gerente-web-cor-scaled.jpg\",\"datePublished\":\"2017-05-26T14:25:32+00:00\",\"dateModified\":\"2020-09-10T09:21:21+00:00\",\"description\":\"Gerente del COR, Sergi P\u00e9rez Serrano. \u00d3rgano potestativo del Consorcio, nombrado por la Asamblea General, ejerce las funciones de direcci\u00f3n.\",\"inLanguage\":\"es\",\"potentialAction\":[{\"@type\":\"ReadAction\",\"target\":[\"https:\/\/www.consorciresidus.org\/es\/gerente-del-cor\/\"]}]},{\"@type\":\"ImageObject\",\"inLanguage\":\"es\",\"@id\":\"https:\/\/www.consorciresidus.org\/es\/gerente-del-cor\/#primaryimage\",\"url\":\"https:\/\/www.consorciresidus.org\/wp-content\/uploads\/2020\/09\/gerente-web-cor-scaled.jpg\",\"contentUrl\":\"https:\/\/www.consorciresidus.org\/wp-content\/uploads\/2020\/09\/gerente-web-cor-scaled.jpg\"},{\"@type\":\"WebSite\",\"@id\":\"https:\/\/www.consorciresidus.org\/#website\",\"url\":\"https:\/\/www.consorciresidus.org\/\",\"name\":\"Consorcio de Residuos V5 - COR\",\"description\":\"Consorcio para la gesti\u00f3n de residuos\",\"potentialAction\":[{\"@type\":\"SearchAction\",\"target\":{\"@type\":\"EntryPoint\",\"urlTemplate\":\"https:\/\/www.consorciresidus.org\/?s={search_term_string}\"},\"query-input\":{\"@type\":\"PropertyValueSpecification\",\"valueRequired\":true,\"valueName\":\"search_term_string\"}}],\"inLanguage\":\"es\"}]}<\/script>\n<!-- \/ Yoast SEO plugin. -->","yoast_head_json":{"title":"Gerente del COR - Consorcio de Residuos V5 - COR","description":"Gerente del COR, Sergi P\u00e9rez Serrano. \u00d3rgano potestativo del Consorcio, nombrado por la Asamblea General, ejerce las funciones de direcci\u00f3n.","robots":{"index":"index","follow":"follow","max-snippet":"max-snippet:-1","max-image-preview":"max-image-preview:large","max-video-preview":"max-video-preview:-1"},"canonical":"https:\/\/www.consorciresidus.org\/es\/gerente-del-cor\/","og_locale":"es_ES","og_type":"article","og_title":"Gerente del COR","og_description":"Gerente del COR, Sergi P\u00e9rez Serrano. \u00d3rgano potestativo del Consorcio, nombrado por la Asamblea General, ejerce las funciones de direcci\u00f3n.","og_url":"https:\/\/www.consorciresidus.org\/es\/gerente-del-cor\/","og_site_name":"Consorcio de Residuos V5 - COR","article_modified_time":"2020-09-10T09:21:21+00:00","og_image":[{"width":400,"height":400,"url":"https:\/\/www.consorciresidus.org\/wp-content\/uploads\/2017\/05\/sergi-perez-gerencia.jpg","type":"image\/jpeg"}],"twitter_card":"summary_large_image","twitter_title":"Gerente del COR","twitter_description":"Gerente del COR, Sergi P\u00e9rez Serrano. \u00d3rgano potestativo del Consorcio, nombrado por la Asamblea General, ejerce las funciones de direcci\u00f3n.","twitter_image":"https:\/\/www.consorciresidus.org\/wp-content\/uploads\/2017\/05\/sergi-perez-gerencia.jpg","twitter_misc":{"Tiempo de lectura":"3 minutos"},"schema":{"@context":"https:\/\/schema.org","@graph":[{"@type":"WebPage","@id":"https:\/\/www.consorciresidus.org\/es\/gerente-del-cor\/","url":"https:\/\/www.consorciresidus.org\/es\/gerente-del-cor\/","name":"Gerente del COR - Consorcio de Residuos V5 - COR","isPartOf":{"@id":"https:\/\/www.consorciresidus.org\/#website"},"primaryImageOfPage":{"@id":"https:\/\/www.consorciresidus.org\/es\/gerente-del-cor\/#primaryimage"},"image":{"@id":"https:\/\/www.consorciresidus.org\/es\/gerente-del-cor\/#primaryimage"},"thumbnailUrl":"https:\/\/www.consorciresidus.org\/wp-content\/uploads\/2020\/09\/gerente-web-cor-scaled.jpg","datePublished":"2017-05-26T14:25:32+00:00","dateModified":"2020-09-10T09:21:21+00:00","description":"Gerente del COR, Sergi P\u00e9rez Serrano. \u00d3rgano potestativo del Consorcio, nombrado por la Asamblea General, ejerce las funciones de direcci\u00f3n.","inLanguage":"es","potentialAction":[{"@type":"ReadAction","target":["https:\/\/www.consorciresidus.org\/es\/gerente-del-cor\/"]}]},{"@type":"ImageObject","inLanguage":"es","@id":"https:\/\/www.consorciresidus.org\/es\/gerente-del-cor\/#primaryimage","url":"https:\/\/www.consorciresidus.org\/wp-content\/uploads\/2020\/09\/gerente-web-cor-scaled.jpg","contentUrl":"https:\/\/www.consorciresidus.org\/wp-content\/uploads\/2020\/09\/gerente-web-cor-scaled.jpg"},{"@type":"WebSite","@id":"https:\/\/www.consorciresidus.org\/#website","url":"https:\/\/www.consorciresidus.org\/","name":"Consorcio de Residuos V5 - COR","description":"Consorcio para la gesti\u00f3n de residuos","potentialAction":[{"@type":"SearchAction","target":{"@type":"EntryPoint","urlTemplate":"https:\/\/www.consorciresidus.org\/?s={search_term_string}"},"query-input":{"@type":"PropertyValueSpecification","valueRequired":true,"valueName":"search_term_string"}}],"inLanguage":"es"}]}},"_links":{"self":[{"href":"https:\/\/www.consorciresidus.org\/es\/wp-json\/wp\/v2\/pages\/17286","targetHints":{"allow":["GET"]}}],"collection":[{"href":"https:\/\/www.consorciresidus.org\/es\/wp-json\/wp\/v2\/pages"}],"about":[{"href":"https:\/\/www.consorciresidus.org\/es\/wp-json\/wp\/v2\/types\/page"}],"author":[{"embeddable":true,"href":"https:\/\/www.consorciresidus.org\/es\/wp-json\/wp\/v2\/users\/1"}],"replies":[{"embeddable":true,"href":"https:\/\/www.consorciresidus.org\/es\/wp-json\/wp\/v2\/comments?post=17286"}],"version-history":[{"count":16,"href":"https:\/\/www.consorciresidus.org\/es\/wp-json\/wp\/v2\/pages\/17286\/revisions"}],"predecessor-version":[{"id":27811,"href":"https:\/\/www.consorciresidus.org\/es\/wp-json\/wp\/v2\/pages\/17286\/revisions\/27811"}],"wp:attachment":[{"href":"https:\/\/www.consorciresidus.org\/es\/wp-json\/wp\/v2\/media?parent=17286"}],"curies":[{"name":"wp","href":"https:\/\/api.w.org\/{rel}","templated":true}]}}