 



{"id":18612,"date":"2018-01-09T08:22:01","date_gmt":"2018-01-09T08:22:01","guid":{"rendered":"https:\/\/www.consorciresidus.org\/?page_id=18612"},"modified":"2018-01-11T10:11:31","modified_gmt":"2018-01-11T10:11:31","slug":"cambio-climatico","status":"publish","type":"page","link":"https:\/\/www.consorciresidus.org\/es\/cambio-climatico\/","title":{"rendered":"Cambio clim\u00e1tico: la noticia m\u00e1s urgente"},"content":{"rendered":"[mk_page_section bg_image=\u00bbhttps:\/\/www.consorciresidus.org\/wp-content\/uploads\/2018\/01\/cambio-31.jpg\u00bb bg_position=\u00bbcenter top\u00bb bg_repeat=\u00bbno-repeat\u00bb bg_stretch=\u00bbtrue\u00bb enable_3d=\u00bbtrue\u00bb min_height=\u00bb0&#8243; full_width=\u00bbtrue\u00bb full_height=\u00bbtrue\u00bb padding_top=\u00bb0&#8243; padding_bottom=\u00bb0&#8243; skip_arrow=\u00bbtrue\u00bb visibility=\u00bbhidden-sm\u00bb sidebar=\u00bbsidebar-1&#8243;][vc_column blend_mode=\u00bbdarken\u00bb][vc_row_inner is_fullwidth_content=\u00bbfalse\u00bb css=\u00bb.vc_custom_1496775525661{padding-right: 10% !important;padding-left: 10% !important;background-color: rgba(0,0,0,0.34) !important;*background-color: rgb(0,0,0) !important;}\u00bb][vc_column_inner][vc_custom_heading text=\u00bbCambio clim\u00e1tico\u00bb font_container=\u00bbtag:h2|font_size:6em|text_align:left|color:%23ffffff|line_height:1em\u00bb google_fonts=\u00bbfont_family:Raleway%3A100%2C200%2C300%2Cregular%2C500%2C600%2C700%2C800%2C900|font_style:700%20bold%20regular%3A700%3Anormal\u00bb css=\u00bb.vc_custom_1515410774317{padding-top: 20px !important;padding-right: 20px !important;padding-bottom: 20px !important;padding-left: 20px !important;}\u00bb el_class=\u00bbsombra-title\u00bb][vc_custom_heading text=\u00bbLa noticia m\u00e1s urgente\u00bb font_container=\u00bbtag:h2|font_size:4em|text_align:left|color:%23fed500|line_height:1em\u00bb google_fonts=\u00bbfont_family:Raleway%3A100%2C200%2C300%2Cregular%2C500%2C600%2C700%2C800%2C900|font_style:400%20regular%3A400%3Anormal\u00bb css=\u00bb.vc_custom_1515410834908{margin-top: -60px !important;padding-top: 20px !important;padding-right: 20px !important;padding-bottom: 20px !important;padding-left: 20px !important;}\u00bb el_class=\u00bbsombra-title\u00bb][\/vc_column_inner][\/vc_row_inner][vc_row_inner css=\u00bb.vc_custom_1496775536589{padding-right: 10% !important;padding-left: 10% !important;background-color: rgba(0,0,0,0.34) !important;*background-color: rgb(0,0,0) !important;}\u00bb][vc_column_inner width=\u00bb1\/2&#8243;][vc_custom_heading text=\u00bbSociedad, biodiversidad y agua\u00bb font_container=\u00bbtag:h3|text_align:left|color:%23ffffff\u00bb google_fonts=\u00bbfont_family:Raleway%3A100%2C200%2C300%2Cregular%2C500%2C600%2C700%2C800%2C900|font_style:400%20regular%3A400%3Anormal\u00bb css=\u00bb.vc_custom_1515410904882{padding-left: 20px !important;}\u00bb link=\u00bburl:%23primer|||\u00bb el_class=\u00bbsombra-subtitle\u00bb][vc_column_text el_class=\u00bbsombra-subtitle\u00bb css=\u00bb.vc_custom_1515499509927{margin-bottom: 0px !important;}\u00bb]\n<p class=\"subtitle\">La batalla de la sostenibilidad<\/p>\n[\/vc_column_text][vc_custom_heading text=\u00bbLas migraciones \u00bb font_container=\u00bbtag:h3|text_align:left|color:%23ffffff\u00bb google_fonts=\u00bbfont_family:Raleway%3A100%2C200%2C300%2Cregular%2C500%2C600%2C700%2C800%2C900|font_style:400%20regular%3A400%3Anormal\u00bb css=\u00bb.vc_custom_1515411002776{padding-left: 20px !important;}\u00bb link=\u00bburl:%23segon|||\u00bb el_class=\u00bbsombra-subtitle\u00bb][vc_column_text el_class=\u00bbsombra-subtitle\u00bb css=\u00bb.vc_custom_1515499566103{margin-bottom: 0px !important;}\u00bb]\n<p class=\"subtitle\">La agricultura ecol\u00f3gica y local, clave<\/p>\n[\/vc_column_text][\/vc_column_inner][vc_column_inner width=\u00bb1\/2&#8243;][vc_custom_heading text=\u00bbEconom\u00eda circular\u00bb font_container=\u00bbtag:h3|text_align:left|color:%23ffffff\u00bb google_fonts=\u00bbfont_family:Raleway%3A100%2C200%2C300%2Cregular%2C500%2C600%2C700%2C800%2C900|font_style:400%20regular%3A400%3Anormal\u00bb css=\u00bb.vc_custom_1515411020201{padding-left: 20px !important;}\u00bb link=\u00bburl:%23tercer|||\u00bb el_class=\u00bbsombra-subtitle\u00bb][vc_column_text el_class=\u00bbsombra-subtitle\u00bb css=\u00bb.vc_custom_1515499609406{margin-bottom: 0px !important;}\u00bb]\n<p class=\"subtitle\">Producir mejor, reutilizar y reciclar<\/p>\n[\/vc_column_text][vc_custom_heading text=\u00bbEl impacto del COR \u00bb font_container=\u00bbtag:h3|text_align:left|color:%23ffffff\u00bb google_fonts=\u00bbfont_family:Raleway%3A100%2C200%2C300%2Cregular%2C500%2C600%2C700%2C800%2C900|font_style:400%20regular%3A400%3Anormal\u00bb css=\u00bb.vc_custom_1515411047449{padding-left: 20px !important;}\u00bb link=\u00bburl:%23quart|||\u00bb el_class=\u00bbsombra-subtitle\u00bb][vc_column_text el_class=\u00bbsombra-subtitle\u00bb css=\u00bb.vc_custom_1515499642222{margin-bottom: 0px !important;}\u00bb]\n<p class=\"subtitle\">Objetivo: tener plantas de residuos propias<\/p>\n[\/vc_column_text][\/vc_column_inner][\/vc_row_inner][\/vc_column][\/mk_page_section][mk_page_section bg_image=\u00bbhttps:\/\/www.consorciresidus.org\/wp-content\/uploads\/2018\/01\/cambio-31.jpg\u00bb bg_position=\u00bbcenter center\u00bb bg_repeat=\u00bbno-repeat\u00bb bg_stretch=\u00bbtrue\u00bb enable_3d=\u00bbtrue\u00bb min_height=\u00bb300&#8243; full_width=\u00bbtrue\u00bb js_vertical_centered=\u00bbtrue\u00bb padding_top=\u00bb0&#8243; padding_bottom=\u00bb0&#8243; visibility=\u00bbvisible-sm\u00bb sidebar=\u00bbsidebar-1&#8243;][vc_column blend_mode=\u00bbdarken\u00bb][vc_row_inner is_fullwidth_content=\u00bbfalse\u00bb css=\u00bb.vc_custom_1494861440068{padding-right: 2% !important;padding-left: 2% !important;background-color: rgba(0,0,0,0.24) !important;*background-color: rgb(0,0,0) !important;}\u00bb][vc_column_inner][vc_custom_heading text=\u00bbCambio clim\u00e1tico\u00bb font_container=\u00bbtag:h2|font_size:3em|text_align:left|color:%23ffffff|line_height:1em\u00bb google_fonts=\u00bbfont_family:Raleway%3A100%2C200%2C300%2Cregular%2C500%2C600%2C700%2C800%2C900|font_style:500%20bold%20regular%3A500%3Anormal\u00bb el_class=\u00bbsombra-title\u00bb css=\u00bb.vc_custom_1515485385805{margin-bottom: 0px !important;padding-top: 15px !important;}\u00bb][vc_custom_heading text=\u00bbLa noticia m\u00e1s urgente\u00bb font_container=\u00bbtag:h2|font_size:2em|text_align:left|color:%23fed500|line_height:1.8em\u00bb google_fonts=\u00bbfont_family:Raleway%3A100%2C200%2C300%2Cregular%2C500%2C600%2C700%2C800%2C900|font_style:400%20regular%3A400%3Anormal\u00bb el_class=\u00bbsombra-title\u00bb][\/vc_column_inner][\/vc_row_inner][\/vc_column][\/mk_page_section][vc_row css=\u00bb.vc_custom_1487607476970{margin-top: 30px !important;background-color: #f2f2f2 !important;}\u00bb][vc_column][vc_row_inner css=\u00bb.vc_custom_1487607433646{padding-top: 30px !important;padding-bottom: 40px !important;}\u00bb][vc_column_inner][mk_dropcaps style=\u00bbfancy-style\u00bb]E[\/mk_dropcaps][vc_column_text css=\u00bb.vc_custom_1515411124910{margin-bottom: 0px !important;}\u00bb]l Oceanogr\u00e0fic de Val\u00e8ncia acogi\u00f3 a mediados de noviembre el XII Congreso Nacional de Periodismo Ambiental. Un marco inmejorable para tratar un tema que la propia organizaci\u00f3n de APIA (Asociaci\u00f3n de Periodistas de Informaci\u00f3n Ambiental) tild\u00f3 como \u201cla noticia m\u00e1s urgente\u201d: el cambio clim\u00e1tico.<br \/>\nLa inauguraci\u00f3n de las Jornadas corri\u00f3 a cargo del investigador y director de Publicaciones en el Worldwatch Institute, Gary T Gardner, quien dej\u00f3 unas claras pinceladas sobre lo que iba a deparar el Congreso. \u201cEl cambio clim\u00e1tico es un asunto urgente. Cuanto m\u00e1s nos demoremos, m\u00e1s esfuerzo se va a necesitar y mayor ser\u00e1 el coste m\u00e1s adelante\u201d, asegur\u00f3. Por el camino, algunos datos impactantes. Gardner record\u00f3 que los \u00faltimos diecis\u00e9is a\u00f1os se encuentran entre los que mayores temperaturas han registrado en la historia (desde que se contabiliza este dato). El \u00c1rtico se ha reducido al 50% y el nivel del mar ha subido entre 18 y 20 cent\u00edmetros desde el inicio del siglo XX (aunque la mitad de este aumento se ha producido desde 1993). \u201cEstos hechos traen consecuencias como el crecimiento exponencial de los refugiados clim\u00e1ticos en las pr\u00f3ximas d\u00e9cadas, la intensificaci\u00f3n de fen\u00f3menos extremos como las tormentas, las sequ\u00edas, o la acidificaci\u00f3n de los oc\u00e9anos\u201d, explic\u00f3.<br \/>\n\u201c\u00bfTenemos la suficiente energ\u00eda para sostener una sociedad industrializada?\u201d se preguntaba Gardner, quien a\u00f1adi\u00f3 que \u201cla agricultura regenerativa es una doble victoria: para el clima y para la agricultura\u201d, denunciando la deforestaci\u00f3n y abogando por el cultivo econ\u00f3mico, que aumenta el contenido de carb\u00f3n en los suelos. Otras de sus preocupaciones trataron sobre el crecimiento de la poblaci\u00f3n en los pr\u00f3ximos a\u00f1os, el sobreuso de los recursos o la capacidad de las democracias para manejar la transici\u00f3n a una sociedad de sostenibilidad.<br \/>\n[\/vc_column_text][\/vc_column_inner][\/vc_row_inner][\/vc_column][\/vc_row][vc_row][vc_column][vc_row_inner css=\u00bb.vc_custom_1487606058823{padding-top: 100px !important;}\u00bb el_class=\u00bbprimer-title\u00bb el_id=\u00bbprimer\u00bb][vc_column_inner][mk_ornamental_title font_family=\u00bbnone\u00bb font_size=\u00bb38&#8243; font_weight=\u00bb300&#8243; ornament_style=\u00bbnorman-single\u00bb ornament_color=\u00bb#bfbfbf\u00bb margin_top=\u00bb-20&#8243;]\n<p style=\"text-align: left;\">Sociedad, biodiversidad y agua<\/p>\n[\/mk_ornamental_title][\/vc_column_inner][\/vc_row_inner][\/vc_column][\/vc_row][mk_page_section sidebar=\u00bbsidebar-1&#8243;][vc_column width=\u00bb1\/2&#8243;][mk_dropcaps style=\u00bbfancy-style\u00bb]T[\/mk_dropcaps][vc_column_text css=\u00bb.vc_custom_1515486009508{margin-bottom: 0px !important;}\u00bb]ras la contextualizaci\u00f3n inicial del investigador, el Congreso se centr\u00f3 en poner el punto de mira en la informaci\u00f3n medioambiental y en la visi\u00f3n que los agentes sociales tienen sobre c\u00f3mo se est\u00e1 tratando el cambio clim\u00e1tico. En ese sentido, el periodista freelance Javier Rico esgrimi\u00f3 que \u201cel periodismo es una profesi\u00f3n inestable, condicionada por muchos aspectos externos, y si se trata del ambiental, todav\u00eda m\u00e1s\u201d. Tambi\u00e9n expresaron su opini\u00f3n desde el lado de la prensa Eva Gonz\u00e1lez (Europapress), Francisco Aguilar (EFE) y Antonio Cerrillo (la Vanguardia).<\/p>\n<p>En el otro lado de la lona, representantes de la sociedad en general. Entre ellos estaban Juan Carlos del Olmo (WWF Espa\u00f1a), Jos\u00e9 Miguel Vi\u00f1as (Meteor\u00f3logo), Andreu Escriv\u00e0 (cient\u00edfico y divulgador), Maute Mercado (profesora de periodismo ambiental) y Santiago \u00c1lvarez (FUHEM Ecosocial).<\/p>\n<p>En esta primera jornada tambi\u00e9n hubo tiempo para la biodiversidad. Porque cuando se habla de cambio clim\u00e1tico, tambi\u00e9n se est\u00e1 hablando de cambio global. A eso se refiri\u00f3 David Vieites (CSIC), quien explic\u00f3 que el cambio clim\u00e1tico impacta sobre organismos, poblaciones, especies y comunidades. Un t\u00e9rmino del que se empez\u00f3 a hablar hace un siglo pero que ahora empieza a mostrar sus consecuencias. \u201cSi le das una patada a la biodiversidad, \u00e9sta te devuelve el problema amplificado\u201d, coment\u00f3. Otro de los temas tratados, con un magn\u00edfico acuario como tel\u00f3n de fondo, fue el del agua. \u201cEl medio marino se contamina cada vez m\u00e1s, y los animales est\u00e1n m\u00e1s sometidos a estr\u00e9s\u201d, advirti\u00f3 Daniel Garc\u00eda, director t\u00e9cnico y coordinador del Comit\u00e9 Cient\u00edfico de la Fundaci\u00f3n Oceanogr\u00e0fic. Garc\u00eda a\u00f1adi\u00f3 que \u201cel grado de peligro de extinci\u00f3n no viene dado por el n\u00famero que queda, sino por la velocidad de desaparici\u00f3n de la especie\u201d.[\/vc_column_text][\/vc_column][vc_column width=\u00bb1\/2&#8243;][mk_image src=\u00bbhttps:\/\/www.consorciresidus.org\/wp-content\/uploads\/2018\/01\/cambio-2-1024.jpg\u00bb image_size=\u00bblarge\u00bb desc=\u00bbXII Congreso Nacional de Periodismo Ambiental\u00bb][vc_column_text css=\u00bb.vc_custom_1515486030587{margin-bottom: 0px !important;padding-top: 1.66em !important;}\u00bb]En una posterior mesa redonda tambi\u00e9n se retrat\u00f3 que los glaciares est\u00e1n retrocediendo en todo el mundo \u201cy ya no solo en el \u00c1rtico. En los Pirineos ha dejado de haber nieve donde antes la encontr\u00e1bamos de forma permanente\u201d.<\/p>\n<p>Las ciudades coparon el final de la primera jornada. En esta mesa redonda se debati\u00f3 si las pol\u00edticas de cambio clim\u00e1tico se deben ligar con las pol\u00edticas municipales. \u201cEs m\u00e1s dif\u00edcil que los Estados se pongan de acuerdo, a que lo hagan las ciudades\u201d, coment\u00f3 Alicia Torrego, de la Fundaci\u00f3n CONAMA. Sergi Campillo, concejal de Val\u00e8ncia, hizo por su parte una premonici\u00f3n: \u201cla batalla de la sostenibilidad se ganar\u00e1 o se perder\u00e1 en las ciudades\u201d. Campillo ve fundamental, adem\u00e1s, el cambio de las pol\u00edticas de movilidad pese a que reconoci\u00f3 que \u201ctenemos una ciudadan\u00eda muy acostumbrada a los usos del coche, y cualquier restricci\u00f3n siempre se ve como una merma de libertad\u201d.[\/vc_column_text][\/vc_column][\/mk_page_section][mk_page_section min_height=\u00bb62&#8243; sidebar=\u00bbsidebar-1&#8243;][vc_column][\/vc_column][\/mk_page_section][vc_row css=\u00bb.vc_custom_1487618662848{padding-top: 60px !important;padding-bottom: 40px !important;background-color: #f2f2f2 !important;}\u00bb id=\u00bbsegon\u00bb][vc_column][mk_ornamental_title font_family=\u00bbnone\u00bb font_size=\u00bb38&#8243; font_weight=\u00bb300&#8243; ornament_style=\u00bbnorman-single\u00bb ornament_color=\u00bb#bfbfbf\u00bb margin_top=\u00bb-20&#8243;]\n<p class=\"vc_custom_heading sombra-subtitle vc_custom_1487331673580\">Las migraciones<\/p>\n[\/mk_ornamental_title][vc_single_image image=\u00bb18657&#8243; img_size=\u00bbfull\u00bb alignment=\u00bbcenter\u00bb][vc_row_inner][vc_column_inner width=\u00bb1\/2&#8243;][mk_dropcaps style=\u00bbfancy-style\u00bb]L[\/mk_dropcaps][vc_column_text css=\u00bb.vc_custom_1515412997271{margin-bottom: 0px !important;}\u00bb]a segunda de las jornadas tambi\u00e9n dio mucho de s\u00ed. Sobre la mesa se puso de manifiesto la problem\u00e1tica de las migraciones clim\u00e1ticas, que ya afectan a pa\u00edses como Siria o Marruecos. \u201cMarruecos se encuentra en una encrucijada sobre migrantes subsaharianos. Es altamente vulnerable en temas de cambio clim\u00e1tico por el desierto del S\u00e1hara y el acceso al agua. El primer paso de la migraci\u00f3n es dentro del pa\u00eds, aunque m\u00e1s adelante se da paso a otro territorio. Nadie emigra solo por una \u00fanica raz\u00f3n, pero entre las m\u00e1s frecuentes se encuentran los conflictos y los desastres naturales, fruto del cambio clim\u00e1tico\u201d, manifest\u00f3 M\u00aa Luisa Sierra, del proyecto Mediterranean Changing relationship.[\/vc_column_text][mk_blockquote font_family=\u00bbnone\u00bb]\n<p align=\"left\">El ingeniero Enric Navarro puso en valor l\u2019Horta valenciana: \u201cCuando adquirimos el alimento a un productor local, se invierte en la propia econom\u00eda local\u201d.<\/p>\n[\/mk_blockquote][vc_column_text css=\u00bb.vc_custom_1515580872403{margin-bottom: 0px !important;}\u00bb]En cuanto a la tem\u00e1tica de las pol\u00edticas sobre cambio clim\u00e1tico, el jefe del \u00c1rea de Estrategias de Adaptaci\u00f3n de la Oficina Espa\u00f1ola de Cambio Clim\u00e1tico, Francisco Heras, fue claro: \u201clas pol\u00edticas p\u00fablicas que se est\u00e1n tomando en materia ambiental son contradictorias, sectoriales y secundarias\u201d. Tambi\u00e9n intervinieron distintos periodistas que analizaron las pol\u00edticas clim\u00e1ticas que se est\u00e1n llevando a cabo en Estados Unidos, China, Gran Breta\u00f1a y Dinamarca.[\/vc_column_text][\/vc_column_inner][vc_column_inner width=\u00bb1\/2&#8243;][vc_column_text css=\u00bb.vc_custom_1515580896080{margin-bottom: 0px !important;}\u00bb]Pero si de algo se debati\u00f3 de valiente en esa segunda ma\u00f1ana, fue de alimentaci\u00f3n. Richard Borreani (director de Relaciones Institucionales de Bayer Crops Science Iberia), lanz\u00f3 una contundente afirmaci\u00f3n: \u201cDe aqu\u00ed al 2050, la agricultura ecol\u00f3gica tiene un gran desaf\u00edo debido al crecimiento de la poblaci\u00f3n\u201d. Para ello, seg\u00fan sus propias palabras, tan solo hay una v\u00eda: \u201cinnovaci\u00f3n\u201d. Borreani dej\u00f3 caer que en 1960 un agricultor alem\u00e1n alimentaba a 17 personas, pero que hoy, debe alimentar a 150.<\/p>\n<p>Otros datos alarmantes proporcionados son que un 40% de la poblaci\u00f3n mundial sufrir\u00e1 falta de agua en 2050 y que un tercio del suelo f\u00e9rtil mundial est\u00e1 en riesgo. \u201cLa agricultura tiene que cambiar de paradigma. Ayudarnos de las nuevas tecnolog\u00edas, porque un uso excesivo de los recursos naturales llevan a su agotamiento\u201d, augur\u00f3 Borreani.<\/p>\n<p>Como preocupaciones en este aspecto la p\u00e9rdida de suelo agrario en detrimento del crecimiento urban\u00edstico y la p\u00e9rdida de valor humano en forma de menos agricultores. No obstante, hay espacio para el optimismo: \u201cel futuro debemos ganarlo todos. Hay potencial humano y tecnol\u00f3gico suficiente para resolver este problema. La historia ya nos lo ha demostrado\u201d, tranquilizaba Alberto San Bautista, director de la Escuela T\u00e9cnica Superior de Ingenier\u00eda Agron\u00f3mica y del Medio Natural de la UPV.[\/vc_column_text][\/vc_column_inner][\/vc_row_inner][\/vc_column][\/vc_row][vc_row css=\u00bb.vc_custom_1496795966579{padding-top: 100px !important;padding-bottom: 40px !important;}\u00bb id=\u00bbtercer\u00bb][vc_column][mk_ornamental_title font_family=\u00bbnone\u00bb font_size=\u00bb38&#8243; font_weight=\u00bb300&#8243; ornament_style=\u00bbnorman-single\u00bb ornament_color=\u00bb#bfbfbf\u00bb margin_top=\u00bb-20&#8243; margin_bottom=\u00bb29&#8243;]Econom\u00eda circular[\/mk_ornamental_title][vc_single_image image=\u00bb18646&#8243; img_size=\u00bbfull\u00bb alignment=\u00bbcenter\u00bb][vc_row_inner][vc_column_inner width=\u00bb1\/3&#8243;][mk_dropcaps style=\u00bbfancy-style\u00bb]U[\/mk_dropcaps][vc_column_text css=\u00bb.vc_custom_1515581712763{margin-bottom: 0px !important;}\u00bb]na de las tem\u00e1ticas estrella del Congreso sobre Cambio Clim\u00e1tico fue el de la econom\u00eda circular. Ya en la conferencia inaugural, Gary T. Gardner dej\u00f3 patente su importancia en este \u00e1mbito. \u201cDebemos utilizar la materia de manera que se pueda reciclar o reutilizar. Hoy en d\u00eda no recibe la atenci\u00f3n necesaria y es lo contrario al sistema actual de tomar, usar y desechar. M\u00e1s del 50% de las emisiones de gases invernadero est\u00e1n relacionadas al manejo de materia, y los compromisos nacionales actuales llegan tan solo a la mitad de los cortes necesario. La econom\u00eda circular puede alcanzar el resto\u201d.<\/p>\n<p>En ese sentido, Gardner dio una serie de pasos a seguir como el aumento de la eficiencia energ\u00e9tica, el aumento del porcentaje de energ\u00eda renovable utilizable, la minimizaci\u00f3n de desechos y la maximizaci\u00f3n del re\u00faso y el reciclaje, el reemplazo del 50% de materia virgen por materia secundaria o la extensi\u00f3n de la vida \u00fatil de productos como neveras o lavadoras.<\/p>\n<p>Ecoembes ha sido capaz de reducir en 20 a\u00f1os la friolera de 17,7 millones de toneladas de residuos (que equivaldr\u00edan a las emisiones que se producen en Sevilla durante 8 a\u00f1os).[\/vc_column_text][\/vc_column_inner][vc_column_inner width=\u00bb1\/3&#8243;][vc_column_text css=\u00bb.vc_custom_1515581483268{margin-bottom: 0px !important;}\u00bb]\u201cSe pretende evitar el malgasto de los productos. Cerrar el ciclo. Antes ten\u00edamos una filosof\u00eda de econom\u00eda lineal: producir, consumir, y tirar. Ahora se busca producir, consumir y volver a producir\u201d, explica la responsable Sara G\u00fcemes. Una de las \u00faltimas aventuras en la que se han embarcado es en Proyecto Libera, que ha conseguido en 5 meses que m\u00e1s de 5.000 personas a salieran del confort de su sof\u00e1 para limpiar playas, campos y monta\u00f1as.<\/p>\n<p>Otro elemento que se puede reutilizar es el del aceite industrial. Sobre ello expuso Ferm\u00edn Mart\u00ednez (SIGAUS). \u201cEl aceite usado al final de su tratamiento se puede utilizar como combustible sustitutivo del fueloil o como lubricante, adem\u00e1s de que la regeneraci\u00f3n de aceite usado reduce emisiones de CO2\u201d, explicaba. De hecho, en 2016 se evit\u00f3 la utilizaci\u00f3n de m\u00e1s de 26 millones de barriles de petr\u00f3leo, que se hubieran necesitado para realizar lubricantes y que equivalen al petr\u00f3leo que se importa en Espa\u00f1a durante 3 semanas. Mart\u00ednez record\u00f3 que 1 litro de aceite usado puede contaminar 1 mill\u00f3n de litros de agua, de ah\u00ed la peligrosidad del elemento para el medio ambiente, y que el 100% de los aceites usados se puede volver a utilizar.[\/vc_column_text][\/vc_column_inner][vc_column_inner width=\u00bb1\/3&#8243;][vc_column_text css=\u00bb.vc_custom_1515428497665{margin-bottom: 0px !important;}\u00bb]\u201cA veces no nos damos cuenta de que la basura en s\u00ed a veces tiene un valor que no podemos desestimar\u201d, dec\u00eda Isabel L\u00f3pez-Rivadulla (SIGNUS). Ellos trabajan en la reutilizaci\u00f3n de otra materia: los neum\u00e1ticos. \u201cConvertimos algo que antes se desechaba en materias primas secundarias para evitar que se usen recursos naturales que contribuyen al cambio clim\u00e1tico\u201d.[\/vc_column_text][mk_blockquote font_family=\u00bbnone\u00bb]\n<p align=\"left\"><em>Es importante resaltar a la basura como un problema del medio ambiente. \u00bfC\u00f3mo vamos a recoger basura del suelo si nunca nos han ense\u00f1ado a hacerlo?\u201d, se preguntaba Sara G\u00fcemes, de Ecoembes, quien recordaba que \u201cno hay un Plan B porque no hay un Planeta B.<\/em>.<\/p>\n[\/mk_blockquote][vc_column_text css=\u00bb.vc_custom_1515428482873{margin-bottom: 0px !important;}\u00bb]Al fin y al cabo, de eso se trata, de reutilizar y darle una segunda oportunidad a las materias primas. Porque como dijo la Consellera de Agricultura, Medio Ambiente, Cambio Clim\u00e1tico y Desarrollo Rural, Elena Cebri\u00e1n, \u201clos peque\u00f1os gestos, multiplicados, pueden imprimir un giro y cambiar las tendencias. Hay que aprender, no a producir m\u00e1s, sino a producir mejor\u201d.[\/vc_column_text][\/vc_column_inner][\/vc_row_inner][\/vc_column][\/vc_row][vc_row css=\u00bb.vc_custom_1496795989446{padding-top: 100px !important;padding-bottom: 15px !important;background-color: #ededed !important;}\u00bb id=\u00bbquart\u00bb][vc_column][mk_ornamental_title font_family=\u00bbnone\u00bb font_size=\u00bb38&#8243; font_weight=\u00bb300&#8243; ornament_style=\u00bbnorman-single\u00bb ornament_color=\u00bb#bfbfbf\u00bb margin_top=\u00bb-20&#8243; margin_bottom=\u00bb29&#8243;]El impacto del COR[\/mk_ornamental_title][mk_image src=\u00bbhttps:\/\/www.consorciresidus.org\/wp-content\/uploads\/2018\/01\/cambio-4.jpg\u00bb image_size=\u00bbfull\u00bb][vc_row_inner css=\u00bb.vc_custom_1515435643833{padding-top: 30px !important;padding-bottom: 15px !important;}\u00bb][vc_column_inner width=\u00bb1\/2&#8243;][mk_dropcaps style=\u00bbfancy-style\u00bb]L[\/mk_dropcaps][vc_column_text css=\u00bb.vc_custom_1515428628930{margin-bottom: 0px !important;}\u00bb]a actual situaci\u00f3n del Consorcio de Residuos V5 contribuye, de forma directa, a la aparici\u00f3n del cambio clim\u00e1tico. El motivo es bien sencillo. Al carecer de plantas de tratamiento propias, los residuos de nuestras cinco comarcas deben repartirse por diferentes instalaciones que se encuentran fuera de nuestro \u00e1mbito de actuaci\u00f3n, lo que implica un incesante movimiento diario de veh\u00edculos que se desplazan hasta ellas, y en consecuencia, m\u00e1s emisiones de CO2, uno de los gases responsables del llamado efecto invernadero.<\/p>\n<p>Seg\u00fan un estudio realizado por el COR, cuyos datos estimados de emisiones han sido extra\u00eddos de la Gu\u00eda pr\u00e1ctica para el c\u00e1lculo de emisiones de gases de efecto invernadero realizada por la Generalitat de Catalunya, el Consorcio emite una cantidad de 888 toneladas al a\u00f1o de CO2, que corresponden a unos 6.472 viajes realizados hasta las Plantas que reciben nuestros residuos.<br \/>\n[\/vc_column_text][\/vc_column_inner][vc_column_inner width=\u00bb1\/2&#8243;][vc_column_text css=\u00bb.vc_custom_1515428650505{margin-bottom: 0px !important;}\u00bb]Si tenemos en cuenta que se estima que una vivienda emite anualmente 1,54 toneladas de CO2 debido a su consumo el\u00e9ctrico, las emisiones de transporte de nuestros residuos equivaldr\u00edan al consumo de 577 viviendas.<\/p>\n<p>No obstante, los escenarios futuros van a plantear una o varias plantas de tratamiento de residuos s\u00f3lidos urbanos dentro del \u00e1mbito zonal, con lo que las distancias recorridas para la transferencia se reducir\u00e1n considerablemente, y con ello, las emisiones de CO2. De la equivalencia anterior, pasar\u00edamos \u2013estimadamente- a emitir lo mismo que 132 viviendas.<\/p>\n<p>Las nuevas infraestructuras de las que dispondr\u00e1 el Consorcio de Residuos pr\u00f3ximamente no solo reducir\u00e1n notablemente el gasto, sino que amortiguar\u00e1n las emisiones de di\u00f3xido de carbono que contribuimos a verter a la atm\u00f3sfera. Es por ello que es de vital importancia trabajar para que se puedan llevar a cabo lo m\u00e1s inminentemente posible, dando con ello un respiro a nuestro planeta.<br \/>\n[\/vc_column_text][\/vc_column_inner][\/vc_row_inner][\/vc_column][\/vc_row][vc_row][vc_column][mk_padding_divider size=\u00bb38&#8243;][\/vc_column][\/vc_row]\n<div style=\"clear:both;\"><\/div>","protected":false},"excerpt":{"rendered":"<p>En el XII congreso nacional de periodismo ambiental celebrado a mediados de noviembre en el oceanogr\u00e1fico de Valencia, periodistas y cient\u00edficos de todo el mundo debatieron sobre las claves para combatir el cambio clim\u00e1tico e informar correctamente desde los medios.<\/p>\n","protected":false},"author":1,"featured_media":18655,"parent":0,"menu_order":0,"comment_status":"closed","ping_status":"closed","template":"","meta":{"footnotes":""},"class_list":["post-18612","page","type-page","status-publish","has-post-thumbnail","hentry"],"yoast_head":"<!-- This site is optimized with the Yoast SEO plugin v26.0 - https:\/\/yoast.com\/wordpress\/plugins\/seo\/ -->\n<title>Cambio clim\u00e1tico: la noticia m\u00e1s urgente - Consorcio de Residuos V5 - COR<\/title>\n<meta name=\"description\" content=\"El XII Congreso Nacional de Periodismo Ambiental celebrado en Valencia llama a introducir el cambio clim\u00e1tico en la agenda pol\u00edtica.\" \/>\n<meta name=\"robots\" content=\"index, follow, max-snippet:-1, max-image-preview:large, max-video-preview:-1\" \/>\n<link rel=\"canonical\" href=\"https:\/\/www.consorciresidus.org\/es\/cambio-climatico\/\" \/>\n<meta property=\"og:locale\" content=\"es_ES\" \/>\n<meta property=\"og:type\" content=\"article\" \/>\n<meta property=\"og:title\" content=\"El cambio clim\u00e1tico, la noticia m\u00e1s urgente\" \/>\n<meta property=\"og:description\" content=\"El Oceanogr\u00e0fic de Val\u00e8ncia acogi\u00f3 a mediados de noviembre el XII Congreso Nacional de Periodismo Ambiental. Un marco inmejorable para tratar un tema que la propia Asociaci\u00f3n de Periodistas de Informaci\u00f3n Ambiental tild\u00f3 como \u201cla noticia m\u00e1s urgente\u201d: el cambio clim\u00e1tico.\" \/>\n<meta property=\"og:url\" content=\"https:\/\/www.consorciresidus.org\/es\/cambio-climatico\/\" \/>\n<meta property=\"og:site_name\" content=\"Consorcio de Residuos V5 - COR\" \/>\n<meta property=\"article:modified_time\" content=\"2018-01-11T10:11:31+00:00\" \/>\n<meta property=\"og:image\" content=\"https:\/\/www.consorciresidus.org\/wp-content\/uploads\/2018\/01\/cambio-2-1024.jpg\" \/>\n\t<meta property=\"og:image:width\" content=\"1024\" \/>\n\t<meta property=\"og:image:height\" content=\"680\" \/>\n\t<meta property=\"og:image:type\" content=\"image\/jpeg\" \/>\n<meta name=\"twitter:card\" content=\"summary_large_image\" \/>\n<meta name=\"twitter:title\" content=\"El cambio clim\u00e1tico, la noticia m\u00e1s urgente\" \/>\n<meta name=\"twitter:description\" content=\"El Oceanogr\u00e0fic de Val\u00e8ncia acogi\u00f3 a mediados de noviembre el XII Congreso Nacional de Periodismo Ambiental. Un marco inmejorable para tratar un tema que la propia Asociaci\u00f3n de Periodistas de Informaci\u00f3n Ambiental tild\u00f3 como \u201cla noticia m\u00e1s urgente\u201d: el cambio clim\u00e1tico.\" \/>\n<meta name=\"twitter:image\" content=\"https:\/\/www.consorciresidus.org\/wp-content\/uploads\/2018\/01\/cambio-2-1024.jpg\" \/>\n<meta name=\"twitter:label1\" content=\"Tiempo de lectura\" \/>\n\t<meta name=\"twitter:data1\" content=\"17 minutos\" \/>\n<script type=\"application\/ld+json\" class=\"yoast-schema-graph\">{\"@context\":\"https:\/\/schema.org\",\"@graph\":[{\"@type\":\"WebPage\",\"@id\":\"https:\/\/www.consorciresidus.org\/es\/cambio-climatico\/\",\"url\":\"https:\/\/www.consorciresidus.org\/es\/cambio-climatico\/\",\"name\":\"Cambio clim\u00e1tico: la noticia m\u00e1s urgente - Consorcio de Residuos V5 - COR\",\"isPartOf\":{\"@id\":\"https:\/\/www.consorciresidus.org\/#website\"},\"primaryImageOfPage\":{\"@id\":\"https:\/\/www.consorciresidus.org\/es\/cambio-climatico\/#primaryimage\"},\"image\":{\"@id\":\"https:\/\/www.consorciresidus.org\/es\/cambio-climatico\/#primaryimage\"},\"thumbnailUrl\":\"https:\/\/www.consorciresidus.org\/wp-content\/uploads\/2018\/01\/cambio-2-1024.jpg\",\"datePublished\":\"2018-01-09T08:22:01+00:00\",\"dateModified\":\"2018-01-11T10:11:31+00:00\",\"description\":\"El XII Congreso Nacional de Periodismo Ambiental celebrado en Valencia llama a introducir el cambio clim\u00e1tico en la agenda pol\u00edtica.\",\"inLanguage\":\"es\",\"potentialAction\":[{\"@type\":\"ReadAction\",\"target\":[\"https:\/\/www.consorciresidus.org\/es\/cambio-climatico\/\"]}]},{\"@type\":\"ImageObject\",\"inLanguage\":\"es\",\"@id\":\"https:\/\/www.consorciresidus.org\/es\/cambio-climatico\/#primaryimage\",\"url\":\"https:\/\/www.consorciresidus.org\/wp-content\/uploads\/2018\/01\/cambio-2-1024.jpg\",\"contentUrl\":\"https:\/\/www.consorciresidus.org\/wp-content\/uploads\/2018\/01\/cambio-2-1024.jpg\",\"width\":1024,\"height\":680},{\"@type\":\"WebSite\",\"@id\":\"https:\/\/www.consorciresidus.org\/#website\",\"url\":\"https:\/\/www.consorciresidus.org\/\",\"name\":\"Consorcio de Residuos V5 - COR\",\"description\":\"Consorcio para la gesti\u00f3n de residuos\",\"potentialAction\":[{\"@type\":\"SearchAction\",\"target\":{\"@type\":\"EntryPoint\",\"urlTemplate\":\"https:\/\/www.consorciresidus.org\/?s={search_term_string}\"},\"query-input\":{\"@type\":\"PropertyValueSpecification\",\"valueRequired\":true,\"valueName\":\"search_term_string\"}}],\"inLanguage\":\"es\"}]}<\/script>\n<!-- \/ Yoast SEO plugin. -->","yoast_head_json":{"title":"Cambio clim\u00e1tico: la noticia m\u00e1s urgente - Consorcio de Residuos V5 - COR","description":"El XII Congreso Nacional de Periodismo Ambiental celebrado en Valencia llama a introducir el cambio clim\u00e1tico en la agenda pol\u00edtica.","robots":{"index":"index","follow":"follow","max-snippet":"max-snippet:-1","max-image-preview":"max-image-preview:large","max-video-preview":"max-video-preview:-1"},"canonical":"https:\/\/www.consorciresidus.org\/es\/cambio-climatico\/","og_locale":"es_ES","og_type":"article","og_title":"El cambio clim\u00e1tico, la noticia m\u00e1s urgente","og_description":"El Oceanogr\u00e0fic de Val\u00e8ncia acogi\u00f3 a mediados de noviembre el XII Congreso Nacional de Periodismo Ambiental. Un marco inmejorable para tratar un tema que la propia Asociaci\u00f3n de Periodistas de Informaci\u00f3n Ambiental tild\u00f3 como \u201cla noticia m\u00e1s urgente\u201d: el cambio clim\u00e1tico.","og_url":"https:\/\/www.consorciresidus.org\/es\/cambio-climatico\/","og_site_name":"Consorcio de Residuos V5 - COR","article_modified_time":"2018-01-11T10:11:31+00:00","og_image":[{"width":1024,"height":680,"url":"https:\/\/www.consorciresidus.org\/wp-content\/uploads\/2018\/01\/cambio-2-1024.jpg","type":"image\/jpeg"}],"twitter_card":"summary_large_image","twitter_title":"El cambio clim\u00e1tico, la noticia m\u00e1s urgente","twitter_description":"El Oceanogr\u00e0fic de Val\u00e8ncia acogi\u00f3 a mediados de noviembre el XII Congreso Nacional de Periodismo Ambiental. Un marco inmejorable para tratar un tema que la propia Asociaci\u00f3n de Periodistas de Informaci\u00f3n Ambiental tild\u00f3 como \u201cla noticia m\u00e1s urgente\u201d: el cambio clim\u00e1tico.","twitter_image":"https:\/\/www.consorciresidus.org\/wp-content\/uploads\/2018\/01\/cambio-2-1024.jpg","twitter_misc":{"Tiempo de lectura":"17 minutos"},"schema":{"@context":"https:\/\/schema.org","@graph":[{"@type":"WebPage","@id":"https:\/\/www.consorciresidus.org\/es\/cambio-climatico\/","url":"https:\/\/www.consorciresidus.org\/es\/cambio-climatico\/","name":"Cambio clim\u00e1tico: la noticia m\u00e1s urgente - Consorcio de Residuos V5 - COR","isPartOf":{"@id":"https:\/\/www.consorciresidus.org\/#website"},"primaryImageOfPage":{"@id":"https:\/\/www.consorciresidus.org\/es\/cambio-climatico\/#primaryimage"},"image":{"@id":"https:\/\/www.consorciresidus.org\/es\/cambio-climatico\/#primaryimage"},"thumbnailUrl":"https:\/\/www.consorciresidus.org\/wp-content\/uploads\/2018\/01\/cambio-2-1024.jpg","datePublished":"2018-01-09T08:22:01+00:00","dateModified":"2018-01-11T10:11:31+00:00","description":"El XII Congreso Nacional de Periodismo Ambiental celebrado en Valencia llama a introducir el cambio clim\u00e1tico en la agenda pol\u00edtica.","inLanguage":"es","potentialAction":[{"@type":"ReadAction","target":["https:\/\/www.consorciresidus.org\/es\/cambio-climatico\/"]}]},{"@type":"ImageObject","inLanguage":"es","@id":"https:\/\/www.consorciresidus.org\/es\/cambio-climatico\/#primaryimage","url":"https:\/\/www.consorciresidus.org\/wp-content\/uploads\/2018\/01\/cambio-2-1024.jpg","contentUrl":"https:\/\/www.consorciresidus.org\/wp-content\/uploads\/2018\/01\/cambio-2-1024.jpg","width":1024,"height":680},{"@type":"WebSite","@id":"https:\/\/www.consorciresidus.org\/#website","url":"https:\/\/www.consorciresidus.org\/","name":"Consorcio de Residuos V5 - COR","description":"Consorcio para la gesti\u00f3n de residuos","potentialAction":[{"@type":"SearchAction","target":{"@type":"EntryPoint","urlTemplate":"https:\/\/www.consorciresidus.org\/?s={search_term_string}"},"query-input":{"@type":"PropertyValueSpecification","valueRequired":true,"valueName":"search_term_string"}}],"inLanguage":"es"}]}},"_links":{"self":[{"href":"https:\/\/www.consorciresidus.org\/es\/wp-json\/wp\/v2\/pages\/18612","targetHints":{"allow":["GET"]}}],"collection":[{"href":"https:\/\/www.consorciresidus.org\/es\/wp-json\/wp\/v2\/pages"}],"about":[{"href":"https:\/\/www.consorciresidus.org\/es\/wp-json\/wp\/v2\/types\/page"}],"author":[{"embeddable":true,"href":"https:\/\/www.consorciresidus.org\/es\/wp-json\/wp\/v2\/users\/1"}],"replies":[{"embeddable":true,"href":"https:\/\/www.consorciresidus.org\/es\/wp-json\/wp\/v2\/comments?post=18612"}],"version-history":[{"count":62,"href":"https:\/\/www.consorciresidus.org\/es\/wp-json\/wp\/v2\/pages\/18612\/revisions"}],"predecessor-version":[{"id":18729,"href":"https:\/\/www.consorciresidus.org\/es\/wp-json\/wp\/v2\/pages\/18612\/revisions\/18729"}],"wp:featuredmedia":[{"embeddable":true,"href":"https:\/\/www.consorciresidus.org\/es\/wp-json\/wp\/v2\/media\/18655"}],"wp:attachment":[{"href":"https:\/\/www.consorciresidus.org\/es\/wp-json\/wp\/v2\/media?parent=18612"}],"curies":[{"name":"wp","href":"https:\/\/api.w.org\/{rel}","templated":true}]}}