 



{"id":19457,"date":"2018-03-09T09:06:06","date_gmt":"2018-03-09T09:06:06","guid":{"rendered":"https:\/\/www.consorciresidus.org\/ecoparcs-mobils-la-vall-daiora-cofrents\/"},"modified":"2018-03-22T10:01:53","modified_gmt":"2018-03-22T10:01:53","slug":"ecoparques-moviles-valle-ayora-cofrentes","status":"publish","type":"page","link":"https:\/\/www.consorciresidus.org\/es\/ecoparques-moviles-valle-ayora-cofrentes\/","title":{"rendered":"Ecoparques m\u00f3viles &#8211; Valle de Ayora-Cofrentes"},"content":{"rendered":"[mk_page_section bg_image=\u00bbhttp:\/\/www.consorciresidus.org\/wp-content\/uploads\/2017\/03\/16.png\u00bb min_height=\u00bb0&#8243; js_vertical_centered=\u00bbtrue\u00bb padding_top=\u00bb50&#8243; sidebar=\u00bbsidebar-1&#8243;][vc_column][vc_single_image image=\u00bb19376&#8243; img_size=\u00bbfull\u00bb alignment=\u00bbcenter\u00bb][mk_ornamental_title font_family=\u00bbnone\u00bb font_size=\u00bb38&#8243; font_weight=\u00bb300&#8243; txt_transform=\u00bbnone\u00bb ornament_style=\u00bbnorman-single\u00bb ornament_color=\u00bb#bfbfbf\u00bb margin_top=\u00bb30&#8243; margin_bottom=\u00bb5&#8243;]Ecoparques m\u00f3viles en el Valle de Ayora-Cofrentes[\/mk_ornamental_title][vc_column_text align=\u00bbcenter\u00bb css=\u00bb.vc_custom_1521659916490{margin-bottom: 0px !important;}\u00bb]<span style=\"color: #999999;\">Encuentra tu ecoparque m\u00f3vil en el mapa o utiliza el buscador para localizar el m\u00e1s cercano a tu poblaci\u00f3n.<\/span>[\/vc_column_text][\/vc_column][\/mk_page_section][mk_page_section bg_image=\u00bbhttp:\/\/www.consorciresidus.org\/wp-content\/uploads\/2017\/03\/16.png\u00bb padding_bottom=\u00bb90&#8243; sidebar=\u00bbsidebar-1&#8243;][vc_column][vc_column_text css=\u00bb.vc_custom_1521494078601{margin-bottom: 0px !important;}\u00bb]<div class=\"wpgmp_map_container\" rel=\"map11\"><div class=\"wpgmp_map\" style=\"width:100%; height:650px;\" id=\"map11\" ><\/div><div class=\"location_listing11\" style=\"float:left; width:100%;\"><\/div><div class=\"location_pagination11 wpgmp_pagination\" style=\"float:left; width:100%;\"><\/div><\/div><script>jQuery(document).ready(function($) {var map11 = $(\"#map11\").maps({\"map_options\":{\"center_lat\":\"39.1164959\",\"center_lng\":\"-1.0398764\",\"zoom\":11,\"map_type_id\":\"ROADMAP\",\"center_by_nearest\":false,\"center_circle_fillcolor\":\"#abe283\",\"center_circle_fillopacity\":\".5\",\"center_circle_strokecolor\":\"#82a35e\",\"center_circle_strokeopacity\":\".7\",\"show_center_circle\":false,\"show_center_marker\":false,\"center_marker_icon\":\"http:\\\/\\\/www.consorciresidus.org\\\/wp-content\\\/plugins\\\/wp-google-map-gold\\\/assets\\\/images\\\/\\\/default_marker.png\",\"center_marker_infowindow\":\"\",\"center_circle_strokeweight\":\"2\",\"draggable\":true,\"scroll_wheel\":\"false\",\"display_45_imagery\":\"\",\"marker_default_icon\":\"http:\\\/\\\/www.consorciresidus.org\\\/wp-content\\\/plugins\\\/wp-google-map-gold\\\/assets\\\/images\\\/\\\/default_marker.png\",\"infowindow_setting\":\"<h3>{marker_title}<\\\/h3>\\n<p>{horario}<br \\\/>\\n{residuos}<\\\/p>\\n\",\"infowindow_bounce_animation\":\"\",\"infowindow_drop_animation\":false,\"close_infowindow_on_map_click\":false,\"default_infowindow_open\":false,\"infowindow_open_event\":\"mouseover\",\"infowindow_filter_only\":false,\"infowindow_click_change_zoom\":0,\"infowindow_click_change_center\":false,\"full_screen_control\":true,\"zoom_control\":true,\"map_type_control\":false,\"street_view_control\":false,\"full_screen_control_position\":\"TOP_RIGHT\",\"zoom_control_position\":\"TOP_LEFT\",\"map_type_control_position\":\"TOP_RIGHT\",\"map_type_control_style\":\"HORIZONTAL_BAR\",\"street_view_control_position\":\"TOP_LEFT\",\"width\":\"100%\",\"height\":\"650\"},\"kml_layer\":{\"kml_layers_links\":[\"https:\\\/\\\/www.consorciresidus.org\\\/kmz\\\/cofrentes-ayora.kmz\"]},\"places\":[{\"id\":\"290\",\"title\":\"Ecom\\u00f3vil AYORA\",\"address\":\"Plaza de los Alonsos\",\"source\":\"manual\",\"content\":\"Ecom\\u00f3vil AYORA\",\"location\":{\"icon\":\"https:\\\/\\\/www.consorciresidus.org\\\/wp-content\\\/uploads\\\/2018\\\/03\\\/map-icon.png\",\"lat\":\"39.060678\",\"lng\":\"-1.057489\",\"city\":\"AYORA\",\"state\":\"Valencia\",\"country\":\"Espa\\u00f1a\",\"onclick_action\":\"marker\",\"redirect_custom_link\":\"\",\"open_new_tab\":\"yes\",\"postal_code\":\"46620\",\"draggable\":false,\"infowindow_default_open\":false,\"animation\":\"BOUNCE\",\"infowindow_disable\":true,\"zoom\":5,\"extra_fields\":{\"horario\":\"<div class=\\\"info\\\"> \\t<img style=\\\"width: 14px; height:14px;\\\" src=\\\"https:\\\/\\\/www.consorciresidus.org\\\/wp-content\\\/uploads\\\/2017\\\/02\\\/gmaps-100.png\\\">  \\t<a  href=\\\"https:\\\/\\\/www.google.es\\\/maps\\\/place\\\/39\\u00b003'38.4%22N+1\\u00b003'27.0%22W\\\/@39.0606036,-1.0579649,231m\\\/data=!3m1!1e3!4m6!3m5!1s0x0:0x0!7e2!8m2!3d39.0606781!4d-1.0574888\\\" style=\\\"font-size:14px; border-bottom:1px dotted #777777; font-weight:600;\\\" target=\\\"_blank\\\">(Verano)Plaza de los Alonsos<\\\/a>: Lunes de 8.00 a 14.00 . <\\\/br>  \\t<a  href=\\\"https:\\\/\\\/www.google.es\\\/maps\\\/place\\\/39\\u00b003'38.4%22N+1\\u00b003'27.0%22W\\\/@39.0606036,-1.0579649,231m\\\/data=!3m1!1e3!4m6!3m5!1s0x0:0x0!7e2!8m2!3d39.0606781!4d-1.0574888\\\" style=\\\"font-size:14px; border-bottom:1px dotted #777777; font-weight:600;\\\" target=\\\"_blank\\\">(Invierno)Plaza de los Alonsos<\\\/a>: Lunes de 10.00 a 14.00 y 16:00 a 18:00 .   <\\\/div>\",\"tipo\":\"<div class=\\\"info\\\"><img style=\\\"width: 14px; height:14px;\\\" src=\\\"https:\\\/\\\/www.consorciresidus.org\\\/wp-content\\\/uploads\\\/2017\\\/02\\\/ecoparc.png\\\"> Ecom\\u00f3vil - Valle de Ayora - Cofrentes<\\\/div>\",\"gestion\":\"COR\",\"google-map\":\"\",\"residuos\":\"<div class=\\\"info\\\"><img style=\\\"width: 14px; height:14px;\\\" src=\\\"https:\\\/\\\/www.consorciresidus.org\\\/wp-content\\\/uploads\\\/2017\\\/02\\\/fem-100.png\\\"> <a  href=\\\"https:\\\/\\\/www.consorciresidus.org\\\/es\\\/residuos-admitidos-en-el-ecoparque\\\/\\\" style=\\\"font-size:14px; border-bottom:1px dotted #777777; font-weight:600;\\\" target=\\\"_blank\\\">Residuos admitidos<\\\/a><\\\/div>\",\"imagen\":\"-\",\"telefono\":\"96 227 00 36\",\"\":null},\"extension_fields\":null},\"categories\":[{\"id\":\"18\",\"name\":\"ecom\\u00f3vil - valle de ayora - cofrentes\",\"type\":\"category\",\"icon\":\"https:\\\/\\\/www.consorciresidus.org\\\/wp-content\\\/uploads\\\/2018\\\/03\\\/map-icon.png\"}],\"listing_hook\":\"\"},{\"id\":\"291\",\"title\":\"Ecom\\u00f3vil COFRENTES\",\"address\":\"Carretera Circunvalaci\\u00f3n\",\"source\":\"manual\",\"content\":\"Ecom\\u00f3vil COFRENTES\",\"location\":{\"icon\":\"https:\\\/\\\/www.consorciresidus.org\\\/wp-content\\\/uploads\\\/2018\\\/03\\\/map-icon.png\",\"lat\":\"39.230799\",\"lng\":\"-1.061224\",\"city\":\"COFRENTES\",\"state\":\"Valencia\",\"country\":\"Espa\\u00f1a\",\"onclick_action\":\"marker\",\"redirect_custom_link\":\"\",\"open_new_tab\":\"yes\",\"postal_code\":\"46625\",\"draggable\":false,\"infowindow_default_open\":false,\"animation\":\"BOUNCE\",\"infowindow_disable\":true,\"zoom\":5,\"extra_fields\":{\"horario\":\"   <div class=\\\"info\\\"><img style=\\\"width: 14px; height:14px;\\\" src=\\\"https:\\\/\\\/www.consorciresidus.org\\\/wp-content\\\/uploads\\\/2017\\\/02\\\/gmaps-100.png\\\"> <a  href=\\\"https:\\\/\\\/www.google.es\\\/maps\\\/place\\\/39\\u00b013'50.9%22N+1\\u00b003'40.4%22W\\\/@39.2305216,-1.061771,431m\\\/data=!3m1!1e3!4m6!3m5!1s0x0:0x0!7e2!8m2!3d39.2307986!4d-1.0612244\\\" style=\\\"font-size:14px; border-bottom:1px dotted #777777; font-weight:600;\\\" target=\\\"_blank\\\">(Verano) Carretera Circunvalaci\\u00f3n<\\\/a>: S\\u00e1bado de 11.30 a 14.30.<\\\/div>  <div class=\\\"info\\\"><img style=\\\"width: 14px; height:14px;\\\" src=\\\"https:\\\/\\\/www.consorciresidus.org\\\/wp-content\\\/uploads\\\/2017\\\/02\\\/gmaps-100.png\\\"> <a  href=\\\"https:\\\/\\\/www.google.es\\\/maps\\\/place\\\/39\\u00b013'50.9%22N+1\\u00b003'40.4%22W\\\/@39.2305216,-1.061771,431m\\\/data=!3m1!1e3!4m6!3m5!1s0x0:0x0!7e2!8m2!3d39.2307986!4d-1.0612244\\\" style=\\\"font-size:14px; border-bottom:1px dotted #777777; font-weight:600;\\\" target=\\\"_blank\\\">(Invierno) Carretera Circunvalaci\\u00f3n<\\\/a>: S\\u00e1bado de 11.30 a 14.30.<\\\/div>\",\"tipo\":\"<div class=\\\"info\\\"><img style=\\\"width: 14px; height:14px;\\\" src=\\\"https:\\\/\\\/www.consorciresidus.org\\\/wp-content\\\/uploads\\\/2017\\\/02\\\/ecoparc.png\\\"> Ecom\\u00f3vil - Valle de Ayora - Cofrentes<\\\/div>\",\"gestion\":\"COR\",\"google-map\":\"\",\"residuos\":\"<div class=\\\"info\\\"><img style=\\\"width: 14px; height:14px;\\\" src=\\\"https:\\\/\\\/www.consorciresidus.org\\\/wp-content\\\/uploads\\\/2017\\\/02\\\/fem-100.png\\\"> <a  href=\\\"https:\\\/\\\/www.consorciresidus.org\\\/es\\\/residuos-admitidos-en-el-ecoparque\\\/\\\" style=\\\"font-size:14px; border-bottom:1px dotted #777777; font-weight:600;\\\" target=\\\"_blank\\\">Residuos admitidos<\\\/a><\\\/div>\",\"imagen\":\"-\",\"telefono\":\"96 227 00 36\",\"\":null},\"extension_fields\":null},\"categories\":[{\"id\":\"18\",\"name\":\"ecom\\u00f3vil - valle de ayora - cofrentes\",\"type\":\"category\",\"icon\":\"https:\\\/\\\/www.consorciresidus.org\\\/wp-content\\\/uploads\\\/2018\\\/03\\\/map-icon.png\"}],\"listing_hook\":\"\"},{\"id\":\"294\",\"title\":\"Ecom\\u00f3vil JALANCE\",\"address\":\"P\\u00e9rgola, Parque Municipial.\",\"source\":\"manual\",\"content\":\"Ecom\\u00f3vil JALANCE\",\"location\":{\"icon\":\"https:\\\/\\\/www.consorciresidus.org\\\/wp-content\\\/uploads\\\/2018\\\/03\\\/map-icon.png\",\"lat\":\"39.191632\",\"lng\":\"-1.076183\",\"city\":\"JALANCE\",\"state\":\"Valencia\",\"country\":\"Espa\\u00f1a\",\"onclick_action\":\"marker\",\"redirect_custom_link\":\"\",\"open_new_tab\":\"yes\",\"postal_code\":\"46624\",\"draggable\":false,\"infowindow_default_open\":false,\"animation\":\"BOUNCE\",\"infowindow_disable\":true,\"zoom\":5,\"extra_fields\":{\"horario\":\"                       <div class=\\\"info\\\"><img style=\\\"width: 14px; height:14px;\\\" src=\\\"https:\\\/\\\/www.consorciresidus.org\\\/wp-content\\\/uploads\\\/2017\\\/02\\\/gmaps-100.png\\\">          <a  href=\\\"https:\\\/\\\/www.google.es\\\/maps\\\/place\\\/39\\u00b008'26.9%22N+1\\u00b004'28.2%22W\\\/@39.1408918,-1.0754742,525m\\\/data=!3m1!1e3!4m14!1m7!3m6!1s0xd612f7542c0f44d:0x5d39df2ed5dc4480!2sCarrer+T\\u00e0nger,+46624+Jalance,+Valencia!3b1!8m2!3d39.1917992!4d-1.0766737!3m5!1s0x0:0x0!7e2!8m2!3d39.1408118!4d-1.0745064\\\"                                   style=\\\"font-size:14px; border-bottom:1px dotted #777777; font-weight:600;\\\" target=\\\"_blank\\\">C\\\/Bot\\u00e1nico Llorente con C\\\/Cofrentes <\\\/a>: S\\u00e1bado de 9.00 a 11.00.<\\\/div>  \",\"tipo\":\"<div class=\\\"info\\\"><img style=\\\"width: 14px; height:14px;\\\" src=\\\"https:\\\/\\\/www.consorciresidus.org\\\/wp-content\\\/uploads\\\/2017\\\/02\\\/ecoparc.png\\\"> Ecom\\u00f3vil - Valle de Ayora - Cofrentes<\\\/div>\",\"gestion\":\"COR\",\"google-map\":\"\",\"residuos\":\"<div class=\\\"info\\\"><img style=\\\"width: 14px; height:14px;\\\" src=\\\"https:\\\/\\\/www.consorciresidus.org\\\/wp-content\\\/uploads\\\/2017\\\/02\\\/fem-100.png\\\"> <a  href=\\\"https:\\\/\\\/www.consorciresidus.org\\\/es\\\/residuos-admitidos-en-el-ecoparque\\\/\\\" style=\\\"font-size:14px; border-bottom:1px dotted #777777; font-weight:600;\\\" target=\\\"_blank\\\">Residuos admitidos<\\\/a><\\\/div>\",\"imagen\":\"-\",\"telefono\":\"96 227 00 36\",\"\":null},\"extension_fields\":null},\"categories\":[{\"id\":\"18\",\"name\":\"ecom\\u00f3vil - valle de ayora - cofrentes\",\"type\":\"category\",\"icon\":\"https:\\\/\\\/www.consorciresidus.org\\\/wp-content\\\/uploads\\\/2018\\\/03\\\/map-icon.png\"}],\"listing_hook\":\"\"},{\"id\":\"295\",\"title\":\"Ecom\\u00f3vil JARAFUEL\",\"address\":\"C\\\/Bot\\u00e1nico Llorente con C\\\/ Cofrents\",\"source\":\"manual\",\"content\":\"Ecom\\u00f3vil JARAFUEL\",\"location\":{\"icon\":\"https:\\\/\\\/www.consorciresidus.org\\\/wp-content\\\/uploads\\\/2018\\\/03\\\/map-icon.png\",\"lat\":\"39.140812\",\"lng\":\"-1.074506\",\"city\":\"JARAFUEL\",\"state\":\"Valencia\",\"country\":\"Espa\\u00f1a\",\"onclick_action\":\"marker\",\"redirect_custom_link\":\"\",\"open_new_tab\":\"yes\",\"postal_code\":\"46623\",\"draggable\":false,\"infowindow_default_open\":false,\"animation\":\"BOUNCE\",\"infowindow_disable\":true,\"zoom\":5,\"extra_fields\":{\"horario\":\"         <div class=\\\"info\\\"><img style=\\\"width: 14px; height:14px;\\\" src=\\\"https:\\\/\\\/www.consorciresidus.org\\\/wp-content\\\/uploads\\\/2017\\\/02\\\/gmaps-100.png\\\">              <a  href=\\\"https:\\\/\\\/www.google.es\\\/maps\\\/place\\\/39%C2%B008'26.9%22N+1%C2%B004'28.2%22W\\\/@39.1408918,-1.0754742,525m\\\/data=!3m1!1e3!4m14!1m7!3m6!1s0xd612f7542c0f44d:0x5d39df2ed5dc4480!2sCarrer+T%C3%A0nger,+46624+Jalance,+Valencia!3b1!8m2!3d39.1917992!4d-1.0766737!3m5!1s0x0:0x0!7e2!8m2!3d39.1408118!4d-1.0745064\\\"              style=\\\"font-size:14px; border-bottom:1px dotted #777777; font-weight:600;\\\" target=\\\"_blank\\\">C\\\/Bot\\u00e1nico Llorente con C\\\/ Cofrents<\\\/a>: Viernes de 8.30 a 11.00<\\\/div>\",\"tipo\":\"<div class=\\\"info\\\"><img style=\\\"width: 14px; height:14px;\\\" src=\\\"https:\\\/\\\/www.consorciresidus.org\\\/wp-content\\\/uploads\\\/2017\\\/02\\\/ecoparc.png\\\"> Ecom\\u00f3vil - Valle de Ayora - Cofrentes<\\\/div>\",\"gestion\":\"COR\",\"google-map\":\"\",\"residuos\":\"<div class=\\\"info\\\"><img style=\\\"width: 14px; height:14px;\\\" src=\\\"https:\\\/\\\/www.consorciresidus.org\\\/wp-content\\\/uploads\\\/2017\\\/02\\\/fem-100.png\\\"> <a  href=\\\"https:\\\/\\\/www.consorciresidus.org\\\/es\\\/residuos-admitidos-en-el-ecoparque\\\/\\\" style=\\\"font-size:14px; border-bottom:1px dotted #777777; font-weight:600;\\\" target=\\\"_blank\\\">Residuos admitidos<\\\/a><\\\/div>\",\"imagen\":\"-\",\"telefono\":\"96 227 00 36\",\"\":null},\"extension_fields\":null},\"categories\":[{\"id\":\"18\",\"name\":\"ecom\\u00f3vil - valle de ayora - cofrentes\",\"type\":\"category\",\"icon\":\"https:\\\/\\\/www.consorciresidus.org\\\/wp-content\\\/uploads\\\/2018\\\/03\\\/map-icon.png\"}],\"listing_hook\":\"\"},{\"id\":\"299\",\"title\":\"Ecom\\u00f3vil TERESA DE COFRENTES\",\"address\":\"Calle Dos de mayo\",\"source\":\"manual\",\"content\":\"Ecom\\u00f3vil TERESA DE COFRENTES\",\"location\":{\"icon\":\"https:\\\/\\\/www.consorciresidus.org\\\/wp-content\\\/uploads\\\/2018\\\/03\\\/map-icon.png\",\"lat\":\"39.102578\",\"lng\":\"-1.050250\",\"city\":\"TERESA DE COFRENTES\",\"state\":\"Valencia\",\"country\":\"Espa\\u00f1a\",\"onclick_action\":\"marker\",\"redirect_custom_link\":\"\",\"open_new_tab\":\"yes\",\"postal_code\":\"46622\",\"draggable\":false,\"infowindow_default_open\":false,\"animation\":\"BOUNCE\",\"infowindow_disable\":true,\"zoom\":5,\"extra_fields\":{\"horario\":\"    <div class=\\\"info\\\"><img style=\\\"width: 14px; height:14px;\\\" src=\\\"https:\\\/\\\/www.consorciresidus.org\\\/wp-content\\\/uploads\\\/2017\\\/02\\\/gmaps-100.png\\\"> <a  href=\\\"https:\\\/\\\/www.google.es\\\/maps\\\/place\\\/39\\u00b006'09.3%22N+1\\u00b003'00.9%22W\\\/@39.1024592,-1.0508252,350m\\\/data=!3m1!1e3!4m6!3m5!1s0x0:0x0!7e2!8m2!3d39.1025779!4d-1.0502497\\\" style=\\\"font-size:14px; border-bottom:1px dotted #777777; font-weight:600;\\\" target=\\\"_blank\\\">(Verano) Calle Dos de mayo<\\\/a>: Viernes de 12.30 a 14.30.<\\\/div>  <div class=\\\"info\\\"><img style=\\\"width: 14px; height:14px;\\\" src=\\\"https:\\\/\\\/www.consorciresidus.org\\\/wp-content\\\/uploads\\\/2017\\\/02\\\/gmaps-100.png\\\"> <a  href=\\\"https:\\\/\\\/www.google.es\\\/maps\\\/place\\\/39\\u00b006'09.3%22N+1\\u00b003'00.9%22W\\\/@39.1024592,-1.0508252,350m\\\/data=!3m1!1e3!4m6!3m5!1s0x0:0x0!7e2!8m2!3d39.1025779!4d-1.0502497\\\" style=\\\"font-size:14px; border-bottom:1px dotted #777777; font-weight:600;\\\" target=\\\"_blank\\\">(Invierno) Calle Dos de mayo<\\\/a>: Viernes de 12.30 a 14.30.<\\\/div>\",\"tipo\":\"<div class=\\\"info\\\"><img style=\\\"width: 14px; height:14px;\\\" src=\\\"https:\\\/\\\/www.consorciresidus.org\\\/wp-content\\\/uploads\\\/2017\\\/02\\\/ecoparc.png\\\"> Ecom\\u00f3vil - Valle de Ayora - Cofrentes<\\\/div>\",\"gestion\":\"COR\",\"google-map\":\"\",\"residuos\":\"<div class=\\\"info\\\"><img style=\\\"width: 14px; height:14px;\\\" src=\\\"https:\\\/\\\/www.consorciresidus.org\\\/wp-content\\\/uploads\\\/2017\\\/02\\\/fem-100.png\\\"> <a  href=\\\"https:\\\/\\\/www.consorciresidus.org\\\/es\\\/residuos-admitidos-en-el-ecoparque\\\/\\\" style=\\\"font-size:14px; border-bottom:1px dotted #777777; font-weight:600;\\\" target=\\\"_blank\\\">Residuos admitidos<\\\/a><\\\/div>\",\"imagen\":\"-\",\"telefono\":\"96 227 00 36\",\"\":null},\"extension_fields\":null},\"categories\":[{\"id\":\"18\",\"name\":\"ecom\\u00f3vil - valle de ayora - cofrentes\",\"type\":\"category\",\"icon\":\"https:\\\/\\\/www.consorciresidus.org\\\/wp-content\\\/uploads\\\/2018\\\/03\\\/map-icon.png\"}],\"listing_hook\":\"\"},{\"id\":\"300\",\"title\":\"Ecom\\u00f3vil ZARRA\",\"address\":\"Carretera de Ayora a Zarra\",\"source\":\"manual\",\"content\":\"Ecom\\u00f3vil ZARRA\",\"location\":{\"icon\":\"https:\\\/\\\/www.consorciresidus.org\\\/wp-content\\\/uploads\\\/2018\\\/03\\\/map-icon.png\",\"lat\":\"39.090654\",\"lng\":\"-1.072808\",\"city\":\"ZARRA\",\"state\":\"Valencia\",\"country\":\"Espa\\u00f1a\",\"onclick_action\":\"marker\",\"redirect_custom_link\":\"\",\"open_new_tab\":\"yes\",\"postal_code\":\"46621\",\"draggable\":false,\"infowindow_default_open\":false,\"animation\":\"BOUNCE\",\"infowindow_disable\":true,\"zoom\":5,\"extra_fields\":{\"horario\":\" <div class=\\\"info\\\"><img style=\\\"width: 14px; height:14px;\\\" src=\\\"https:\\\/\\\/www.consorciresidus.org\\\/wp-content\\\/uploads\\\/2017\\\/02\\\/gmaps-100.png\\\"> <a  href=\\\"https:\\\/\\\/www.google.es\\\/maps\\\/place\\\/39\\u00b005'26.4%22N+1\\u00b004'22.1%22W\\\/@39.0906032,-1.0736491,558m\\\/data=!3m1!1e3!4m6!3m5!1s0x0:0x0!7e2!8m2!3d39.090654!4d-1.072808\\\" style=\\\"font-size:14px; border-bottom:1px dotted #777777; font-weight:600;\\\" target=\\\"_blank\\\">(Verano)Carretera de Ayora a Zarra<\\\/a>: Viernes de 17.00 a 19.00.<\\\/div> <div class=\\\"info\\\"><img style=\\\"width: 14px; height:14px;\\\" src=\\\"https:\\\/\\\/www.consorciresidus.org\\\/wp-content\\\/uploads\\\/2017\\\/02\\\/gmaps-100.png\\\"> <a  href=\\\"https:\\\/\\\/www.google.es\\\/maps\\\/place\\\/39\\u00b005'26.4%22N+1\\u00b004'22.1%22W\\\/@39.0906032,-1.0736491,558m\\\/data=!3m1!1e3!4m6!3m5!1s0x0:0x0!7e2!8m2!3d39.090654!4d-1.072808\\\" style=\\\"font-size:14px; border-bottom:1px dotted #777777; font-weight:600;\\\" target=\\\"_blank\\\">(Invierno)Carretera de Ayora a Zarra<\\\/a>: Viernes de 16.00 a 18.00.<\\\/div>\",\"tipo\":\"<div class=\\\"info\\\"><img style=\\\"width: 14px; height:14px;\\\" src=\\\"https:\\\/\\\/www.consorciresidus.org\\\/wp-content\\\/uploads\\\/2017\\\/02\\\/ecoparc.png\\\"> Ecom\\u00f3vil - Valle de Ayora - Cofrentes<\\\/div>\",\"gestion\":\"COR\",\"google-map\":\"\",\"residuos\":\"<div class=\\\"info\\\"><img style=\\\"width: 14px; height:14px;\\\" src=\\\"https:\\\/\\\/www.consorciresidus.org\\\/wp-content\\\/uploads\\\/2017\\\/02\\\/fem-100.png\\\"> <a  href=\\\"https:\\\/\\\/www.consorciresidus.org\\\/es\\\/residuos-admitidos-en-el-ecoparque\\\/\\\" style=\\\"font-size:14px; border-bottom:1px dotted #777777; font-weight:600;\\\" target=\\\"_blank\\\">Residuos admitidos<\\\/a><\\\/div>\",\"imagen\":\"-\",\"telefono\":\"96 227 00 36\",\"\":null},\"extension_fields\":null},\"categories\":[{\"id\":\"18\",\"name\":\"ecom\\u00f3vil - valle de ayora - cofrentes\",\"type\":\"category\",\"icon\":\"https:\\\/\\\/www.consorciresidus.org\\\/wp-content\\\/uploads\\\/2018\\\/03\\\/map-icon.png\"}],\"listing_hook\":\"\"}],\"styles\":\"[{\\\"featureType\\\":\\\"administrative\\\",\\\"elementType\\\":\\\"all\\\",\\\"stylers\\\":[{\\\"visibility\\\":\\\"on\\\"},{\\\"lightness\\\":33}]},{\\\"featureType\\\":\\\"administrative\\\",\\\"elementType\\\":\\\"labels\\\",\\\"stylers\\\":[{\\\"saturation\\\":\\\"-100\\\"}]},{\\\"featureType\\\":\\\"administrative\\\",\\\"elementType\\\":\\\"labels.text\\\",\\\"stylers\\\":[{\\\"gamma\\\":\\\"0.75\\\"}]},{\\\"featureType\\\":\\\"administrative.neighborhood\\\",\\\"elementType\\\":\\\"labels.text.fill\\\",\\\"stylers\\\":[{\\\"lightness\\\":\\\"-37\\\"}]},{\\\"featureType\\\":\\\"landscape\\\",\\\"elementType\\\":\\\"geometry\\\",\\\"stylers\\\":[{\\\"color\\\":\\\"#f9f9f9\\\"}]},{\\\"featureType\\\":\\\"landscape.man_made\\\",\\\"elementType\\\":\\\"geometry\\\",\\\"stylers\\\":[{\\\"saturation\\\":\\\"-100\\\"},{\\\"lightness\\\":\\\"40\\\"},{\\\"visibility\\\":\\\"off\\\"}]},{\\\"featureType\\\":\\\"landscape.natural\\\",\\\"elementType\\\":\\\"labels.text.fill\\\",\\\"stylers\\\":[{\\\"saturation\\\":\\\"-100\\\"},{\\\"lightness\\\":\\\"-37\\\"}]},{\\\"featureType\\\":\\\"landscape.natural\\\",\\\"elementType\\\":\\\"labels.text.stroke\\\",\\\"stylers\\\":[{\\\"saturation\\\":\\\"-100\\\"},{\\\"lightness\\\":\\\"100\\\"},{\\\"weight\\\":\\\"2\\\"}]},{\\\"featureType\\\":\\\"landscape.natural\\\",\\\"elementType\\\":\\\"labels.icon\\\",\\\"stylers\\\":[{\\\"saturation\\\":\\\"-100\\\"}]},{\\\"featureType\\\":\\\"poi\\\",\\\"elementType\\\":\\\"geometry\\\",\\\"stylers\\\":[{\\\"saturation\\\":\\\"-100\\\"},{\\\"lightness\\\":\\\"80\\\"}]},{\\\"featureType\\\":\\\"poi\\\",\\\"elementType\\\":\\\"labels\\\",\\\"stylers\\\":[{\\\"saturation\\\":\\\"-100\\\"},{\\\"lightness\\\":\\\"0\\\"}]},{\\\"featureType\\\":\\\"poi.attraction\\\",\\\"elementType\\\":\\\"geometry\\\",\\\"stylers\\\":[{\\\"lightness\\\":\\\"-4\\\"},{\\\"saturation\\\":\\\"-100\\\"}]},{\\\"featureType\\\":\\\"poi.park\\\",\\\"elementType\\\":\\\"geometry\\\",\\\"stylers\\\":[{\\\"color\\\":\\\"#c5dac6\\\"},{\\\"visibility\\\":\\\"on\\\"},{\\\"saturation\\\":\\\"-95\\\"},{\\\"lightness\\\":\\\"62\\\"}]},{\\\"featureType\\\":\\\"poi.park\\\",\\\"elementType\\\":\\\"labels\\\",\\\"stylers\\\":[{\\\"visibility\\\":\\\"on\\\"},{\\\"lightness\\\":20}]},{\\\"featureType\\\":\\\"road\\\",\\\"elementType\\\":\\\"all\\\",\\\"stylers\\\":[{\\\"lightness\\\":20}]},{\\\"featureType\\\":\\\"road\\\",\\\"elementType\\\":\\\"labels\\\",\\\"stylers\\\":[{\\\"saturation\\\":\\\"-100\\\"},{\\\"gamma\\\":\\\"1.00\\\"}]},{\\\"featureType\\\":\\\"road\\\",\\\"elementType\\\":\\\"labels.text\\\",\\\"stylers\\\":[{\\\"gamma\\\":\\\"0.50\\\"}]},{\\\"featureType\\\":\\\"road\\\",\\\"elementType\\\":\\\"labels.icon\\\",\\\"stylers\\\":[{\\\"saturation\\\":\\\"-100\\\"},{\\\"gamma\\\":\\\"0.50\\\"}]},{\\\"featureType\\\":\\\"road.highway\\\",\\\"elementType\\\":\\\"geometry\\\",\\\"stylers\\\":[{\\\"color\\\":\\\"#c5c6c6\\\"},{\\\"saturation\\\":\\\"-100\\\"}]},{\\\"featureType\\\":\\\"road.highway\\\",\\\"elementType\\\":\\\"geometry.stroke\\\",\\\"stylers\\\":[{\\\"lightness\\\":\\\"-13\\\"}]},{\\\"featureType\\\":\\\"road.highway\\\",\\\"elementType\\\":\\\"labels.icon\\\",\\\"stylers\\\":[{\\\"lightness\\\":\\\"0\\\"},{\\\"gamma\\\":\\\"1.09\\\"}]},{\\\"featureType\\\":\\\"road.arterial\\\",\\\"elementType\\\":\\\"geometry\\\",\\\"stylers\\\":[{\\\"color\\\":\\\"#e4d7c6\\\"},{\\\"saturation\\\":\\\"-100\\\"},{\\\"lightness\\\":\\\"47\\\"}]},{\\\"featureType\\\":\\\"road.arterial\\\",\\\"elementType\\\":\\\"geometry.stroke\\\",\\\"stylers\\\":[{\\\"lightness\\\":\\\"-12\\\"}]},{\\\"featureType\\\":\\\"road.arterial\\\",\\\"elementType\\\":\\\"labels.icon\\\",\\\"stylers\\\":[{\\\"saturation\\\":\\\"-100\\\"}]},{\\\"featureType\\\":\\\"road.local\\\",\\\"elementType\\\":\\\"geometry\\\",\\\"stylers\\\":[{\\\"color\\\":\\\"#fbfaf7\\\"},{\\\"lightness\\\":\\\"77\\\"}]},{\\\"featureType\\\":\\\"road.local\\\",\\\"elementType\\\":\\\"geometry.fill\\\",\\\"stylers\\\":[{\\\"lightness\\\":\\\"-5\\\"},{\\\"saturation\\\":\\\"-100\\\"}]},{\\\"featureType\\\":\\\"road.local\\\",\\\"elementType\\\":\\\"geometry.stroke\\\",\\\"stylers\\\":[{\\\"saturation\\\":\\\"-100\\\"},{\\\"lightness\\\":\\\"-15\\\"}]},{\\\"featureType\\\":\\\"transit.station.airport\\\",\\\"elementType\\\":\\\"geometry\\\",\\\"stylers\\\":[{\\\"lightness\\\":\\\"47\\\"},{\\\"saturation\\\":\\\"-100\\\"}]},{\\\"featureType\\\":\\\"water\\\",\\\"elementType\\\":\\\"all\\\",\\\"stylers\\\":[{\\\"visibility\\\":\\\"on\\\"},{\\\"color\\\":\\\"#acbcc9\\\"}]},{\\\"featureType\\\":\\\"water\\\",\\\"elementType\\\":\\\"geometry\\\",\\\"stylers\\\":[{\\\"saturation\\\":\\\"53\\\"}]},{\\\"featureType\\\":\\\"water\\\",\\\"elementType\\\":\\\"labels.text.fill\\\",\\\"stylers\\\":[{\\\"lightness\\\":\\\"-42\\\"},{\\\"saturation\\\":\\\"17\\\"}]},{\\\"featureType\\\":\\\"water\\\",\\\"elementType\\\":\\\"labels.text.stroke\\\",\\\"stylers\\\":[{\\\"lightness\\\":\\\"61\\\"}]}]\",\"listing\":{\"listing_header\":\".\",\"display_search_form\":true,\"display_category_filter\":false,\"display_sorting_filter\":false,\"display_radius_filter\":true,\"radius_dimension\":\"km\",\"radius_options\":\"5,10,15,20,25,50,100\",\"display_location_per_page_filter\":false,\"display_print_option\":false,\"display_grid_option\":false,\"filters\":[\"place_category\"],\"sorting_options\":{\"category_asc\":\"A-Z Category\",\"category_desc\":\"Z-A Category\",\"title_asc\":\"A-Z Title\",\"title_desc\":\"Z-A Title\",\"address_asc\":\"A-Z Address\",\"address_desc\":\"Z-A Address\"},\"default_sorting\":{\"orderby\":\"title\",\"inorder\":\"asc\"},\"listing_container\":\".location_listing11\",\"tabs_container\":\".location_listing11\",\"pagination\":{\"listing_per_page\":\"20\"},\"list_grid\":\"wpgmp_listing_grid\",\"listing_placeholder\":\"<div class=\\\"wpgmp_locations\\\">\\r\\n<div class=\\\"wpgmp_locations_head\\\">\\r\\n<div class=\\\"wpgmp_location_title\\\">\\r\\n<h3  class=\\\"titulo\\\" style=\\\"margin-bottom: 0px;\\\"><a href=\\\"\\\" class=\\\"place_title\\\" data-zoom=\\\"{marker_zoom}\\\" data-marker=\\\"{marker_id}\\\">{marker_title}<\\\/a><\\\/h3>\\r\\n<\\\/div>\\r\\n<\\\/div>\\r\\n<div class=\\\" horario\\\">\\r\\n{horario}\\r\\n<\\\/div>\\r\\n<div class=\\\"wpgmp_locations_content\\\">\\r\\n{tipo}\\r\\n{residuos}\\r\\n\\r\\n<\\\/br>\\r\\n<\\\/div>\\r\\n<div class=\\\"wpgmp_locations_foot\\\"><\\\/div>\\r\\n\\r\\n<\\\/div>\"},\"map_property\":{\"map_id\":\"11\"},\"shapes\":{\"drawing_editable\":false}}).data(\"wpgmp_maps\");});<\/script>[\/vc_column_text][\/vc_column][\/mk_page_section]\n<div style=\"clear:both;\"><\/div>","protected":false},"excerpt":{"rendered":"<p>Encuentra tu ecoparque m\u00e1s cercano. Localizaci\u00f3n y horarios de los ecoparques m\u00f3viles de la comarca de Valle de Ayora-Cofrentes.<\/p>\n","protected":false},"author":1,"featured_media":19542,"parent":0,"menu_order":0,"comment_status":"closed","ping_status":"closed","template":"","meta":{"footnotes":""},"class_list":["post-19457","page","type-page","status-publish","has-post-thumbnail","hentry"],"yoast_head":"<!-- This site is optimized with the Yoast SEO plugin v26.0 - https:\/\/yoast.com\/wordpress\/plugins\/seo\/ -->\n<title>Ecoparques m\u00f3viles - Valle de Ayora-Cofrentes - Consorcio de Residuos V5 - COR<\/title>\n<meta name=\"description\" content=\"Encuentra tu ecoparque m\u00e1s cercano. Mapa con la localizaci\u00f3n y horarios de todos los ecoparques de la red del Consorcio de Residuos V5 - COR.\" \/>\n<meta name=\"robots\" content=\"index, follow, max-snippet:-1, max-image-preview:large, max-video-preview:-1\" \/>\n<link rel=\"canonical\" href=\"https:\/\/www.consorciresidus.org\/es\/ecoparques-moviles-valle-ayora-cofrentes\/\" \/>\n<meta property=\"og:locale\" content=\"es_ES\" \/>\n<meta property=\"og:type\" content=\"article\" \/>\n<meta property=\"og:title\" content=\"Encuentra tu ecoparque m\u00f3vl - Valle de Ayora-Cofrentes\" \/>\n<meta property=\"og:description\" content=\"Encuentra tu ecoparque m\u00e1s cercano. Mapa con la localizaci\u00f3n y horarios de todos los ecoparques de la red del Consorcio de Residuos V5 - COR.\" \/>\n<meta property=\"og:url\" content=\"https:\/\/www.consorciresidus.org\/es\/ecoparques-moviles-valle-ayora-cofrentes\/\" \/>\n<meta property=\"og:site_name\" content=\"Consorcio de Residuos V5 - COR\" \/>\n<meta property=\"article:modified_time\" content=\"2018-03-22T10:01:53+00:00\" \/>\n<meta property=\"og:image\" content=\"https:\/\/www.consorciresidus.org\/wp-content\/uploads\/2018\/03\/mobils-aiora-s2.png\" \/>\n\t<meta property=\"og:image:width\" content=\"340\" \/>\n\t<meta property=\"og:image:height\" content=\"210\" \/>\n\t<meta property=\"og:image:type\" content=\"image\/png\" \/>\n<meta name=\"twitter:card\" content=\"summary_large_image\" \/>\n<meta name=\"twitter:title\" content=\"Encuentra tu ecoparque m\u00f3vl - Valle de Ayora-Cofrentes\" \/>\n<meta name=\"twitter:description\" content=\"Encuentra tu ecoparque m\u00e1s cercano. Localizaci\u00f3n y horarios de los ecoparques m\u00f3viles de la comarca de Valle de Ayora-Cofrentes.\" \/>\n<meta name=\"twitter:image\" content=\"https:\/\/www.consorciresidus.org\/wp-content\/uploads\/2018\/03\/mobils-aiora-s2.png\" \/>\n<meta name=\"twitter:label1\" content=\"Tiempo de lectura\" \/>\n\t<meta name=\"twitter:data1\" content=\"1 minuto\" \/>\n<script type=\"application\/ld+json\" class=\"yoast-schema-graph\">{\"@context\":\"https:\/\/schema.org\",\"@graph\":[{\"@type\":\"WebPage\",\"@id\":\"https:\/\/www.consorciresidus.org\/es\/ecoparques-moviles-valle-ayora-cofrentes\/\",\"url\":\"https:\/\/www.consorciresidus.org\/es\/ecoparques-moviles-valle-ayora-cofrentes\/\",\"name\":\"Ecoparques m\u00f3viles - Valle de Ayora-Cofrentes - Consorcio de Residuos V5 - COR\",\"isPartOf\":{\"@id\":\"https:\/\/www.consorciresidus.org\/#website\"},\"primaryImageOfPage\":{\"@id\":\"https:\/\/www.consorciresidus.org\/es\/ecoparques-moviles-valle-ayora-cofrentes\/#primaryimage\"},\"image\":{\"@id\":\"https:\/\/www.consorciresidus.org\/es\/ecoparques-moviles-valle-ayora-cofrentes\/#primaryimage\"},\"thumbnailUrl\":\"https:\/\/www.consorciresidus.org\/wp-content\/uploads\/2018\/03\/mobils-aiora-s2.png\",\"datePublished\":\"2018-03-09T09:06:06+00:00\",\"dateModified\":\"2018-03-22T10:01:53+00:00\",\"description\":\"Encuentra tu ecoparque m\u00e1s cercano. Mapa con la localizaci\u00f3n y horarios de todos los ecoparques de la red del Consorcio de Residuos V5 - COR.\",\"inLanguage\":\"es\",\"potentialAction\":[{\"@type\":\"ReadAction\",\"target\":[\"https:\/\/www.consorciresidus.org\/es\/ecoparques-moviles-valle-ayora-cofrentes\/\"]}]},{\"@type\":\"ImageObject\",\"inLanguage\":\"es\",\"@id\":\"https:\/\/www.consorciresidus.org\/es\/ecoparques-moviles-valle-ayora-cofrentes\/#primaryimage\",\"url\":\"https:\/\/www.consorciresidus.org\/wp-content\/uploads\/2018\/03\/mobils-aiora-s2.png\",\"contentUrl\":\"https:\/\/www.consorciresidus.org\/wp-content\/uploads\/2018\/03\/mobils-aiora-s2.png\",\"width\":340,\"height\":210},{\"@type\":\"WebSite\",\"@id\":\"https:\/\/www.consorciresidus.org\/#website\",\"url\":\"https:\/\/www.consorciresidus.org\/\",\"name\":\"Consorcio de Residuos V5 - COR\",\"description\":\"Consorcio para la gesti\u00f3n de residuos\",\"potentialAction\":[{\"@type\":\"SearchAction\",\"target\":{\"@type\":\"EntryPoint\",\"urlTemplate\":\"https:\/\/www.consorciresidus.org\/?s={search_term_string}\"},\"query-input\":{\"@type\":\"PropertyValueSpecification\",\"valueRequired\":true,\"valueName\":\"search_term_string\"}}],\"inLanguage\":\"es\"}]}<\/script>\n<!-- \/ Yoast SEO plugin. -->","yoast_head_json":{"title":"Ecoparques m\u00f3viles - Valle de Ayora-Cofrentes - Consorcio de Residuos V5 - COR","description":"Encuentra tu ecoparque m\u00e1s cercano. Mapa con la localizaci\u00f3n y horarios de todos los ecoparques de la red del Consorcio de Residuos V5 - COR.","robots":{"index":"index","follow":"follow","max-snippet":"max-snippet:-1","max-image-preview":"max-image-preview:large","max-video-preview":"max-video-preview:-1"},"canonical":"https:\/\/www.consorciresidus.org\/es\/ecoparques-moviles-valle-ayora-cofrentes\/","og_locale":"es_ES","og_type":"article","og_title":"Encuentra tu ecoparque m\u00f3vl - Valle de Ayora-Cofrentes","og_description":"Encuentra tu ecoparque m\u00e1s cercano. Mapa con la localizaci\u00f3n y horarios de todos los ecoparques de la red del Consorcio de Residuos V5 - COR.","og_url":"https:\/\/www.consorciresidus.org\/es\/ecoparques-moviles-valle-ayora-cofrentes\/","og_site_name":"Consorcio de Residuos V5 - COR","article_modified_time":"2018-03-22T10:01:53+00:00","og_image":[{"width":340,"height":210,"url":"https:\/\/www.consorciresidus.org\/wp-content\/uploads\/2018\/03\/mobils-aiora-s2.png","type":"image\/png"}],"twitter_card":"summary_large_image","twitter_title":"Encuentra tu ecoparque m\u00f3vl - Valle de Ayora-Cofrentes","twitter_description":"Encuentra tu ecoparque m\u00e1s cercano. Localizaci\u00f3n y horarios de los ecoparques m\u00f3viles de la comarca de Valle de Ayora-Cofrentes.","twitter_image":"https:\/\/www.consorciresidus.org\/wp-content\/uploads\/2018\/03\/mobils-aiora-s2.png","twitter_misc":{"Tiempo de lectura":"1 minuto"},"schema":{"@context":"https:\/\/schema.org","@graph":[{"@type":"WebPage","@id":"https:\/\/www.consorciresidus.org\/es\/ecoparques-moviles-valle-ayora-cofrentes\/","url":"https:\/\/www.consorciresidus.org\/es\/ecoparques-moviles-valle-ayora-cofrentes\/","name":"Ecoparques m\u00f3viles - Valle de Ayora-Cofrentes - Consorcio de Residuos V5 - COR","isPartOf":{"@id":"https:\/\/www.consorciresidus.org\/#website"},"primaryImageOfPage":{"@id":"https:\/\/www.consorciresidus.org\/es\/ecoparques-moviles-valle-ayora-cofrentes\/#primaryimage"},"image":{"@id":"https:\/\/www.consorciresidus.org\/es\/ecoparques-moviles-valle-ayora-cofrentes\/#primaryimage"},"thumbnailUrl":"https:\/\/www.consorciresidus.org\/wp-content\/uploads\/2018\/03\/mobils-aiora-s2.png","datePublished":"2018-03-09T09:06:06+00:00","dateModified":"2018-03-22T10:01:53+00:00","description":"Encuentra tu ecoparque m\u00e1s cercano. Mapa con la localizaci\u00f3n y horarios de todos los ecoparques de la red del Consorcio de Residuos V5 - COR.","inLanguage":"es","potentialAction":[{"@type":"ReadAction","target":["https:\/\/www.consorciresidus.org\/es\/ecoparques-moviles-valle-ayora-cofrentes\/"]}]},{"@type":"ImageObject","inLanguage":"es","@id":"https:\/\/www.consorciresidus.org\/es\/ecoparques-moviles-valle-ayora-cofrentes\/#primaryimage","url":"https:\/\/www.consorciresidus.org\/wp-content\/uploads\/2018\/03\/mobils-aiora-s2.png","contentUrl":"https:\/\/www.consorciresidus.org\/wp-content\/uploads\/2018\/03\/mobils-aiora-s2.png","width":340,"height":210},{"@type":"WebSite","@id":"https:\/\/www.consorciresidus.org\/#website","url":"https:\/\/www.consorciresidus.org\/","name":"Consorcio de Residuos V5 - COR","description":"Consorcio para la gesti\u00f3n de residuos","potentialAction":[{"@type":"SearchAction","target":{"@type":"EntryPoint","urlTemplate":"https:\/\/www.consorciresidus.org\/?s={search_term_string}"},"query-input":{"@type":"PropertyValueSpecification","valueRequired":true,"valueName":"search_term_string"}}],"inLanguage":"es"}]}},"_links":{"self":[{"href":"https:\/\/www.consorciresidus.org\/es\/wp-json\/wp\/v2\/pages\/19457","targetHints":{"allow":["GET"]}}],"collection":[{"href":"https:\/\/www.consorciresidus.org\/es\/wp-json\/wp\/v2\/pages"}],"about":[{"href":"https:\/\/www.consorciresidus.org\/es\/wp-json\/wp\/v2\/types\/page"}],"author":[{"embeddable":true,"href":"https:\/\/www.consorciresidus.org\/es\/wp-json\/wp\/v2\/users\/1"}],"replies":[{"embeddable":true,"href":"https:\/\/www.consorciresidus.org\/es\/wp-json\/wp\/v2\/comments?post=19457"}],"version-history":[{"count":5,"href":"https:\/\/www.consorciresidus.org\/es\/wp-json\/wp\/v2\/pages\/19457\/revisions"}],"predecessor-version":[{"id":19642,"href":"https:\/\/www.consorciresidus.org\/es\/wp-json\/wp\/v2\/pages\/19457\/revisions\/19642"}],"wp:featuredmedia":[{"embeddable":true,"href":"https:\/\/www.consorciresidus.org\/es\/wp-json\/wp\/v2\/media\/19542"}],"wp:attachment":[{"href":"https:\/\/www.consorciresidus.org\/es\/wp-json\/wp\/v2\/media?parent=19457"}],"curies":[{"name":"wp","href":"https:\/\/api.w.org\/{rel}","templated":true}]}}