 



{"id":19557,"date":"2018-03-21T10:39:39","date_gmt":"2018-03-21T10:39:39","guid":{"rendered":"https:\/\/www.consorciresidus.org\/teu-ecoparc-mobil\/"},"modified":"2022-09-01T15:56:19","modified_gmt":"2022-09-01T15:56:19","slug":"ecoparques-moviles","status":"publish","type":"page","link":"https:\/\/www.consorciresidus.org\/es\/ecoparques-moviles\/","title":{"rendered":"Ecoparques m\u00f3viles"},"content":{"rendered":"[mk_page_section bg_image=\u00bbhttp:\/\/www.consorciresidus.org\/wp-content\/uploads\/2017\/03\/16.png\u00bb min_height=\u00bb0&#8243; js_vertical_centered=\u00bbtrue\u00bb padding_top=\u00bb50&#8243; sidebar=\u00bbsidebar-1&#8243;][vc_column][vc_single_image image=\u00bb19554&#8243; img_size=\u00bbfull\u00bb alignment=\u00bbcenter\u00bb][mk_ornamental_title tag_name=\u00bbh3&#8243; font_family=\u00bbRaleway\u00bb font_type=\u00bbgoogle\u00bb font_size=\u00bb35&#8243; font_weight=\u00bb400&#8243; txt_transform=\u00bbnone\u00bb ornament_style=\u00bbnorman-single\u00bb ornament_color=\u00bb#c4c4c4&#8243; margin_top=\u00bb30&#8243;]Encuentra tu ecoparque m\u00f3vil[\/mk_ornamental_title][vc_column_text css=\u00bb.vc_custom_1593165348914{margin-bottom: 0px !important;}\u00bb]\n<p style=\"text-align: center;\">Localizaci\u00f3n y horarios actualizados, distribuidos por comarcas, de todos los ecoparques m\u00f3viles de la red del Consorcio de Residuos V5-COR.<\/p>\n[\/vc_column_text][\/vc_column][\/mk_page_section][mk_page_section bg_color=\u00bb#087daf\u00bb bg_position=\u00bbcenter bottom\u00bb min_height=\u00bb0&#8243; js_vertical_centered=\u00bbtrue\u00bb el_class=\u00bbfrases\u00bb sidebar=\u00bbsidebar-1&#8243;][vc_column css=\u00bb.vc_custom_1654873326960{margin-top: -10px !important;}\u00bb][mk_ornamental_title tag_name=\u00bbh3&#8243; text_color=\u00bb#ffffff\u00bb font_family=\u00bbRaleway\u00bb font_type=\u00bbgoogle\u00bb font_size=\u00bb30&#8243; ornament_style=\u00bbnorman-single\u00bb]VERANO: del 15 de junio al 15 de septiembre; INVIERNO: del 16 de septiembre al 14 de junio.[\/mk_ornamental_title][\/vc_column][\/mk_page_section][mk_page_section bg_image=\u00bbhttp:\/\/www.consorciresidus.org\/wp-content\/uploads\/2017\/03\/16.png\u00bb min_height=\u00bb0&#8243; padding_top=\u00bb40&#8243; visibility=\u00bbhidden-nb\u00bb sidebar=\u00bbsidebar-1&#8243;][vc_column width=\u00bb1\/3&#8243;][vc_row_inner css=\u00bb.vc_custom_1521630779570{padding-bottom: 40px !important;}\u00bb][vc_column_inner el_class=\u00bbcaja\u00bb][mk_image src=\u00bbhttps:\/\/www.consorciresidus.org\/wp-content\/uploads\/2018\/03\/mobils-costera-s2.png\u00bb image_size=\u00bbfull\u00bb link=\u00bbhttps:\/\/www.consorciresidus.org\/es\/ecoparques-moviles-la-costera\u00bb align=\u00bbcenter\u00bb][mk_fancy_title color=\u00bb#3d3d3d\u00bb size=\u00bb24&#8243; font_family=\u00bbnone\u00bb align=\u00bbcenter\u00bb]LA COSTERA[\/mk_fancy_title][\/vc_column_inner][\/vc_row_inner][vc_row_inner css=\u00bb.vc_custom_1521630834426{padding-bottom: 40px !important;}\u00bb][vc_column_inner el_class=\u00bbcaja\u00bb][mk_image src=\u00bbhttps:\/\/www.consorciresidus.org\/wp-content\/uploads\/2018\/03\/mobils-albaida-s2.png\u00bb image_size=\u00bbfull\u00bb link=\u00bbhttps:\/\/www.consorciresidus.org\/es\/ecoparques-moviles-la-vall-dalbaida\/\u00bb align=\u00bbcenter\u00bb][mk_fancy_title color=\u00bb#3d3d3d\u00bb size=\u00bb24&#8243; font_family=\u00bbnone\u00bb align=\u00bbcenter\u00bb]LA VALL D&#8217;ALBAIDA[\/mk_fancy_title][\/vc_column_inner][\/vc_row_inner][\/vc_column][vc_column width=\u00bb1\/3&#8243;][vc_row_inner css=\u00bb.vc_custom_1521630805018{padding-bottom: 40px !important;}\u00bb][vc_column_inner el_class=\u00bbcaja\u00bb][mk_image src=\u00bbhttps:\/\/www.consorciresidus.org\/wp-content\/uploads\/2018\/03\/mobils-aiora-s2.png\u00bb image_size=\u00bbfull\u00bb link=\u00bbhttps:\/\/www.consorciresidus.org\/es\/ecoparques-moviles-valle-ayora-cofrentes\/\u00bb align=\u00bbcenter\u00bb][mk_fancy_title color=\u00bb#3d3d3d\u00bb size=\u00bb24&#8243; font_family=\u00bbnone\u00bb align=\u00bbcenter\u00bb]VALLE AYORA COFRENTES[\/mk_fancy_title][\/vc_column_inner][\/vc_row_inner][vc_row_inner css=\u00bb.vc_custom_1521630805018{padding-bottom: 40px !important;}\u00bb][vc_column_inner el_class=\u00bbcaja1&#8243;][mk_image src=\u00bbhttps:\/\/www.consorciresidus.org\/wp-content\/uploads\/2018\/03\/ecofixes2.png\u00bb image_size=\u00bbfull\u00bb link=\u00bbhttps:\/\/www.consorciresidus.org\/es\/tu-ecoparque\/\u00bb align=\u00bbcenter\u00bb][mk_fancy_title color=\u00bb#3d3d3d\u00bb size=\u00bb26&#8243; font_family=\u00bbnone\u00bb align=\u00bbcenter\u00bb]ECOPARQUES FIJOS[\/mk_fancy_title][\/vc_column_inner][\/vc_row_inner][\/vc_column][vc_column width=\u00bb1\/3&#8243;][vc_row_inner css=\u00bb.vc_custom_1521630820803{padding-bottom: 40px !important;}\u00bb][vc_column_inner el_class=\u00bbcaja\u00bb][mk_image src=\u00bbhttps:\/\/www.consorciresidus.org\/wp-content\/uploads\/2018\/03\/mobils-canal-s2.png\u00bb image_size=\u00bbfull\u00bb link=\u00bbhttps:\/\/www.consorciresidus.org\/es\/ecoparques-moviles-la-canal-navarres\/\u00bb align=\u00bbcenter\u00bb][mk_fancy_title color=\u00bb#3d3d3d\u00bb size=\u00bb24&#8243; font_family=\u00bbnone\u00bb align=\u00bbcenter\u00bb]LA CANAL DE NAVARR\u00c9S[\/mk_fancy_title][\/vc_column_inner][\/vc_row_inner][vc_row_inner css=\u00bb.vc_custom_1521630820803{padding-bottom: 40px !important;}\u00bb][vc_column_inner el_class=\u00bbcaja\u00bb][mk_image src=\u00bbhttps:\/\/www.consorciresidus.org\/wp-content\/uploads\/2018\/03\/mobils-safor-s2.png\u00bb image_size=\u00bbfull\u00bb link=\u00bbhttps:\/\/www.consorciresidus.org\/es\/ecoparques-moviles-la-safor\u00bb align=\u00bbcenter\u00bb][mk_fancy_title color=\u00bb#3d3d3d\u00bb size=\u00bb24&#8243; font_family=\u00bbnone\u00bb align=\u00bbcenter\u00bb]LA SAFOR[\/mk_fancy_title][\/vc_column_inner][\/vc_row_inner][\/vc_column][\/mk_page_section][mk_page_section bg_image=\u00bbhttp:\/\/www.consorciresidus.org\/wp-content\/uploads\/2017\/03\/16.png\u00bb min_height=\u00bb0&#8243; padding_top=\u00bb40&#8243; visibility=\u00bbvisible-nb\u00bb sidebar=\u00bbsidebar-1&#8243;][vc_column width=\u00bb1\/2&#8243;][vc_row_inner css=\u00bb.vc_custom_1521630820803{padding-bottom: 40px !important;}\u00bb][vc_column_inner el_class=\u00bbcaja\u00bb][mk_image src=\u00bbhttps:\/\/www.consorciresidus.org\/wp-content\/uploads\/2018\/03\/mobils-safor-s2.png\u00bb image_size=\u00bbfull\u00bb link=\u00bbhttps:\/\/www.consorciresidus.org\/es\/ecoparques-moviles-la-safor\u00bb align=\u00bbcenter\u00bb][mk_fancy_title color=\u00bb#3d3d3d\u00bb size=\u00bb24&#8243; font_family=\u00bbnone\u00bb align=\u00bbcenter\u00bb]LA SAFOR[\/mk_fancy_title][\/vc_column_inner][\/vc_row_inner][vc_row_inner css=\u00bb.vc_custom_1521630779570{padding-bottom: 40px !important;}\u00bb][vc_column_inner el_class=\u00bbcaja\u00bb][mk_image src=\u00bbhttps:\/\/www.consorciresidus.org\/wp-content\/uploads\/2018\/03\/mobils-aiora-s2.png\u00bb image_size=\u00bbfull\u00bb link=\u00bbhttps:\/\/www.consorciresidus.org\/es\/ecoparques-moviles-valle-ayora-cofrentes\/\u00bb align=\u00bbcenter\u00bb][mk_fancy_title color=\u00bb#3d3d3d\u00bb size=\u00bb24&#8243; font_family=\u00bbnone\u00bb align=\u00bbcenter\u00bb]VALLE DE AYORA-COFRENTES[\/mk_fancy_title][\/vc_column_inner][\/vc_row_inner][vc_row_inner css=\u00bb.vc_custom_1521630834426{padding-bottom: 40px !important;}\u00bb][vc_column_inner el_class=\u00bbcaja\u00bb][mk_image src=\u00bbhttps:\/\/www.consorciresidus.org\/wp-content\/uploads\/2018\/03\/mobils-albaida-s2.png\u00bb image_size=\u00bbfull\u00bb link=\u00bbhttps:\/\/www.consorciresidus.org\/es\/ecoparques-moviles-la-vall-dalbaida\/\u00bb align=\u00bbcenter\u00bb][mk_fancy_title color=\u00bb#3d3d3d\u00bb size=\u00bb24&#8243; font_family=\u00bbnone\u00bb align=\u00bbcenter\u00bb]LA VALL D&#8217;ALBAIDA[\/mk_fancy_title][\/vc_column_inner][\/vc_row_inner][\/vc_column][vc_column width=\u00bb1\/2&#8243;][vc_row_inner css=\u00bb.vc_custom_1521630805018{padding-bottom: 40px !important;}\u00bb][vc_column_inner el_class=\u00bbcaja\u00bb][mk_image src=\u00bbhttps:\/\/www.consorciresidus.org\/wp-content\/uploads\/2018\/03\/mobils-costera-s2.png\u00bb image_size=\u00bbfull\u00bb link=\u00bbhttps:\/\/www.consorciresidus.org\/es\/ecoparques-moviles-la-costera\/\u00bb align=\u00bbcenter\u00bb][mk_fancy_title color=\u00bb#3d3d3d\u00bb size=\u00bb24&#8243; font_family=\u00bbnone\u00bb align=\u00bbcenter\u00bb]LA COSTERA[\/mk_fancy_title][\/vc_column_inner][\/vc_row_inner][vc_row_inner css=\u00bb.vc_custom_1521630820803{padding-bottom: 40px !important;}\u00bb][vc_column_inner el_class=\u00bbcaja\u00bb][mk_image src=\u00bbhttps:\/\/www.consorciresidus.org\/wp-content\/uploads\/2018\/03\/mobils-canal-s2.png\u00bb image_size=\u00bbfull\u00bb link=\u00bbhttps:\/\/www.consorciresidus.org\/es\/ecoparques-moviles-la-canal-navarres\/\u00bb align=\u00bbcenter\u00bb][mk_fancy_title color=\u00bb#3d3d3d\u00bb size=\u00bb24&#8243; font_family=\u00bbnone\u00bb align=\u00bbcenter\u00bb]LA CANAL DE NAVARR\u00c9S[\/mk_fancy_title][\/vc_column_inner][\/vc_row_inner][vc_row_inner css=\u00bb.vc_custom_1521630805018{padding-bottom: 40px !important;}\u00bb][vc_column_inner el_class=\u00bbcaja1&#8243;][mk_image src=\u00bbhttps:\/\/www.consorciresidus.org\/wp-content\/uploads\/2018\/03\/ecofixes2.png\u00bb image_size=\u00bbfull\u00bb link=\u00bbhttps:\/\/www.consorciresidus.org\/es\/tu-ecoparque\/\u00bb align=\u00bbcenter\u00bb][mk_fancy_title color=\u00bb#3d3d3d\u00bb size=\u00bb26&#8243; font_family=\u00bbnone\u00bb align=\u00bbcenter\u00bb]ECOPARQUES FIJOS[\/mk_fancy_title][\/vc_column_inner][\/vc_row_inner][\/vc_column][\/mk_page_section]\n<div style=\"clear:both;\"><\/div>","protected":false},"excerpt":{"rendered":"<p>Localizaci\u00f3n y horarios actualizados, distribuidos por comarcas, de todos los ecoparques m\u00f3viles de la red del Consorcio de Residuos V5-COR.<\/p>\n","protected":false},"author":1,"featured_media":13190,"parent":0,"menu_order":0,"comment_status":"closed","ping_status":"open","template":"","meta":{"footnotes":""},"class_list":["post-19557","page","type-page","status-publish","has-post-thumbnail","hentry"],"yoast_head":"<!-- This site is optimized with the Yoast SEO plugin v26.0 - https:\/\/yoast.com\/wordpress\/plugins\/seo\/ -->\n<title>Ecoparques m\u00f3viles - Consorcio de Residuos V5 - COR<\/title>\n<meta name=\"description\" content=\"Ecoparque m\u00f3vil. Localizaci\u00f3n y horarios actualizados, distribuidos por comarcas, de los ecoparques m\u00f3viles de la red del Consorcio de Residuos V5-COR.\" \/>\n<meta name=\"robots\" content=\"index, follow, max-snippet:-1, max-image-preview:large, max-video-preview:-1\" \/>\n<link rel=\"canonical\" href=\"https:\/\/www.consorciresidus.org\/es\/ecoparques-moviles\/\" \/>\n<meta property=\"og:locale\" content=\"es_ES\" \/>\n<meta property=\"og:type\" content=\"article\" \/>\n<meta property=\"og:title\" content=\"Encuentra tu ecoparque m\u00f3vil\" \/>\n<meta property=\"og:description\" content=\"Localizaci\u00f3n y horarios actualizados, distribuidos por comarcas, de todos los ecoparques m\u00f3viles de la red del Consorcio de Residuos V5-COR.\" \/>\n<meta property=\"og:url\" content=\"https:\/\/www.consorciresidus.org\/es\/ecoparques-moviles\/\" \/>\n<meta property=\"og:site_name\" content=\"Consorcio de Residuos V5 - COR\" \/>\n<meta property=\"article:modified_time\" content=\"2022-09-01T15:56:19+00:00\" \/>\n<meta property=\"og:image\" content=\"https:\/\/www.consorciresidus.org\/wp-content\/uploads\/2016\/12\/logo-2.jpg\" \/>\n\t<meta property=\"og:image:width\" content=\"390\" \/>\n\t<meta property=\"og:image:height\" content=\"191\" \/>\n\t<meta property=\"og:image:type\" content=\"image\/jpeg\" \/>\n<meta name=\"twitter:card\" content=\"summary_large_image\" \/>\n<meta name=\"twitter:title\" content=\"Encuentra tu ecoparque m\u00f3vil\" \/>\n<meta name=\"twitter:description\" content=\"Localizaci\u00f3n y horarios actualizados, distribuidos por comarcas, de todos los ecoparques m\u00f3viles de la red del Consorcio de Residuos V5-COR.\" \/>\n<meta name=\"twitter:image\" content=\"https:\/\/www.consorciresidus.org\/wp-content\/uploads\/2016\/12\/logo-2.jpg\" \/>\n<meta name=\"twitter:label1\" content=\"Tiempo de lectura\" \/>\n\t<meta name=\"twitter:data1\" content=\"2 minutos\" \/>\n<script type=\"application\/ld+json\" class=\"yoast-schema-graph\">{\"@context\":\"https:\/\/schema.org\",\"@graph\":[{\"@type\":\"WebPage\",\"@id\":\"https:\/\/www.consorciresidus.org\/es\/ecoparques-moviles\/\",\"url\":\"https:\/\/www.consorciresidus.org\/es\/ecoparques-moviles\/\",\"name\":\"Ecoparques m\u00f3viles - Consorcio de Residuos V5 - COR\",\"isPartOf\":{\"@id\":\"https:\/\/www.consorciresidus.org\/#website\"},\"primaryImageOfPage\":{\"@id\":\"https:\/\/www.consorciresidus.org\/es\/ecoparques-moviles\/#primaryimage\"},\"image\":{\"@id\":\"https:\/\/www.consorciresidus.org\/es\/ecoparques-moviles\/#primaryimage\"},\"thumbnailUrl\":\"https:\/\/www.consorciresidus.org\/wp-content\/uploads\/2016\/12\/logo-2.jpg\",\"datePublished\":\"2018-03-21T10:39:39+00:00\",\"dateModified\":\"2022-09-01T15:56:19+00:00\",\"description\":\"Ecoparque m\u00f3vil. Localizaci\u00f3n y horarios actualizados, distribuidos por comarcas, de los ecoparques m\u00f3viles de la red del Consorcio de Residuos V5-COR.\",\"inLanguage\":\"es\",\"potentialAction\":[{\"@type\":\"ReadAction\",\"target\":[\"https:\/\/www.consorciresidus.org\/es\/ecoparques-moviles\/\"]}]},{\"@type\":\"ImageObject\",\"inLanguage\":\"es\",\"@id\":\"https:\/\/www.consorciresidus.org\/es\/ecoparques-moviles\/#primaryimage\",\"url\":\"https:\/\/www.consorciresidus.org\/wp-content\/uploads\/2016\/12\/logo-2.jpg\",\"contentUrl\":\"https:\/\/www.consorciresidus.org\/wp-content\/uploads\/2016\/12\/logo-2.jpg\",\"width\":390,\"height\":191},{\"@type\":\"WebSite\",\"@id\":\"https:\/\/www.consorciresidus.org\/#website\",\"url\":\"https:\/\/www.consorciresidus.org\/\",\"name\":\"Consorcio de Residuos V5 - COR\",\"description\":\"Consorcio para la gesti\u00f3n de residuos\",\"potentialAction\":[{\"@type\":\"SearchAction\",\"target\":{\"@type\":\"EntryPoint\",\"urlTemplate\":\"https:\/\/www.consorciresidus.org\/?s={search_term_string}\"},\"query-input\":{\"@type\":\"PropertyValueSpecification\",\"valueRequired\":true,\"valueName\":\"search_term_string\"}}],\"inLanguage\":\"es\"}]}<\/script>\n<!-- \/ Yoast SEO plugin. -->","yoast_head_json":{"title":"Ecoparques m\u00f3viles - Consorcio de Residuos V5 - COR","description":"Ecoparque m\u00f3vil. Localizaci\u00f3n y horarios actualizados, distribuidos por comarcas, de los ecoparques m\u00f3viles de la red del Consorcio de Residuos V5-COR.","robots":{"index":"index","follow":"follow","max-snippet":"max-snippet:-1","max-image-preview":"max-image-preview:large","max-video-preview":"max-video-preview:-1"},"canonical":"https:\/\/www.consorciresidus.org\/es\/ecoparques-moviles\/","og_locale":"es_ES","og_type":"article","og_title":"Encuentra tu ecoparque m\u00f3vil","og_description":"Localizaci\u00f3n y horarios actualizados, distribuidos por comarcas, de todos los ecoparques m\u00f3viles de la red del Consorcio de Residuos V5-COR.","og_url":"https:\/\/www.consorciresidus.org\/es\/ecoparques-moviles\/","og_site_name":"Consorcio de Residuos V5 - COR","article_modified_time":"2022-09-01T15:56:19+00:00","og_image":[{"width":390,"height":191,"url":"https:\/\/www.consorciresidus.org\/wp-content\/uploads\/2016\/12\/logo-2.jpg","type":"image\/jpeg"}],"twitter_card":"summary_large_image","twitter_title":"Encuentra tu ecoparque m\u00f3vil","twitter_description":"Localizaci\u00f3n y horarios actualizados, distribuidos por comarcas, de todos los ecoparques m\u00f3viles de la red del Consorcio de Residuos V5-COR.","twitter_image":"https:\/\/www.consorciresidus.org\/wp-content\/uploads\/2016\/12\/logo-2.jpg","twitter_misc":{"Tiempo de lectura":"2 minutos"},"schema":{"@context":"https:\/\/schema.org","@graph":[{"@type":"WebPage","@id":"https:\/\/www.consorciresidus.org\/es\/ecoparques-moviles\/","url":"https:\/\/www.consorciresidus.org\/es\/ecoparques-moviles\/","name":"Ecoparques m\u00f3viles - Consorcio de Residuos V5 - COR","isPartOf":{"@id":"https:\/\/www.consorciresidus.org\/#website"},"primaryImageOfPage":{"@id":"https:\/\/www.consorciresidus.org\/es\/ecoparques-moviles\/#primaryimage"},"image":{"@id":"https:\/\/www.consorciresidus.org\/es\/ecoparques-moviles\/#primaryimage"},"thumbnailUrl":"https:\/\/www.consorciresidus.org\/wp-content\/uploads\/2016\/12\/logo-2.jpg","datePublished":"2018-03-21T10:39:39+00:00","dateModified":"2022-09-01T15:56:19+00:00","description":"Ecoparque m\u00f3vil. Localizaci\u00f3n y horarios actualizados, distribuidos por comarcas, de los ecoparques m\u00f3viles de la red del Consorcio de Residuos V5-COR.","inLanguage":"es","potentialAction":[{"@type":"ReadAction","target":["https:\/\/www.consorciresidus.org\/es\/ecoparques-moviles\/"]}]},{"@type":"ImageObject","inLanguage":"es","@id":"https:\/\/www.consorciresidus.org\/es\/ecoparques-moviles\/#primaryimage","url":"https:\/\/www.consorciresidus.org\/wp-content\/uploads\/2016\/12\/logo-2.jpg","contentUrl":"https:\/\/www.consorciresidus.org\/wp-content\/uploads\/2016\/12\/logo-2.jpg","width":390,"height":191},{"@type":"WebSite","@id":"https:\/\/www.consorciresidus.org\/#website","url":"https:\/\/www.consorciresidus.org\/","name":"Consorcio de Residuos V5 - COR","description":"Consorcio para la gesti\u00f3n de residuos","potentialAction":[{"@type":"SearchAction","target":{"@type":"EntryPoint","urlTemplate":"https:\/\/www.consorciresidus.org\/?s={search_term_string}"},"query-input":{"@type":"PropertyValueSpecification","valueRequired":true,"valueName":"search_term_string"}}],"inLanguage":"es"}]}},"_links":{"self":[{"href":"https:\/\/www.consorciresidus.org\/es\/wp-json\/wp\/v2\/pages\/19557","targetHints":{"allow":["GET"]}}],"collection":[{"href":"https:\/\/www.consorciresidus.org\/es\/wp-json\/wp\/v2\/pages"}],"about":[{"href":"https:\/\/www.consorciresidus.org\/es\/wp-json\/wp\/v2\/types\/page"}],"author":[{"embeddable":true,"href":"https:\/\/www.consorciresidus.org\/es\/wp-json\/wp\/v2\/users\/1"}],"replies":[{"embeddable":true,"href":"https:\/\/www.consorciresidus.org\/es\/wp-json\/wp\/v2\/comments?post=19557"}],"version-history":[{"count":26,"href":"https:\/\/www.consorciresidus.org\/es\/wp-json\/wp\/v2\/pages\/19557\/revisions"}],"predecessor-version":[{"id":26370,"href":"https:\/\/www.consorciresidus.org\/es\/wp-json\/wp\/v2\/pages\/19557\/revisions\/26370"}],"wp:featuredmedia":[{"embeddable":true,"href":"https:\/\/www.consorciresidus.org\/es\/wp-json\/wp\/v2\/media\/13190"}],"wp:attachment":[{"href":"https:\/\/www.consorciresidus.org\/es\/wp-json\/wp\/v2\/media?parent=19557"}],"curies":[{"name":"wp","href":"https:\/\/api.w.org\/{rel}","templated":true}]}}