 



{"id":20939,"date":"2019-02-12T13:14:06","date_gmt":"2019-02-12T13:14:06","guid":{"rendered":"https:\/\/www.consorciresidus.org\/?page_id=20939"},"modified":"2019-02-12T13:21:18","modified_gmt":"2019-02-12T13:21:18","slug":"recursos-humanos","status":"publish","type":"page","link":"https:\/\/www.consorciresidus.org\/es\/transparencia\/recursos-humanos\/","title":{"rendered":"Recursos humanos"},"content":{"rendered":"[mk_page_section min_height=\u00bb0&#8243; js_vertical_centered=\u00bbtrue\u00bb padding_top=\u00bb50&#8243; sidebar=\u00bbsidebar-1&#8243;][vc_column][mk_font_icons icon=\u00bbmk-moon-people\u00bb color=\u00bb#0079a1&#8243; size=\u00bbx-large\u00bb margin_horizental=\u00bb0&#8243; margin_vertical=\u00bb12&#8243; align=\u00bbcenter\u00bb][mk_ornamental_title font_family=\u00bbnone\u00bb font_size=\u00bb38&#8243; font_weight=\u00bb300&#8243; txt_transform=\u00bbnone\u00bb ornament_style=\u00bbnorman-single\u00bb ornament_color=\u00bb#c1c1c1&#8243; margin_top=\u00bb-15&#8243; margin_bottom=\u00bb5&#8243;]Recursos humanos[\/mk_ornamental_title][vc_column_text align=\u00bbcenter\u00bb css=\u00bb.vc_custom_1549974823215{margin-bottom: 0px !important;}\u00bb]<span style=\"color: #999999;\">Institucional y organizativa<\/span>[\/vc_column_text][\/vc_column][\/mk_page_section][mk_page_section section_layout=\u00bbright\u00bb el_class=\u00bbborde-verde\u00bb sidebar=\u00bbsidebar-4&#8243;][vc_column][vc_row_inner][vc_column_inner][vc_column_text css=\u00bb.vc_custom_1549974832977{margin-bottom: 0px !important;}\u00bb]<div class=\"dataset-content\">   \r\n             \r\n       <h3 class=\"dataset-heading\">\r\n               <a href=\"https:\/\/www.consorciresidus.org\/es\/download\/Aprovacio-plantilla-personal-AG_4-06072023.pdf\" target=\"_blank\" title=\"Download Aprovaci\u00f3 Plantilla Personal AG 4 06072023\"><img decoding=\"async\" align=\"middle\" src=\"https:\/\/www.consorciresidus.org\/wp-content\/images\/fileicons\/pdf.png\" alt=\"Aprovaci\u00f3 Plantilla Personal AG 4 06072023\" \/><\/a>\r\n               <a class=\"titulo\" href=\"https:\/\/www.consorciresidus.org\/es\/download\/Aprovacio-plantilla-personal-AG_4-06072023.pdf\" title=\"Download Aprovaci\u00f3 Plantilla Personal AG 4 06072023\" target=\"_blank\" >Aprovaci\u00f3 Plantilla Personal AG 4 06072023<\/a>\r\n                <span class=\"recent-views\">22 junio, 2023<\/span>\r\n             \r\n       <\/h3>\r\n\r\n       <div class=\"notes\">        \r\n                     <p class=\"dataset-organization\"><\/p>  \r\n                     <span class=\"peso\">0.5 MiB<\/span>\r\n       <\/div>\r\n      \r\n     \r\n<\/div>\r\n\r\n<div class=\"dataset-content\">   \r\n             \r\n       <h3 class=\"dataset-heading\">\r\n               <a href=\"https:\/\/www.consorciresidus.org\/es\/download\/institucional_y_organizativa\/recursos_humanos\/Resolucio-aprovacio-i-constitucio-borsa-de-treball-deducadors-ambientals..pdf\" target=\"_blank\" title=\"Download Resoluci\u00f3n Aprobaci\u00f3n Y Constituci\u00f3n Bolsa De Trabajo De educadores Ambientales.\"><img decoding=\"async\" align=\"middle\" src=\"https:\/\/www.consorciresidus.org\/wp-content\/images\/fileicons\/pdf.png\" alt=\"Resoluci\u00f3n Aprobaci\u00f3n Y Constituci\u00f3n Bolsa De Trabajo De educadores Ambientales.\" \/><\/a>\r\n               <a class=\"titulo\" href=\"https:\/\/www.consorciresidus.org\/es\/download\/institucional_y_organizativa\/recursos_humanos\/Resolucio-aprovacio-i-constitucio-borsa-de-treball-deducadors-ambientals..pdf\" title=\"Download Resoluci\u00f3n Aprobaci\u00f3n Y Constituci\u00f3n Bolsa De Trabajo De educadores Ambientales.\" target=\"_blank\" >Resoluci\u00f3n Aprobaci\u00f3n Y Constituci\u00f3n Bolsa De Trabajo De educadores Ambientales.<\/a>\r\n                <span class=\"recent-views\">26 diciembre, 2022<\/span>\r\n             \r\n       <\/h3>\r\n\r\n       <div class=\"notes\">        \r\n                     <p class=\"dataset-organization\"><\/p>  \r\n                     <span class=\"peso\">0.6 MiB<\/span>\r\n       <\/div>\r\n      \r\n     \r\n<\/div>\r\n\r\n<div class=\"dataset-content\">   \r\n             \r\n       <h3 class=\"dataset-heading\">\r\n               <a href=\"https:\/\/www.consorciresidus.org\/es\/download\/ANUNCI-LLISTA-DEFINITIVA-TRIBUNAL-VALORACIO-I-DATA-DEXAMEN-EDUCADOR-AMBIENTAL_3.pdf\" target=\"_blank\" title=\"Download ANUNCIO LISTA DEFINITIVA, TRIBUNAL VALORACI\u00d3N Y FECHA DE EXAMEN EDUCADOR AMBIENTAL\"><img decoding=\"async\" align=\"middle\" src=\"https:\/\/www.consorciresidus.org\/wp-content\/images\/fileicons\/pdf.png\" alt=\"ANUNCIO LISTA DEFINITIVA, TRIBUNAL VALORACI\u00d3N Y FECHA DE EXAMEN EDUCADOR AMBIENTAL\" \/><\/a>\r\n               <a class=\"titulo\" href=\"https:\/\/www.consorciresidus.org\/es\/download\/ANUNCI-LLISTA-DEFINITIVA-TRIBUNAL-VALORACIO-I-DATA-DEXAMEN-EDUCADOR-AMBIENTAL_3.pdf\" title=\"Download ANUNCIO LISTA DEFINITIVA, TRIBUNAL VALORACI\u00d3N Y FECHA DE EXAMEN EDUCADOR AMBIENTAL\" target=\"_blank\" >ANUNCIO LISTA DEFINITIVA, TRIBUNAL VALORACI\u00d3N Y FECHA DE EXAMEN EDUCADOR AMBIENTAL<\/a>\r\n                <span class=\"recent-views\">16 noviembre, 2022<\/span>\r\n             \r\n       <\/h3>\r\n\r\n       <div class=\"notes\">        \r\n                     <p class=\"dataset-organization\"><\/p>  \r\n                     <span class=\"peso\">0.4 MiB<\/span>\r\n       <\/div>\r\n      \r\n     \r\n<\/div>\r\n\r\n<div class=\"dataset-content\">   \r\n             \r\n       <h3 class=\"dataset-heading\">\r\n               <a href=\"https:\/\/www.consorciresidus.org\/es\/download\/institucional_y_organizativa\/recursos_humanos\/Resolucio-de-presidencia-de-llista-definitva-dadmos-data-dexamen-i-designacio-del-tribunal-borsa-de-Oficial-Compostador-.pdf\" target=\"_blank\" title=\"Download Resoluci\u00f3n de presidencia de lista definitiva de admitidos, fecha de examen y designaci\u00f3n del tribunal bolsa de Oficial Compostador\"><img decoding=\"async\" align=\"middle\" src=\"https:\/\/www.consorciresidus.org\/wp-content\/images\/fileicons\/pdf.png\" alt=\"Resoluci\u00f3n de presidencia de lista definitiva de admitidos, fecha de examen y designaci\u00f3n del tribunal bolsa de Oficial Compostador\" \/><\/a>\r\n               <a class=\"titulo\" href=\"https:\/\/www.consorciresidus.org\/es\/download\/institucional_y_organizativa\/recursos_humanos\/Resolucio-de-presidencia-de-llista-definitva-dadmos-data-dexamen-i-designacio-del-tribunal-borsa-de-Oficial-Compostador-.pdf\" title=\"Download Resoluci\u00f3n de presidencia de lista definitiva de admitidos, fecha de examen y designaci\u00f3n del tribunal bolsa de Oficial Compostador\" target=\"_blank\" >Resoluci\u00f3n de presidencia de lista definitiva de admitidos, fecha de examen y designaci\u00f3n del tribunal bolsa de Oficial Compostador<\/a>\r\n                <span class=\"recent-views\">5 septiembre, 2022<\/span>\r\n             \r\n       <\/h3>\r\n\r\n       <div class=\"notes\">        \r\n                     <p class=\"dataset-organization\"><\/p>  \r\n                     <span class=\"peso\">0.6 MiB<\/span>\r\n       <\/div>\r\n      \r\n     \r\n<\/div>\r\n\r\n<div class=\"dataset-content\">   \r\n             \r\n       <h3 class=\"dataset-heading\">\r\n               <a href=\"https:\/\/www.consorciresidus.org\/es\/download\/BASES-CONVOCATORIA-EDUCADOR-AMBIENTAL1_DILIGENCIADES_3.pdf\" target=\"_blank\" title=\"Download BASES CONVOCATORIA EDUCADOR AMBIENTAL1 DILIGENCIADES\"><img decoding=\"async\" align=\"middle\" src=\"https:\/\/www.consorciresidus.org\/wp-content\/images\/fileicons\/pdf.png\" alt=\"BASES CONVOCATORIA EDUCADOR AMBIENTAL1 DILIGENCIADES\" \/><\/a>\r\n               <a class=\"titulo\" href=\"https:\/\/www.consorciresidus.org\/es\/download\/BASES-CONVOCATORIA-EDUCADOR-AMBIENTAL1_DILIGENCIADES_3.pdf\" title=\"Download BASES CONVOCATORIA EDUCADOR AMBIENTAL1 DILIGENCIADES\" target=\"_blank\" >BASES CONVOCATORIA EDUCADOR AMBIENTAL1 DILIGENCIADES<\/a>\r\n                <span class=\"recent-views\">29 agosto, 2022<\/span>\r\n             \r\n       <\/h3>\r\n\r\n       <div class=\"notes\">        \r\n                     <p class=\"dataset-organization\"><\/p>  \r\n                     <span class=\"peso\">0.5 MiB<\/span>\r\n       <\/div>\r\n      \r\n     \r\n<\/div>\r\n\r\n<div class=\"dataset-content\">   \r\n             \r\n       <h3 class=\"dataset-heading\">\r\n               <a href=\"https:\/\/www.consorciresidus.org\/es\/download\/PUBLICACIO-BOP-BASES-EDUCADOR-AMBIENTAL-NUM-165-DE-29082022.pdf\" target=\"_blank\" title=\"Download PUBLICACI\u00d3 BOP BASES EDUCADOR AMBIENTAL N\u00daM 165 DE 29082022\"><img decoding=\"async\" align=\"middle\" src=\"https:\/\/www.consorciresidus.org\/wp-content\/images\/fileicons\/pdf.png\" alt=\"PUBLICACI\u00d3 BOP BASES EDUCADOR AMBIENTAL N\u00daM 165 DE 29082022\" \/><\/a>\r\n               <a class=\"titulo\" href=\"https:\/\/www.consorciresidus.org\/es\/download\/PUBLICACIO-BOP-BASES-EDUCADOR-AMBIENTAL-NUM-165-DE-29082022.pdf\" title=\"Download PUBLICACI\u00d3 BOP BASES EDUCADOR AMBIENTAL N\u00daM 165 DE 29082022\" target=\"_blank\" >PUBLICACI\u00d3 BOP BASES EDUCADOR AMBIENTAL N\u00daM 165 DE 29082022<\/a>\r\n                <span class=\"recent-views\">29 agosto, 2022<\/span>\r\n             \r\n       <\/h3>\r\n\r\n       <div class=\"notes\">        \r\n                     <p class=\"dataset-organization\"><\/p>  \r\n                     <span class=\"peso\">2.5 MiB<\/span>\r\n       <\/div>\r\n      \r\n     \r\n<\/div>\r\n\r\n<span aria-label=\"P\u00e1gina 1\" aria-current=\"page\" class=\"page-numbers current\">1<\/span>\n<a aria-label=\"P\u00e1gina 2\" class=\"page-numbers\" href=\"\/es\/wp-json\/wp\/v2\/pages\/20939?wpfb_list_page=2\">2<\/a>\n<a aria-label=\"P\u00e1gina 3\" class=\"page-numbers\" href=\"\/es\/wp-json\/wp\/v2\/pages\/20939?wpfb_list_page=3\">3<\/a>\n<span class=\"page-numbers dots\">&hellip;<\/span>\n<a aria-label=\"P\u00e1gina 11\" class=\"page-numbers\" href=\"\/es\/wp-json\/wp\/v2\/pages\/20939?wpfb_list_page=11\">11<\/a>\n<a class=\"next page-numbers\" href=\"\/es\/wp-json\/wp\/v2\/pages\/20939?wpfb_list_page=2\">Siguiente &raquo;<\/a>[\/vc_column_text][\/vc_column_inner][\/vc_row_inner][\/vc_column][\/mk_page_section]\n<div style=\"clear:both;\"><\/div>","protected":false},"excerpt":{"rendered":"<p>[mk_page_section min_height=\u00bb0&#8243; js_vertical_centered=\u00bbtrue\u00bb padding_top=\u00bb50&#8243; sidebar=\u00bbsidebar-1&#8243;][vc_column][mk_font_icons icon=\u00bbmk-moon-people\u00bb color=\u00bb#0079a1&#8243; size=\u00bbx-large\u00bb margin_horizental=\u00bb0&#8243; margin_vertical=\u00bb12&#8243; align=\u00bbcenter\u00bb][mk_ornamental_title font_family=\u00bbnone\u00bb font_size=\u00bb38&#8243; font_weight=\u00bb300&#8243; txt_transform=\u00bbnone\u00bb ornament_style=\u00bbnorman-single\u00bb ornament_color=\u00bb#c1c1c1&#8243; margin_top=\u00bb-15&#8243; margin_bottom=\u00bb5&#8243;]Recursos humanos[\/mk_ornamental_title][vc_column_text align=\u00bbcenter\u00bb css=\u00bb.vc_custom_1549974823215{margin-bottom: 0px !important;}\u00bb]Institucional y organizativa[\/vc_column_text][\/vc_column][\/mk_page_section][mk_page_section [&hellip;]<\/p>\n","protected":false},"author":1,"featured_media":0,"parent":14679,"menu_order":0,"comment_status":"closed","ping_status":"closed","template":"","meta":{"footnotes":""},"class_list":["post-20939","page","type-page","status-publish","hentry"],"yoast_head":"<!-- This site is optimized with the Yoast SEO plugin v26.0 - https:\/\/yoast.com\/wordpress\/plugins\/seo\/ -->\n<title>Recursos humanos - Consorcio de Residuos V5 - COR<\/title>\n<meta name=\"robots\" content=\"index, follow, max-snippet:-1, max-image-preview:large, max-video-preview:-1\" \/>\n<link rel=\"canonical\" href=\"https:\/\/www.consorciresidus.org\/es\/transparencia\/recursos-humanos\/\" \/>\n<meta property=\"og:locale\" content=\"es_ES\" \/>\n<meta property=\"og:type\" content=\"article\" \/>\n<meta property=\"og:title\" content=\"Recursos humanos - Consorcio de Residuos V5 - COR\" \/>\n<meta property=\"og:description\" content=\"[mk_page_section min_height=\u00bb0&#8243; js_vertical_centered=\u00bbtrue\u00bb padding_top=\u00bb50&#8243; sidebar=\u00bbsidebar-1&#8243;][vc_column][mk_font_icons icon=\u00bbmk-moon-people\u00bb color=\u00bb#0079a1&#8243; size=\u00bbx-large\u00bb margin_horizental=\u00bb0&#8243; margin_vertical=\u00bb12&#8243; align=\u00bbcenter\u00bb][mk_ornamental_title font_family=\u00bbnone\u00bb font_size=\u00bb38&#8243; font_weight=\u00bb300&#8243; txt_transform=\u00bbnone\u00bb ornament_style=\u00bbnorman-single\u00bb ornament_color=\u00bb#c1c1c1&#8243; margin_top=\u00bb-15&#8243; margin_bottom=\u00bb5&#8243;]Recursos humanos[\/mk_ornamental_title][vc_column_text align=\u00bbcenter\u00bb css=\u00bb.vc_custom_1549974823215{margin-bottom: 0px !important;}\u00bb]Institucional y organizativa[\/vc_column_text][\/vc_column][\/mk_page_section][mk_page_section [&hellip;]\" \/>\n<meta property=\"og:url\" content=\"https:\/\/www.consorciresidus.org\/es\/transparencia\/recursos-humanos\/\" \/>\n<meta property=\"og:site_name\" content=\"Consorcio de Residuos V5 - COR\" \/>\n<meta property=\"article:modified_time\" content=\"2019-02-12T13:21:18+00:00\" \/>\n<meta name=\"twitter:card\" content=\"summary_large_image\" \/>\n<meta name=\"twitter:label1\" content=\"Tiempo de lectura\" \/>\n\t<meta name=\"twitter:data1\" content=\"1 minuto\" \/>\n<script type=\"application\/ld+json\" class=\"yoast-schema-graph\">{\"@context\":\"https:\/\/schema.org\",\"@graph\":[{\"@type\":\"WebPage\",\"@id\":\"https:\/\/www.consorciresidus.org\/es\/transparencia\/recursos-humanos\/\",\"url\":\"https:\/\/www.consorciresidus.org\/es\/transparencia\/recursos-humanos\/\",\"name\":\"Recursos humanos - Consorcio de Residuos V5 - COR\",\"isPartOf\":{\"@id\":\"https:\/\/www.consorciresidus.org\/#website\"},\"datePublished\":\"2019-02-12T13:14:06+00:00\",\"dateModified\":\"2019-02-12T13:21:18+00:00\",\"breadcrumb\":{\"@id\":\"https:\/\/www.consorciresidus.org\/es\/transparencia\/recursos-humanos\/#breadcrumb\"},\"inLanguage\":\"es\",\"potentialAction\":[{\"@type\":\"ReadAction\",\"target\":[\"https:\/\/www.consorciresidus.org\/es\/transparencia\/recursos-humanos\/\"]}]},{\"@type\":\"BreadcrumbList\",\"@id\":\"https:\/\/www.consorciresidus.org\/es\/transparencia\/recursos-humanos\/#breadcrumb\",\"itemListElement\":[{\"@type\":\"ListItem\",\"position\":1,\"name\":\"Portal de transparencia y datos abiertos\",\"item\":\"https:\/\/www.consorciresidus.org\/es\/transparencia\/\"},{\"@type\":\"ListItem\",\"position\":2,\"name\":\"Recursos humanos\"}]},{\"@type\":\"WebSite\",\"@id\":\"https:\/\/www.consorciresidus.org\/#website\",\"url\":\"https:\/\/www.consorciresidus.org\/\",\"name\":\"Consorcio de Residuos V5 - COR\",\"description\":\"Consorcio para la gesti\u00f3n de residuos\",\"potentialAction\":[{\"@type\":\"SearchAction\",\"target\":{\"@type\":\"EntryPoint\",\"urlTemplate\":\"https:\/\/www.consorciresidus.org\/?s={search_term_string}\"},\"query-input\":{\"@type\":\"PropertyValueSpecification\",\"valueRequired\":true,\"valueName\":\"search_term_string\"}}],\"inLanguage\":\"es\"}]}<\/script>\n<!-- \/ Yoast SEO plugin. -->","yoast_head_json":{"title":"Recursos humanos - Consorcio de Residuos V5 - COR","robots":{"index":"index","follow":"follow","max-snippet":"max-snippet:-1","max-image-preview":"max-image-preview:large","max-video-preview":"max-video-preview:-1"},"canonical":"https:\/\/www.consorciresidus.org\/es\/transparencia\/recursos-humanos\/","og_locale":"es_ES","og_type":"article","og_title":"Recursos humanos - Consorcio de Residuos V5 - COR","og_description":"[mk_page_section min_height=\u00bb0&#8243; js_vertical_centered=\u00bbtrue\u00bb padding_top=\u00bb50&#8243; sidebar=\u00bbsidebar-1&#8243;][vc_column][mk_font_icons icon=\u00bbmk-moon-people\u00bb color=\u00bb#0079a1&#8243; size=\u00bbx-large\u00bb margin_horizental=\u00bb0&#8243; margin_vertical=\u00bb12&#8243; align=\u00bbcenter\u00bb][mk_ornamental_title font_family=\u00bbnone\u00bb font_size=\u00bb38&#8243; font_weight=\u00bb300&#8243; txt_transform=\u00bbnone\u00bb ornament_style=\u00bbnorman-single\u00bb ornament_color=\u00bb#c1c1c1&#8243; margin_top=\u00bb-15&#8243; margin_bottom=\u00bb5&#8243;]Recursos humanos[\/mk_ornamental_title][vc_column_text align=\u00bbcenter\u00bb css=\u00bb.vc_custom_1549974823215{margin-bottom: 0px !important;}\u00bb]Institucional y organizativa[\/vc_column_text][\/vc_column][\/mk_page_section][mk_page_section [&hellip;]","og_url":"https:\/\/www.consorciresidus.org\/es\/transparencia\/recursos-humanos\/","og_site_name":"Consorcio de Residuos V5 - COR","article_modified_time":"2019-02-12T13:21:18+00:00","twitter_card":"summary_large_image","twitter_misc":{"Tiempo de lectura":"1 minuto"},"schema":{"@context":"https:\/\/schema.org","@graph":[{"@type":"WebPage","@id":"https:\/\/www.consorciresidus.org\/es\/transparencia\/recursos-humanos\/","url":"https:\/\/www.consorciresidus.org\/es\/transparencia\/recursos-humanos\/","name":"Recursos humanos - Consorcio de Residuos V5 - COR","isPartOf":{"@id":"https:\/\/www.consorciresidus.org\/#website"},"datePublished":"2019-02-12T13:14:06+00:00","dateModified":"2019-02-12T13:21:18+00:00","breadcrumb":{"@id":"https:\/\/www.consorciresidus.org\/es\/transparencia\/recursos-humanos\/#breadcrumb"},"inLanguage":"es","potentialAction":[{"@type":"ReadAction","target":["https:\/\/www.consorciresidus.org\/es\/transparencia\/recursos-humanos\/"]}]},{"@type":"BreadcrumbList","@id":"https:\/\/www.consorciresidus.org\/es\/transparencia\/recursos-humanos\/#breadcrumb","itemListElement":[{"@type":"ListItem","position":1,"name":"Portal de transparencia y datos abiertos","item":"https:\/\/www.consorciresidus.org\/es\/transparencia\/"},{"@type":"ListItem","position":2,"name":"Recursos humanos"}]},{"@type":"WebSite","@id":"https:\/\/www.consorciresidus.org\/#website","url":"https:\/\/www.consorciresidus.org\/","name":"Consorcio de Residuos V5 - COR","description":"Consorcio para la gesti\u00f3n de residuos","potentialAction":[{"@type":"SearchAction","target":{"@type":"EntryPoint","urlTemplate":"https:\/\/www.consorciresidus.org\/?s={search_term_string}"},"query-input":{"@type":"PropertyValueSpecification","valueRequired":true,"valueName":"search_term_string"}}],"inLanguage":"es"}]}},"_links":{"self":[{"href":"https:\/\/www.consorciresidus.org\/es\/wp-json\/wp\/v2\/pages\/20939","targetHints":{"allow":["GET"]}}],"collection":[{"href":"https:\/\/www.consorciresidus.org\/es\/wp-json\/wp\/v2\/pages"}],"about":[{"href":"https:\/\/www.consorciresidus.org\/es\/wp-json\/wp\/v2\/types\/page"}],"author":[{"embeddable":true,"href":"https:\/\/www.consorciresidus.org\/es\/wp-json\/wp\/v2\/users\/1"}],"replies":[{"embeddable":true,"href":"https:\/\/www.consorciresidus.org\/es\/wp-json\/wp\/v2\/comments?post=20939"}],"version-history":[{"count":2,"href":"https:\/\/www.consorciresidus.org\/es\/wp-json\/wp\/v2\/pages\/20939\/revisions"}],"predecessor-version":[{"id":20944,"href":"https:\/\/www.consorciresidus.org\/es\/wp-json\/wp\/v2\/pages\/20939\/revisions\/20944"}],"up":[{"embeddable":true,"href":"https:\/\/www.consorciresidus.org\/es\/wp-json\/wp\/v2\/pages\/14679"}],"wp:attachment":[{"href":"https:\/\/www.consorciresidus.org\/es\/wp-json\/wp\/v2\/media?parent=20939"}],"curies":[{"name":"wp","href":"https:\/\/api.w.org\/{rel}","templated":true}]}}